{"id":12415,"date":"2025-06-07T07:05:12","date_gmt":"2025-06-07T05:05:12","guid":{"rendered":"https:\/\/dr-montanari.de\/?page_id=12415"},"modified":"2026-01-22T19:13:31","modified_gmt":"2026-01-22T18:13:31","slug":"hair-loss","status":"publish","type":"page","link":"https:\/\/dr-montanari.de\/en\/leistungsspektrum\/gesicht\/haarausfall\/","title":{"rendered":"Hair loss"},"content":{"rendered":"\t\t<div data-elementor-type=\"wp-page\" data-elementor-id=\"12415\" class=\"elementor elementor-12415\" data-elementor-post-type=\"page\">\n\t\t\t\t\t\t<section class=\"elementor-section elementor-top-section elementor-element elementor-element-574be58 elementor-section-full_width elementor-reverse-tablet elementor-reverse-mobile elementor-section-height-default elementor-section-height-default\" data-id=\"574be58\" data-element_type=\"section\" data-e-type=\"section\">\n\t\t\t\t\t\t\t<div class=\"elementor-background-overlay\"><\/div>\n\t\t\t\t\t\t\t<div class=\"elementor-container elementor-column-gap-default\">\n\t\t\t\t\t<div class=\"elementor-column elementor-col-50 elementor-top-column elementor-element elementor-element-d8e6487\" data-id=\"d8e6487\" data-element_type=\"column\" data-e-type=\"column\">\n\t\t\t<div class=\"elementor-widget-wrap elementor-element-populated\">\n\t\t\t\t\t\t<div class=\"elementor-element elementor-element-a54ac45 elementor-widget elementor-widget-heading\" data-id=\"a54ac45\" data-element_type=\"widget\" data-e-type=\"widget\" data-widget_type=\"heading.default\">\n\t\t\t\t\t<h1 class=\"elementor-heading-title elementor-size-default\">Behandlung von Haarausfall mit der PRP-Methode<\/h1>\t\t\t\t<\/div>\n\t\t\t\t<div class=\"elementor-element elementor-element-87f5f84 elementor-widget elementor-widget-text-editor\" data-id=\"87f5f84\" data-element_type=\"widget\" data-e-type=\"widget\" data-widget_type=\"text-editor.default\">\n\t\t\t\t\t\t\t\t\t<p style=\"text-align: center;\">Wie die PRP-Methode bei Haarausfall helfen kann<\/p>\t\t\t\t\t\t\t\t<\/div>\n\t\t\t\t\t<\/div>\n\t\t<\/div>\n\t\t\t\t<div class=\"elementor-column elementor-col-50 elementor-top-column elementor-element elementor-element-57e354d\" data-id=\"57e354d\" data-element_type=\"column\" data-e-type=\"column\">\n\t\t\t<div class=\"elementor-widget-wrap elementor-element-populated\">\n\t\t\t\t\t\t<div class=\"elementor-element elementor-element-61817ac elementor-widget elementor-widget-image\" data-id=\"61817ac\" data-element_type=\"widget\" data-e-type=\"widget\" data-widget_type=\"image.default\">\n\t\t\t\t\t\t\t\t\t\t\t\t\t\t\t<img fetchpriority=\"high\" decoding=\"async\" width=\"750\" height=\"483\" src=\"https:\/\/dr-montanari.de\/wp-content\/uploads\/AdobeStock_767732987_augenbrauenkorrektur.avif\" class=\"attachment-full size-full wp-image-10409\" alt=\"Augenbrauenlifting\" srcset=\"https:\/\/dr-montanari.de\/wp-content\/uploads\/AdobeStock_767732987_augenbrauenkorrektur.avif 750w, https:\/\/dr-montanari.de\/wp-content\/uploads\/AdobeStock_767732987_augenbrauenkorrektur-300x193.avif 300w, https:\/\/dr-montanari.de\/wp-content\/uploads\/AdobeStock_767732987_augenbrauenkorrektur-18x12.png 18w\" sizes=\"(max-width: 750px) 100vw, 750px\" \/>\t\t\t\t\t\t\t\t\t\t\t\t\t\t\t<\/div>\n\t\t\t\t\t<\/div>\n\t\t<\/div>\n\t\t\t\t\t<\/div>\n\t\t<\/section>\n\t\t\t\t<section class=\"elementor-section elementor-top-section elementor-element elementor-element-a563833 elementor-section-boxed elementor-section-height-default elementor-section-height-default\" data-id=\"a563833\" data-element_type=\"section\" data-e-type=\"section\">\n\t\t\t\t\t\t<div class=\"elementor-container elementor-column-gap-default\">\n\t\t\t\t\t<div class=\"elementor-column elementor-col-100 elementor-top-column elementor-element elementor-element-1ab2197\" data-id=\"1ab2197\" data-element_type=\"column\" data-e-type=\"column\">\n\t\t\t<div class=\"elementor-widget-wrap elementor-element-populated\">\n\t\t\t\t\t\t<div class=\"elementor-element elementor-element-316c74f elementor-toc--minimized-on-tablet elementor-widget elementor-widget-table-of-contents\" data-id=\"316c74f\" data-element_type=\"widget\" data-e-type=\"widget\" data-settings=\"{&quot;headings_by_tags&quot;:[&quot;h2&quot;],&quot;exclude_headings_by_selector&quot;:[],&quot;no_headings_message&quot;:&quot;Es wurden keine \\u00dcberschriften auf dieser Seite gefunden.&quot;,&quot;marker_view&quot;:&quot;numbers&quot;,&quot;minimize_box&quot;:&quot;yes&quot;,&quot;minimized_on&quot;:&quot;tablet&quot;,&quot;hierarchical_view&quot;:&quot;yes&quot;,&quot;min_height&quot;:{&quot;unit&quot;:&quot;px&quot;,&quot;size&quot;:&quot;&quot;,&quot;sizes&quot;:[]},&quot;min_height_tablet&quot;:{&quot;unit&quot;:&quot;px&quot;,&quot;size&quot;:&quot;&quot;,&quot;sizes&quot;:[]},&quot;min_height_mobile&quot;:{&quot;unit&quot;:&quot;px&quot;,&quot;size&quot;:&quot;&quot;,&quot;sizes&quot;:[]}}\" data-widget_type=\"table-of-contents.default\">\n\t\t\t\t\t\t\t\t\t<div class=\"elementor-toc__header\">\n\t\t\t\t\t\t<h4 class=\"elementor-toc__header-title\">\n\t\t\t\tInhalts\u00fcbersicht\t\t\t<\/h4>\n\t\t\t\t\t\t\t\t\t\t<div class=\"elementor-toc__toggle-button elementor-toc__toggle-button--expand\" role=\"button\" tabindex=\"0\" aria-controls=\"elementor-toc__316c74f\" aria-expanded=\"true\" aria-label=\"Open table of contents\"><i aria-hidden=\"true\" class=\"fas fa-chevron-down\"><\/i><\/div>\n\t\t\t\t<div class=\"elementor-toc__toggle-button elementor-toc__toggle-button--collapse\" role=\"button\" tabindex=\"0\" aria-controls=\"elementor-toc__316c74f\" aria-expanded=\"true\" aria-label=\"Close table of contents\"><i aria-hidden=\"true\" class=\"fas fa-chevron-up\"><\/i><\/div>\n\t\t\t\t\t<\/div>\n\t\t\t\t<div id=\"elementor-toc__316c74f\" class=\"elementor-toc__body\">\n\t\t\t<div class=\"elementor-toc__spinner-container\">\n\t\t\t\t<i class=\"elementor-toc__spinner eicon-animation-spin eicon-loading\" aria-hidden=\"true\"><\/i>\t\t\t<\/div>\n\t\t<\/div>\n\t\t\t\t\t\t<\/div>\n\t\t\t\t\t<\/div>\n\t\t<\/div>\n\t\t\t\t\t<\/div>\n\t\t<\/section>\n\t\t\t\t<section class=\"elementor-section elementor-top-section elementor-element elementor-element-2772c8c elementor-section-boxed elementor-section-height-default elementor-section-height-default\" data-id=\"2772c8c\" data-element_type=\"section\" data-e-type=\"section\">\n\t\t\t\t\t\t<div class=\"elementor-container elementor-column-gap-default\">\n\t\t\t\t\t<div class=\"elementor-column elementor-col-100 elementor-top-column elementor-element elementor-element-2df109e\" data-id=\"2df109e\" data-element_type=\"column\" data-e-type=\"column\">\n\t\t\t<div class=\"elementor-widget-wrap elementor-element-populated\">\n\t\t\t\t\t\t<div class=\"elementor-element elementor-element-302e58f elementor-widget elementor-widget-heading\" data-id=\"302e58f\" data-element_type=\"widget\" data-e-type=\"widget\" data-widget_type=\"heading.default\">\n\t\t\t\t\t<h2 class=\"elementor-heading-title elementor-size-default\">Was ist die PRP-Methode?<\/h2>\t\t\t\t<\/div>\n\t\t\t\t<div class=\"elementor-element elementor-element-d42ce43 elementor-widget elementor-widget-text-editor\" data-id=\"d42ce43\" data-element_type=\"widget\" data-e-type=\"widget\" data-widget_type=\"text-editor.default\">\n\t\t\t\t\t\t\t\t\t<p>Die PRP-Methode (Pl\u00e4ttchenreiches Plasma) stellt eine moderne Behandlungsm\u00f6glichkeit zur Bek\u00e4mpfung von Haarausfall dar. Diese Therapie nutzt die nat\u00fcrlichen regenerativen Eigenschaften des eigenen Blutes, indem eine geringe Menge Blut entnommen, aufbereitet und anschlie\u00dfend in die Kopfhaut injiziert wird, um das Haarwachstum zu stimulieren.<\/p>\t\t\t\t\t\t\t\t<\/div>\n\t\t\t\t\t<\/div>\n\t\t<\/div>\n\t\t\t\t\t<\/div>\n\t\t<\/section>\n\t\t\t\t<section class=\"elementor-section elementor-top-section elementor-element elementor-element-9ce835e elementor-section-boxed elementor-section-height-default elementor-section-height-default\" data-id=\"9ce835e\" data-element_type=\"section\" data-e-type=\"section\">\n\t\t\t\t\t\t<div class=\"elementor-container elementor-column-gap-default\">\n\t\t\t\t\t<div class=\"elementor-column elementor-col-100 elementor-top-column elementor-element elementor-element-baf8d92\" data-id=\"baf8d92\" data-element_type=\"column\" data-e-type=\"column\">\n\t\t\t<div class=\"elementor-widget-wrap elementor-element-populated\">\n\t\t\t\t\t\t<div class=\"elementor-element elementor-element-03aa6d3 elementor-widget elementor-widget-heading\" data-id=\"03aa6d3\" data-element_type=\"widget\" data-e-type=\"widget\" data-widget_type=\"heading.default\">\n\t\t\t\t\t<h2 class=\"elementor-heading-title elementor-size-default\">Wie funktioniert PRP?<\/h2>\t\t\t\t<\/div>\n\t\t\t\t<div class=\"elementor-element elementor-element-85d7750 elementor-widget elementor-widget-text-editor\" data-id=\"85d7750\" data-element_type=\"widget\" data-e-type=\"widget\" data-widget_type=\"text-editor.default\">\n\t\t\t\t\t\t\t\t\t<p>Die PRP-Methode funktioniert, indem zun\u00e4chst eine kleine Menge Blut entnommen und in einer Zentrifuge aufbereitet wird, um das pl\u00e4ttchenreiche Plasma mit einer hohen Konzentration an Blutpl\u00e4ttchen und Wachstumsfaktoren zu gewinnen. Die im Plasma enthaltenen Wachstumsfaktoren stimulieren die Haarfollikel und verbessern die Durchblutung der Kopfhaut.<\/p><p>Die Wachstumsfaktoren wirken als Signalproteine, die nach der Freisetzung im Gewebe gezielt Zellen wie Fibroblasten und Stammzellen aktivieren, indem sie an deren Zelloberfl\u00e4chenrezeptoren andocken und so die Zellteilung (Proliferation) sowie die Bildung neuer Zellen im Gewebe anregen, wodurch das Haarwachstum unterst\u00fctzt, und weiterer Haarausfall reduziert werden kann.<\/p>\t\t\t\t\t\t\t\t<\/div>\n\t\t\t\t\t<\/div>\n\t\t<\/div>\n\t\t\t\t\t<\/div>\n\t\t<\/section>\n\t\t\t\t<section class=\"elementor-section elementor-top-section elementor-element elementor-element-efafe7b elementor-section-boxed elementor-section-height-default elementor-section-height-default\" data-id=\"efafe7b\" data-element_type=\"section\" data-e-type=\"section\">\n\t\t\t\t\t\t<div class=\"elementor-container elementor-column-gap-default\">\n\t\t\t\t\t<div class=\"elementor-column elementor-col-100 elementor-top-column elementor-element elementor-element-2e83bc1\" data-id=\"2e83bc1\" data-element_type=\"column\" data-e-type=\"column\">\n\t\t\t<div class=\"elementor-widget-wrap elementor-element-populated\">\n\t\t\t\t\t\t<div class=\"elementor-element elementor-element-9dd7ccb elementor-widget elementor-widget-heading\" data-id=\"9dd7ccb\" data-element_type=\"widget\" data-e-type=\"widget\" data-widget_type=\"heading.default\">\n\t\t\t\t\t<h2 class=\"elementor-heading-title elementor-size-default\">F\u00fcr wen ist die PRP-Methode bei Haarausfall geeignet?<\/h2>\t\t\t\t<\/div>\n\t\t\t\t<div class=\"elementor-element elementor-element-9bb7805 elementor-widget elementor-widget-text-editor\" data-id=\"9bb7805\" data-element_type=\"widget\" data-e-type=\"widget\" data-widget_type=\"text-editor.default\">\n\t\t\t\t\t\t\t\t\t<p>Die PRP-Behandlung kann f\u00fcr Frauen und M\u00e4nner empfohlen werden, die unter Haarausfall leiden. Sie ist besonders wirksam bei:<\/p><ul><li>leichtem bis moderatem, anlagebedingtem (androgenetischem) oder diffusem Haarausfall<\/li><li>Erblich bedingtem Haarausfall (androgenetische Alopezie)<\/li><li>Schwachem Haarwachstum<\/li><li>Haarverlust nach stressigen Lebensphasen oder Schwangerschaft und Menopause<\/li><\/ul>\t\t\t\t\t\t\t\t<\/div>\n\t\t\t\t\t<\/div>\n\t\t<\/div>\n\t\t\t\t\t<\/div>\n\t\t<\/section>\n\t\t\t\t<section class=\"elementor-section elementor-top-section elementor-element elementor-element-2bd6a90 elementor-section-boxed elementor-section-height-default elementor-section-height-default\" data-id=\"2bd6a90\" data-element_type=\"section\" data-e-type=\"section\">\n\t\t\t\t\t\t<div class=\"elementor-container elementor-column-gap-default\">\n\t\t\t\t\t<div class=\"elementor-column elementor-col-100 elementor-top-column elementor-element elementor-element-8790e89\" data-id=\"8790e89\" data-element_type=\"column\" data-e-type=\"column\">\n\t\t\t<div class=\"elementor-widget-wrap elementor-element-populated\">\n\t\t\t\t\t\t<div class=\"elementor-element elementor-element-13f4477 elementor-widget elementor-widget-heading\" data-id=\"13f4477\" data-element_type=\"widget\" data-e-type=\"widget\" data-widget_type=\"heading.default\">\n\t\t\t\t\t<h2 class=\"elementor-heading-title elementor-size-default\">Wann ist die Methode ungeeignet?<\/h2>\t\t\t\t<\/div>\n\t\t\t\t<div class=\"elementor-element elementor-element-5553298 elementor-widget elementor-widget-text-editor\" data-id=\"5553298\" data-element_type=\"widget\" data-e-type=\"widget\" data-widget_type=\"text-editor.default\">\n\t\t\t\t\t\t\t\t\t<p>Die PRP-Methode zur Behandlung von Haarausfall ist nicht geeignet f\u00fcr Personen mit Blutgerinnungsst\u00f6rungen, niedrigem Pl\u00e4ttchenwert (Thrombozytopenie), chronischen Lebererkrankungen oder aktiven Infektionen wie Hepatitis, HIV oder Sepsis. Ebenso ist die Methode nicht empfohlen f\u00fcr Patienten mit Krebserkrankungen, Autoimmunerkrankungen, w\u00e4hrend einer Schwangerschaft oder bei Einnahme von blutverd\u00fcnnenden Medikamenten oder Immunsuppressiva.<\/p><p>Dar\u00fcber hinaus zeigt die PRP-Methode keine Wirksamkeit bei kahlen Stellen ohne intakte Haarwurzeln oder bei langj\u00e4hriger Kahlheit.<\/p>\t\t\t\t\t\t\t\t<\/div>\n\t\t\t\t\t<\/div>\n\t\t<\/div>\n\t\t\t\t\t<\/div>\n\t\t<\/section>\n\t\t\t\t<section class=\"elementor-section elementor-top-section elementor-element elementor-element-1ad307b elementor-section-boxed elementor-section-height-default elementor-section-height-default\" data-id=\"1ad307b\" data-element_type=\"section\" data-e-type=\"section\">\n\t\t\t\t\t\t<div class=\"elementor-container elementor-column-gap-default\">\n\t\t\t\t\t<div class=\"elementor-column elementor-col-100 elementor-top-column elementor-element elementor-element-6a81af7\" data-id=\"6a81af7\" data-element_type=\"column\" data-e-type=\"column\">\n\t\t\t<div class=\"elementor-widget-wrap elementor-element-populated\">\n\t\t\t\t\t\t<div class=\"elementor-element elementor-element-88b02df elementor-widget elementor-widget-heading\" data-id=\"88b02df\" data-element_type=\"widget\" data-e-type=\"widget\" data-widget_type=\"heading.default\">\n\t\t\t\t\t<h2 class=\"elementor-heading-title elementor-size-default\">Wie l\u00e4uft die Behandlung ab?<\/h2>\t\t\t\t<\/div>\n\t\t\t\t<div class=\"elementor-element elementor-element-556cb76 elementor-widget elementor-widget-text-editor\" data-id=\"556cb76\" data-element_type=\"widget\" data-e-type=\"widget\" data-widget_type=\"text-editor.default\">\n\t\t\t\t\t\t\t\t\t<p>Grunds\u00e4tzlich besteht die Therapie aus Beratung, Voruntersuchung, Behandlung und Heilung.<\/p><p>Die PRP-Behandlung selbst besteht aus mehreren Schritten:<\/p><ul><li><strong>Blutentnahme:<\/strong> Ein kleiner Teil Ihres Blutes wird entnommen, \u00e4hnlich wie bei einer normalen Blutuntersuchung.<\/li><li><strong>Aufbereitung:<\/strong> Das Blut wird in einer speziellen Zentrifuge verarbeitet, um das pl\u00e4ttchenreiche Plasma zu gewinnen.<\/li><li><strong>Injektion:<\/strong> Das Plasma wird mit feinen Nadeln direkt in die Kopfhaut injiziert.<\/li><\/ul><p>\u00a0<\/p><p>Die gesamte Behandlung dauert etwa 60\u201390 Minuten.<\/p>\t\t\t\t\t\t\t\t<\/div>\n\t\t\t\t\t<\/div>\n\t\t<\/div>\n\t\t\t\t\t<\/div>\n\t\t<\/section>\n\t\t\t\t<section class=\"elementor-section elementor-top-section elementor-element elementor-element-d2827e9 elementor-section-boxed elementor-section-height-default elementor-section-height-default\" data-id=\"d2827e9\" data-element_type=\"section\" data-e-type=\"section\">\n\t\t\t\t\t\t<div class=\"elementor-container elementor-column-gap-default\">\n\t\t\t\t\t<div class=\"elementor-column elementor-col-100 elementor-top-column elementor-element elementor-element-fa35d46\" data-id=\"fa35d46\" data-element_type=\"column\" data-e-type=\"column\">\n\t\t\t<div class=\"elementor-widget-wrap elementor-element-populated\">\n\t\t\t\t\t\t<div class=\"elementor-element elementor-element-f03983b elementor-widget elementor-widget-heading\" data-id=\"f03983b\" data-element_type=\"widget\" data-e-type=\"widget\" data-widget_type=\"heading.default\">\n\t\t\t\t\t<h2 class=\"elementor-heading-title elementor-size-default\">Was sind die Vorteile von PRP?<\/h2>\t\t\t\t<\/div>\n\t\t\t\t<div class=\"elementor-element elementor-element-6c29510 elementor-widget elementor-widget-text-editor\" data-id=\"6c29510\" data-element_type=\"widget\" data-e-type=\"widget\" data-widget_type=\"text-editor.default\">\n\t\t\t\t\t\t\t\t\t<p>Die PRP-Methode bietet einige Vorteile:<\/p><ul><li>Nat\u00fcrliche Behandlung ohne Chemikalien<\/li><li>Sie ist minimalinvasiv und erfordert keinen chirurgischen Eingriff, wodurch das Risiko und die Belastung f\u00fcr den K\u00f6rper gering sind<\/li><li>Es werden ausschlie\u00dflich k\u00f6rpereigene Bestandteile verwendet, wodurch das Risiko f\u00fcr allergische Reaktionen oder Absto\u00dfungen sehr niedrig ist<\/li><li>Die Methode kann bei verschiedenen Formen von Haarausfall eingesetzt werden, einschlie\u00dflich erblich bedingtem, kreisrundem und diffusem Haarausfall<\/li><li>Nebenwirkungen sind selten und meist nur vor\u00fcbergehend, wie leichte Schwellungen oder R\u00f6tungen der Kopfhaut<\/li><li>Die Behandlung hat in Studien eine hohe Erfolgsquote gezeigt und ist f\u00fcr M\u00e4nner und Frauen geeignet<\/li><li>F\u00f6rdert das Haarwachstum und st\u00e4rkt die Haarfollikel<\/li><li>Verbessert die Gesundheit der Kopfhaut<\/li><\/ul>\t\t\t\t\t\t\t\t<\/div>\n\t\t\t\t\t<\/div>\n\t\t<\/div>\n\t\t\t\t\t<\/div>\n\t\t<\/section>\n\t\t\t\t<section class=\"elementor-section elementor-top-section elementor-element elementor-element-e8a32df elementor-section-boxed elementor-section-height-default elementor-section-height-default\" data-id=\"e8a32df\" data-element_type=\"section\" data-e-type=\"section\">\n\t\t\t\t\t\t<div class=\"elementor-container elementor-column-gap-default\">\n\t\t\t\t\t<div class=\"elementor-column elementor-col-100 elementor-top-column elementor-element elementor-element-955a62a\" data-id=\"955a62a\" data-element_type=\"column\" data-e-type=\"column\">\n\t\t\t<div class=\"elementor-widget-wrap elementor-element-populated\">\n\t\t\t\t\t\t<div class=\"elementor-element elementor-element-1f39d8c elementor-widget elementor-widget-heading\" data-id=\"1f39d8c\" data-element_type=\"widget\" data-e-type=\"widget\" data-widget_type=\"heading.default\">\n\t\t\t\t\t<h2 class=\"elementor-heading-title elementor-size-default\">Gibt es Nebenwirkungen?<\/h2>\t\t\t\t<\/div>\n\t\t\t\t<div class=\"elementor-element elementor-element-a32c885 elementor-widget elementor-widget-text-editor\" data-id=\"a32c885\" data-element_type=\"widget\" data-e-type=\"widget\" data-widget_type=\"text-editor.default\">\n\t\t\t\t\t\t\t\t\t<p>Die PRP-Behandlung gilt als sicher, da ausschlie\u00dflich k\u00f6rpereigenes Material verwendet wird.<\/p><p>Dennoch k\u00f6nnen leichte Nebenwirkungen auftreten, wie:<\/p><ul><li>R\u00f6tungen oder Schwellungen an den Injektionsstellen<\/li><li>Leichte Schmerzen oder Empfindlichkeit der Kopfhaut<\/li><li>Kleine Bluterg\u00fcsse (H\u00e4matome)<\/li><\/ul><p>\u00a0<\/p><p>Diese Symptome verschwinden in der Regel innerhalb weniger Tage.<\/p>\t\t\t\t\t\t\t\t<\/div>\n\t\t\t\t\t<\/div>\n\t\t<\/div>\n\t\t\t\t\t<\/div>\n\t\t<\/section>\n\t\t\t\t<section class=\"elementor-section elementor-top-section elementor-element elementor-element-507707f elementor-section-boxed elementor-section-height-default elementor-section-height-default\" data-id=\"507707f\" data-element_type=\"section\" data-e-type=\"section\">\n\t\t\t\t\t\t<div class=\"elementor-container elementor-column-gap-default\">\n\t\t\t\t\t<div class=\"elementor-column elementor-col-100 elementor-top-column elementor-element elementor-element-5c30f14\" data-id=\"5c30f14\" data-element_type=\"column\" data-e-type=\"column\">\n\t\t\t<div class=\"elementor-widget-wrap elementor-element-populated\">\n\t\t\t\t\t\t<div class=\"elementor-element elementor-element-1901502 elementor-widget elementor-widget-heading\" data-id=\"1901502\" data-element_type=\"widget\" data-e-type=\"widget\" data-widget_type=\"heading.default\">\n\t\t\t\t\t<h2 class=\"elementor-heading-title elementor-size-default\">Wie oft ist die Behandlung notwendig?<\/h2>\t\t\t\t<\/div>\n\t\t\t\t<div class=\"elementor-element elementor-element-e5c98f4 elementor-widget elementor-widget-text-editor\" data-id=\"e5c98f4\" data-element_type=\"widget\" data-e-type=\"widget\" data-widget_type=\"text-editor.default\">\n\t\t\t\t\t\t\t\t\t<p>Die PRP-Therapie umfasst typischerweise mehrere Sitzungen, die \u00fcber einen Zeitraum von mehreren Monaten verteilt sind. \u00dcblicherweise werden 3 bis 4 Behandlungen empfohlen, gefolgt von regelm\u00e4\u00dfigen Auffrischungen in Abst\u00e4nden von einigen Monaten, um optimale Ergebnisse zu gew\u00e4hrleisten und lange zu erhalten.<\/p>\t\t\t\t\t\t\t\t<\/div>\n\t\t\t\t\t<\/div>\n\t\t<\/div>\n\t\t\t\t\t<\/div>\n\t\t<\/section>\n\t\t\t\t<section class=\"elementor-section elementor-top-section elementor-element elementor-element-168b6f7 elementor-section-boxed elementor-section-height-default elementor-section-height-default\" data-id=\"168b6f7\" data-element_type=\"section\" data-e-type=\"section\">\n\t\t\t\t\t\t<div class=\"elementor-container elementor-column-gap-default\">\n\t\t\t\t\t<div class=\"elementor-column elementor-col-100 elementor-top-column elementor-element elementor-element-4d04f07\" data-id=\"4d04f07\" data-element_type=\"column\" data-e-type=\"column\">\n\t\t\t<div class=\"elementor-widget-wrap elementor-element-populated\">\n\t\t\t\t\t\t<div class=\"elementor-element elementor-element-b5d101d elementor-widget elementor-widget-heading\" data-id=\"b5d101d\" data-element_type=\"widget\" data-e-type=\"widget\" data-widget_type=\"heading.default\">\n\t\t\t\t\t<h2 class=\"elementor-heading-title elementor-size-default\">Wie verl\u00e4uft die Heilung und was sollte nach einer Behandlung beachtet werden?<\/h2>\t\t\t\t<\/div>\n\t\t\t\t<div class=\"elementor-element elementor-element-d80cf44 elementor-widget elementor-widget-text-editor\" data-id=\"d80cf44\" data-element_type=\"widget\" data-e-type=\"widget\" data-widget_type=\"text-editor.default\">\n\t\t\t\t\t\t\t\t\t<ul><li>Nach einer PRP-Behandlung kann es zu leichten R\u00f6tungen, Schwellungen oder einem Spannungsgef\u00fchl kommen, die in der Regel innerhalb von Stunden bis wenigen Tagen abklingen.<\/li><li>In den ersten 24 Stunden sollten Sie Haare nicht waschen und direkte Sonne meiden.<\/li><li>Manchmal fallen in den ersten Wochen vermehrt Haare aus, da alte Haare neuen Platz machen. Verbesserungen sieht man meist nach zwei bis sechs Monaten, oft sind mehrere Behandlungen n\u00f6tig.<\/li><li>Die endg\u00fcltigen Ergebnisse zeigen sich nach sechs bis zw\u00f6lf Monaten.<\/li><li>F\u00fcr einen dauerhaften Effekt sind Behandlungen zur Auffrischung alle sechs bis zw\u00f6lf Monate ratsam.<\/li><\/ul>\t\t\t\t\t\t\t\t<\/div>\n\t\t\t\t\t<\/div>\n\t\t<\/div>\n\t\t\t\t\t<\/div>\n\t\t<\/section>\n\t\t\t\t<section class=\"elementor-section elementor-top-section elementor-element elementor-element-68af452 elementor-section-boxed elementor-section-height-default elementor-section-height-default\" data-id=\"68af452\" data-element_type=\"section\" data-e-type=\"section\">\n\t\t\t\t\t\t<div class=\"elementor-container elementor-column-gap-default\">\n\t\t\t\t\t<div class=\"elementor-column elementor-col-100 elementor-top-column elementor-element elementor-element-a2f6633\" data-id=\"a2f6633\" data-element_type=\"column\" data-e-type=\"column\">\n\t\t\t<div class=\"elementor-widget-wrap elementor-element-populated\">\n\t\t\t\t\t\t<div class=\"elementor-element elementor-element-d0a7763 elementor-widget elementor-widget-heading\" data-id=\"d0a7763\" data-element_type=\"widget\" data-e-type=\"widget\" data-widget_type=\"heading.default\">\n\t\t\t\t\t<h2 class=\"elementor-heading-title elementor-size-default\">Was k\u00f6nnen Sie von der PRP-Behandlung erwarten?<\/h2>\t\t\t\t<\/div>\n\t\t\t\t<div class=\"elementor-element elementor-element-9368a5c elementor-widget elementor-widget-text-editor\" data-id=\"9368a5c\" data-element_type=\"widget\" data-e-type=\"widget\" data-widget_type=\"text-editor.default\">\n\t\t\t\t\t\t\t\t\t<p>Die PRP-Behandlung gegen Haarausfall hat sich als effektive Methode zur Verbesserung des Haarwachstums und zur deutlichen Reduktion des Haarausfalls erwiesen. Viele Patienten berichten nach wenigen Behandlungen von einer st\u00e4rkeren Haarstruktur und neuem Haarwachstum. Studien belegen bei 80\u201390 % der Betroffenen eine Besserung, insbesondere bei fr\u00fchzeitiger Inanspruchnahme der Behandlung.<\/p><p>Obwohl die Ergebnisse variieren k\u00f6nnen, sind in der Regel mehrere Sitzungen und Auffrischungsbehandlungen erforderlich. Die PRP-Therapie stellt keine dauerhafte L\u00f6sung dar, kann jedoch das Haarwachstum f\u00fcr einen Zeitraum von einigen Monaten bis zu einem Jahr f\u00f6rdern.<\/p>\t\t\t\t\t\t\t\t<\/div>\n\t\t\t\t\t<\/div>\n\t\t<\/div>\n\t\t\t\t\t<\/div>\n\t\t<\/section>\n\t\t\t\t<section class=\"elementor-section elementor-top-section elementor-element elementor-element-761fad1 elementor-section-boxed elementor-section-height-default elementor-section-height-default\" data-id=\"761fad1\" data-element_type=\"section\" data-e-type=\"section\">\n\t\t\t\t\t\t<div class=\"elementor-container elementor-column-gap-default\">\n\t\t\t\t\t<div class=\"elementor-column elementor-col-100 elementor-top-column elementor-element elementor-element-1f090f4\" data-id=\"1f090f4\" data-element_type=\"column\" data-e-type=\"column\">\n\t\t\t<div class=\"elementor-widget-wrap elementor-element-populated\">\n\t\t\t\t\t\t<div class=\"elementor-element elementor-element-f351253 elementor-widget elementor-widget-heading\" data-id=\"f351253\" data-element_type=\"widget\" data-e-type=\"widget\" data-widget_type=\"heading.default\">\n\t\t\t\t\t<h2 class=\"elementor-heading-title elementor-size-default\">Zusammenfassung<\/h2>\t\t\t\t<\/div>\n\t\t\t\t<div class=\"elementor-element elementor-element-42b1035 elementor-widget elementor-widget-text-editor\" data-id=\"42b1035\" data-element_type=\"widget\" data-e-type=\"widget\" data-widget_type=\"text-editor.default\">\n\t\t\t\t\t\t\t\t\t<p>Die PRP-Methode ist eine vielversprechende und nat\u00fcrliche Option zur Behandlung von Haarausfall. Sie ist sicher, minimal-invasiv und basiert auf den regenerativen Eigenschaften Ihres eigenen Blutes. Wenn Sie unter Haarausfall leiden und eine effektive L\u00f6sung suchen, k\u00f6nnte PRP eine gute Wahl sein. Sprechen Sie mit uns, um herauszufinden, ob diese Methode f\u00fcr Sie geeignet ist.<\/p>\t\t\t\t\t\t\t\t<\/div>\n\t\t\t\t\t<\/div>\n\t\t<\/div>\n\t\t\t\t\t<\/div>\n\t\t<\/section>\n\t\t\t\t<section class=\"elementor-section elementor-top-section elementor-element elementor-element-557e628 elementor-section-boxed elementor-section-height-default elementor-section-height-default\" data-id=\"557e628\" data-element_type=\"section\" data-e-type=\"section\" data-settings=\"{&quot;background_background&quot;:&quot;classic&quot;,&quot;shape_divider_top&quot;:&quot;opacity-fan&quot;,&quot;shape_divider_bottom&quot;:&quot;opacity-fan&quot;}\">\n\t\t\t\t\t<div class=\"elementor-shape elementor-shape-top\" aria-hidden=\"true\" data-negative=\"false\">\n\t\t\t<svg xmlns=\"http:\/\/www.w3.org\/2000\/svg\" viewBox=\"0 0 283.5 19.6\" preserveAspectRatio=\"none\">\n\t<path class=\"elementor-shape-fill\" style=\"opacity:0.33\" d=\"M0 0L0 18.8 141.8 4.1 283.5 18.8 283.5 0z\"\/>\n\t<path class=\"elementor-shape-fill\" style=\"opacity:0.33\" d=\"M0 0L0 12.6 141.8 4 283.5 12.6 283.5 0z\"\/>\n\t<path class=\"elementor-shape-fill\" style=\"opacity:0.33\" d=\"M0 0L0 6.4 141.8 4 283.5 6.4 283.5 0z\"\/>\n\t<path class=\"elementor-shape-fill\" d=\"M0 0L0 1.2 141.8 4 283.5 1.2 283.5 0z\"\/>\n<\/svg>\t\t<\/div>\n\t\t\t\t<div class=\"elementor-shape elementor-shape-bottom\" aria-hidden=\"true\" data-negative=\"false\">\n\t\t\t<svg xmlns=\"http:\/\/www.w3.org\/2000\/svg\" viewBox=\"0 0 283.5 19.6\" preserveAspectRatio=\"none\">\n\t<path class=\"elementor-shape-fill\" style=\"opacity:0.33\" d=\"M0 0L0 18.8 141.8 4.1 283.5 18.8 283.5 0z\"\/>\n\t<path class=\"elementor-shape-fill\" style=\"opacity:0.33\" d=\"M0 0L0 12.6 141.8 4 283.5 12.6 283.5 0z\"\/>\n\t<path class=\"elementor-shape-fill\" style=\"opacity:0.33\" d=\"M0 0L0 6.4 141.8 4 283.5 6.4 283.5 0z\"\/>\n\t<path class=\"elementor-shape-fill\" d=\"M0 0L0 1.2 141.8 4 283.5 1.2 283.5 0z\"\/>\n<\/svg>\t\t<\/div>\n\t\t\t\t\t<div class=\"elementor-container elementor-column-gap-default\">\n\t\t\t\t\t<div class=\"elementor-column elementor-col-100 elementor-top-column elementor-element elementor-element-dbfe95e\" data-id=\"dbfe95e\" data-element_type=\"column\" data-e-type=\"column\">\n\t\t\t<div class=\"elementor-widget-wrap elementor-element-populated\">\n\t\t\t\t\t\t<div class=\"elementor-element elementor-element-9008da3 elementor-widget elementor-widget-heading\" data-id=\"9008da3\" data-element_type=\"widget\" data-e-type=\"widget\" data-widget_type=\"heading.default\">\n\t\t\t\t\t<h2 class=\"elementor-heading-title elementor-size-default\">Worauf sollten Sie bei Ihrer Arztwahl achten?<\/h2>\t\t\t\t<\/div>\n\t\t\t\t<div class=\"elementor-element elementor-element-61d4005 elementor-widget elementor-widget-text-editor\" data-id=\"61d4005\" data-element_type=\"widget\" data-e-type=\"widget\" data-widget_type=\"text-editor.default\">\n\t\t\t\t\t\t\t\t\t<p>Achten Sie bei Ihrer Facharztwahl auf die Bezeichnung Facharzt f\u00fcr Plastische und \u00c4sthetische Chirurgie. Abweichende Bezeichnungen wie z. B. Beauty-Doc, Sch\u00f6nheitschirurg, etc. sind ungesch\u00fctzt und kein Zeichen f\u00fcr die Qualifikation (mehr zum Thema &#8222;<a href=\"https:\/\/dr-montanari.de\/checkliste-facharzt-plastische-chirurgie\/\">Was sollten Sie bei Ihrer Facharztwahl beachten?<\/a>&#8222;.<\/p><p>Achten Sie darauf, dass Sie eine umfangreiche Voruntersuchung und Aufkl\u00e4rung \u00fcber den Behandlungsverlauf, m\u00f6gliche Risiken und den Heilungsverlauf erhalten.<\/p>\t\t\t\t\t\t\t\t<\/div>\n\t\t\t\t\t<\/div>\n\t\t<\/div>\n\t\t\t\t\t<\/div>\n\t\t<\/section>\n\t\t\t\t<section class=\"elementor-section elementor-top-section elementor-element elementor-element-5d9670a elementor-section-boxed elementor-section-height-default elementor-section-height-default\" data-id=\"5d9670a\" data-element_type=\"section\" data-e-type=\"section\">\n\t\t\t\t\t\t<div class=\"elementor-container elementor-column-gap-default\">\n\t\t\t\t\t<div class=\"elementor-column elementor-col-100 elementor-top-column elementor-element elementor-element-f081af8\" data-id=\"f081af8\" data-element_type=\"column\" data-e-type=\"column\">\n\t\t\t<div class=\"elementor-widget-wrap elementor-element-populated\">\n\t\t\t\t\t\t<div class=\"elementor-element elementor-element-cfbaa8c elementor-widget elementor-widget-heading\" data-id=\"cfbaa8c\" data-element_type=\"widget\" data-e-type=\"widget\" data-widget_type=\"heading.default\">\n\t\t\t\t\t<h2 class=\"elementor-heading-title elementor-size-default\">Warum sollten Sie zu uns kommen?<\/h2>\t\t\t\t<\/div>\n\t\t\t\t<div class=\"elementor-element elementor-element-2facd42 elementor-widget elementor-widget-text-editor\" data-id=\"2facd42\" data-element_type=\"widget\" data-e-type=\"widget\" data-widget_type=\"text-editor.default\">\n\t\t\t\t\t\t\t\t\t<p>Umfangreiche Erfahrung, maximale Hygiene und Infektionsschutz, stetige Weiterbildung und h\u00f6chste Sorgfalt sind die Grundlage in unserer Praxis. Dies spiegelt sich auch in der Vielzahl der positiven Patientenbewertungen und unserer Siegel &amp; Auszeichnungen wider.<\/p>\n<p>Nutzen Sie unsere fast 20-j\u00e4hrige Erfahrung f\u00fcr Ihre gew\u00fcnschte Ver\u00e4nderung. Dr. med. Michaela Montanari ist seit 2021 Mitglied des Vorstandes der Deutschen Gesellschaft f\u00fcr \u00c4sthetisch-Plastische Chirurgie (DG\u00c4PC).&nbsp;<\/p>\t\t\t\t\t\t\t\t<\/div>\n\t\t\t\t\t<\/div>\n\t\t<\/div>\n\t\t\t\t\t<\/div>\n\t\t<\/section>\n\t\t\t\t<section class=\"elementor-section elementor-top-section elementor-element elementor-element-75b1832 kurz elementor-section-boxed elementor-section-height-default elementor-section-height-default\" data-id=\"75b1832\" data-element_type=\"section\" data-e-type=\"section\" data-settings=\"{&quot;background_background&quot;:&quot;classic&quot;,&quot;shape_divider_top&quot;:&quot;opacity-fan&quot;,&quot;shape_divider_bottom&quot;:&quot;opacity-fan&quot;}\">\n\t\t\t\t\t<div class=\"elementor-shape elementor-shape-top\" aria-hidden=\"true\" data-negative=\"false\">\n\t\t\t<svg xmlns=\"http:\/\/www.w3.org\/2000\/svg\" viewBox=\"0 0 283.5 19.6\" preserveAspectRatio=\"none\">\n\t<path class=\"elementor-shape-fill\" style=\"opacity:0.33\" d=\"M0 0L0 18.8 141.8 4.1 283.5 18.8 283.5 0z\"\/>\n\t<path class=\"elementor-shape-fill\" style=\"opacity:0.33\" d=\"M0 0L0 12.6 141.8 4 283.5 12.6 283.5 0z\"\/>\n\t<path class=\"elementor-shape-fill\" style=\"opacity:0.33\" d=\"M0 0L0 6.4 141.8 4 283.5 6.4 283.5 0z\"\/>\n\t<path class=\"elementor-shape-fill\" d=\"M0 0L0 1.2 141.8 4 283.5 1.2 283.5 0z\"\/>\n<\/svg>\t\t<\/div>\n\t\t\t\t<div class=\"elementor-shape elementor-shape-bottom\" aria-hidden=\"true\" data-negative=\"false\">\n\t\t\t<svg xmlns=\"http:\/\/www.w3.org\/2000\/svg\" viewBox=\"0 0 283.5 19.6\" preserveAspectRatio=\"none\">\n\t<path class=\"elementor-shape-fill\" style=\"opacity:0.33\" d=\"M0 0L0 18.8 141.8 4.1 283.5 18.8 283.5 0z\"\/>\n\t<path class=\"elementor-shape-fill\" style=\"opacity:0.33\" d=\"M0 0L0 12.6 141.8 4 283.5 12.6 283.5 0z\"\/>\n\t<path class=\"elementor-shape-fill\" style=\"opacity:0.33\" d=\"M0 0L0 6.4 141.8 4 283.5 6.4 283.5 0z\"\/>\n\t<path class=\"elementor-shape-fill\" d=\"M0 0L0 1.2 141.8 4 283.5 1.2 283.5 0z\"\/>\n<\/svg>\t\t<\/div>\n\t\t\t\t\t<div class=\"elementor-container elementor-column-gap-default\">\n\t\t\t\t\t<div class=\"elementor-column elementor-col-100 elementor-top-column elementor-element elementor-element-0355cc3\" data-id=\"0355cc3\" data-element_type=\"column\" data-e-type=\"column\">\n\t\t\t<div class=\"elementor-widget-wrap elementor-element-populated\">\n\t\t\t\t\t\t<div class=\"elementor-element elementor-element-53440e4 elementor-widget elementor-widget-heading\" data-id=\"53440e4\" data-element_type=\"widget\" data-e-type=\"widget\" data-widget_type=\"heading.default\">\n\t\t\t\t\t<h2 class=\"elementor-heading-title elementor-size-default\">Was berichten Patienten \u00fcber uns?<\/h2>\t\t\t\t<\/div>\n\t\t\t\t<div class=\"elementor-element elementor-element-71e4ca4 elementor-widget elementor-widget-text-editor\" data-id=\"71e4ca4\" data-element_type=\"widget\" data-e-type=\"widget\" data-widget_type=\"text-editor.default\">\n\t\t\t\t\t\t\t\t\t<p><script defer async src='https:\/\/cdn.trustindex.io\/loader.js?cd73c13237c153321f7694419f0'><span data-mce-type=\"bookmark\" style=\"display: inline-block; width: 0px; overflow: hidden; line-height: 0;\" class=\"mce_SELRES_start\">\ufeff<\/span><\/script><\/p><p style=\"text-align: center;\"><a href=\"https:\/\/www.trustindex.io\/reviews\/dr-montanari.de\" target=\"_blank\" rel=\"noopener\">Alle Bewertungen ansehen<\/a><\/p>\t\t\t\t\t\t\t\t<\/div>\n\t\t\t\t<div class=\"elementor-element elementor-element-ef3c0f5 elementor-widget elementor-widget-text-editor\" data-id=\"ef3c0f5\" data-element_type=\"widget\" data-e-type=\"widget\" data-widget_type=\"text-editor.default\">\n\t\t\t\t\t\t\t\t\t<p>Die hier angezeigten Bewertungen stammen direkt aus unserem Google\u2011 und Jameda- und Trustindex-Profil. Dieses wird von dem jeweiligen Anbieter selbst \u00fcberwacht und gepr\u00fcft. So sehen Sie echte Erfahrungsberichte unserer Patienten \u2013 transparent, aktuell und zuverl\u00e4ssig.<\/p>\t\t\t\t\t\t\t\t<\/div>\n\t\t\t\t\t<\/div>\n\t\t<\/div>\n\t\t\t\t\t<\/div>\n\t\t<\/section>\n\t\t\t\t<section class=\"elementor-section elementor-top-section elementor-element elementor-element-d13586e elementor-section-boxed elementor-section-height-default elementor-section-height-default\" data-id=\"d13586e\" data-element_type=\"section\" data-e-type=\"section\">\n\t\t\t\t\t\t<div class=\"elementor-container elementor-column-gap-default\">\n\t\t\t\t\t<div class=\"elementor-column elementor-col-100 elementor-top-column elementor-element elementor-element-f0b8d15\" data-id=\"f0b8d15\" data-element_type=\"column\" data-e-type=\"column\">\n\t\t\t<div class=\"elementor-widget-wrap elementor-element-populated\">\n\t\t\t\t\t\t<div class=\"elementor-element elementor-element-1534766 elementor-widget elementor-widget-heading\" data-id=\"1534766\" data-element_type=\"widget\" data-e-type=\"widget\" data-widget_type=\"heading.default\">\n\t\t\t\t\t<h2 class=\"elementor-heading-title elementor-size-default\">Sie haben Fragen?<\/h2>\t\t\t\t<\/div>\n\t\t\t\t<div class=\"elementor-element elementor-element-20f76d8 elementor-widget elementor-widget-text-editor\" data-id=\"20f76d8\" data-element_type=\"widget\" data-e-type=\"widget\" data-widget_type=\"text-editor.default\">\n\t\t\t\t\t\t\t\t\t<p>Wir beantworten Ihnen gerne alle Ihre Fragen rund den Ablauf, M\u00f6glichkeiten, Risiken Ihres Haarausfalles mittels der PRP-Methode. Vereinbaren Sie Ihr pers\u00f6nliches Beratungsgespr\u00e4ch. Wir beraten Sie individuell \u00fcber Ihre M\u00f6glichkeiten.<\/p>\t\t\t\t\t\t\t\t<\/div>\n\t\t\t\t\t<\/div>\n\t\t<\/div>\n\t\t\t\t\t<\/div>\n\t\t<\/section>\n\t\t\t\t<section class=\"elementor-section elementor-top-section elementor-element elementor-element-a214789 elementor-section-boxed elementor-section-height-default elementor-section-height-default\" data-id=\"a214789\" data-element_type=\"section\" data-e-type=\"section\">\n\t\t\t\t\t\t<div class=\"elementor-container elementor-column-gap-default\">\n\t\t\t\t\t<div class=\"elementor-column elementor-col-100 elementor-top-column elementor-element elementor-element-5b215d4\" data-id=\"5b215d4\" data-element_type=\"column\" data-e-type=\"column\">\n\t\t\t<div class=\"elementor-widget-wrap elementor-element-populated\">\n\t\t\t\t\t\t<div class=\"elementor-element elementor-element-8d5088e elementor-widget elementor-widget-shortcode\" data-id=\"8d5088e\" data-element_type=\"widget\" data-e-type=\"widget\" data-widget_type=\"shortcode.default\">\n\t\t\t\t\t\t\t<div class=\"elementor-shortcode\">\t\t<div data-elementor-type=\"section\" data-elementor-id=\"14133\" class=\"elementor elementor-14133\" data-elementor-post-type=\"elementor_library\">\n\t\t\t\t\t<section class=\"elementor-section elementor-top-section elementor-element elementor-element-7e8b1101 elementor-section-boxed elementor-section-height-default elementor-section-height-default elementor-invisible\" data-id=\"7e8b1101\" data-element_type=\"section\" data-e-type=\"section\" data-settings=\"{&quot;animation&quot;:&quot;fadeIn&quot;}\">\n\t\t\t\t\t\t<div class=\"elementor-container elementor-column-gap-default\">\n\t\t\t\t\t<div class=\"elementor-column elementor-col-100 elementor-top-column elementor-element elementor-element-1977b889\" data-id=\"1977b889\" data-element_type=\"column\" data-e-type=\"column\">\n\t\t\t<div class=\"elementor-widget-wrap elementor-element-populated\">\n\t\t\t\t\t\t<div class=\"elementor-element elementor-element-32b7292c elementor-widget elementor-widget-heading\" data-id=\"32b7292c\" data-element_type=\"widget\" data-e-type=\"widget\" data-widget_type=\"heading.default\">\n\t\t\t\t\t<h2 class=\"elementor-heading-title elementor-size-default\">Unsere Fach\u00e4rzte f\u00fcr Plastische und \u00c4sthetische Chirurgie<\/h2>\t\t\t\t<\/div>\n\t\t\t\t<section class=\"elementor-section elementor-inner-section elementor-element elementor-element-3a72080b elementor-section-boxed elementor-section-height-default elementor-section-height-default\" data-id=\"3a72080b\" data-element_type=\"section\" data-e-type=\"section\">\n\t\t\t\t\t\t<div class=\"elementor-container elementor-column-gap-default\">\n\t\t\t\t\t<div class=\"elementor-column elementor-col-33 elementor-inner-column elementor-element elementor-element-2bf84233\" data-id=\"2bf84233\" data-element_type=\"column\" data-e-type=\"column\">\n\t\t\t<div class=\"elementor-widget-wrap elementor-element-populated\">\n\t\t\t\t\t\t<div class=\"elementor-element elementor-element-4a3e1d82 elementor-widget elementor-widget-image\" data-id=\"4a3e1d82\" data-element_type=\"widget\" data-e-type=\"widget\" data-widget_type=\"image.default\">\n\t\t\t\t\t\t\t\t\t\t\t\t<figure class=\"wp-caption\">\n\t\t\t\t\t\t\t\t\t\t\t<a href=\"https:\/\/dr-montanari.de\/praxis\/dr-med-michaela-montanari\/\">\n\t\t\t\t\t\t\t<img decoding=\"async\" src=\"https:\/\/dr-montanari.de\/uploads\/praxisteam\/Dr-med-Michaela-Montanari-2021.jpg\" title=\"\" alt=\"Dr. med. Michaela Montanari\" loading=\"lazy\" \/>\t\t\t\t\t\t\t\t<\/a>\n\t\t\t\t\t\t\t\t\t\t\t<figcaption class=\"widget-image-caption wp-caption-text\"><b>Dr. med. Michaela Montanari<\/b><br>Fach\u00e4rztin f\u00fcr Plastische und \u00c4sthetische Chirurgie<br>Fach\u00e4rztin f\u00fcr Chirurgie<br>Pr\u00e4sidentin der<br><a href=\"https:\/\/www.dgaepc.de\" target=\"_blank\" rel=\"noopener\">Deutschen Gesellschaft f\u00fcr \u00c4sthetisch-Plastische Chirurgie<\/a><\/figcaption>\n\t\t\t\t\t\t\t\t\t\t<\/figure>\n\t\t\t\t\t\t\t\t\t<\/div>\n\t\t\t\t\t<\/div>\n\t\t<\/div>\n\t\t\t\t<div class=\"elementor-column elementor-col-33 elementor-inner-column elementor-element elementor-element-6b0f543d\" data-id=\"6b0f543d\" data-element_type=\"column\" data-e-type=\"column\">\n\t\t\t<div class=\"elementor-widget-wrap elementor-element-populated\">\n\t\t\t\t\t\t<div class=\"elementor-element elementor-element-6b5750d6 elementor-widget elementor-widget-image\" data-id=\"6b5750d6\" data-element_type=\"widget\" data-e-type=\"widget\" data-widget_type=\"image.default\">\n\t\t\t\t\t\t\t\t\t\t\t\t<figure class=\"wp-caption\">\n\t\t\t\t\t\t\t\t\t\t\t<a href=\"https:\/\/dr-montanari.de\/praxis\/dr-med-anna-maria-bugariu\/\">\n\t\t\t\t\t\t\t<img decoding=\"async\" width=\"600\" height=\"400\" src=\"https:\/\/dr-montanari.de\/wp-content\/uploads\/dr-anna-maria-bugariu.avif\" class=\"attachment-full size-full wp-image-2359\" alt=\"dr-anna-maria-bugariu\" srcset=\"https:\/\/dr-montanari.de\/wp-content\/uploads\/dr-anna-maria-bugariu.avif 600w, https:\/\/dr-montanari.de\/wp-content\/uploads\/dr-anna-maria-bugariu-300x200.avif 300w, https:\/\/dr-montanari.de\/wp-content\/uploads\/dr-anna-maria-bugariu-113x75.avif 113w, https:\/\/dr-montanari.de\/wp-content\/uploads\/dr-anna-maria-bugariu-480x320.avif 480w\" sizes=\"(max-width: 600px) 100vw, 600px\" \/>\t\t\t\t\t\t\t\t<\/a>\n\t\t\t\t\t\t\t\t\t\t\t<figcaption class=\"widget-image-caption wp-caption-text\"><b>Dr. med. Anna Maria Bugariu<\/b><br>Fach\u00e4rztin f\u00fcr<br>Plastische und \u00c4sthetische Chirurgie<\/figcaption>\n\t\t\t\t\t\t\t\t\t\t<\/figure>\n\t\t\t\t\t\t\t\t\t<\/div>\n\t\t\t\t\t<\/div>\n\t\t<\/div>\n\t\t\t\t<div class=\"elementor-column elementor-col-33 elementor-inner-column elementor-element elementor-element-15311bea\" data-id=\"15311bea\" data-element_type=\"column\" data-e-type=\"column\">\n\t\t\t<div class=\"elementor-widget-wrap elementor-element-populated\">\n\t\t\t\t\t\t<div class=\"elementor-element elementor-element-29f1f89e elementor-widget elementor-widget-image\" data-id=\"29f1f89e\" data-element_type=\"widget\" data-e-type=\"widget\" data-widget_type=\"image.default\">\n\t\t\t\t\t\t\t\t\t\t\t\t<figure class=\"wp-caption\">\n\t\t\t\t\t\t\t\t\t\t\t<a href=\"https:\/\/dr-montanari.de\/praxis\/inna-roeschies\/\">\n\t\t\t\t\t\t\t<img decoding=\"async\" width=\"600\" height=\"400\" src=\"https:\/\/dr-montanari.de\/wp-content\/uploads\/Unbenannt-11.avif\" class=\"attachment-full size-full wp-image-13601\" alt=\"Inna Roeschies\" srcset=\"https:\/\/dr-montanari.de\/wp-content\/uploads\/Unbenannt-11.avif 600w, https:\/\/dr-montanari.de\/wp-content\/uploads\/Unbenannt-11-300x200.avif 300w, https:\/\/dr-montanari.de\/wp-content\/uploads\/Unbenannt-11-18x12.avif 18w\" sizes=\"(max-width: 600px) 100vw, 600px\" \/>\t\t\t\t\t\t\t\t<\/a>\n\t\t\t\t\t\t\t\t\t\t\t<figcaption class=\"widget-image-caption wp-caption-text\"><b>Inna Roeschies<\/b><br>Fach\u00e4rztin f\u00fcr<br>Plastische und \u00c4sthetische Chirurgie<\/figcaption>\n\t\t\t\t\t\t\t\t\t\t<\/figure>\n\t\t\t\t\t\t\t\t\t<\/div>\n\t\t\t\t\t<\/div>\n\t\t<\/div>\n\t\t\t\t\t<\/div>\n\t\t<\/section>\n\t\t\t\t\t<\/div>\n\t\t<\/div>\n\t\t\t\t\t<\/div>\n\t\t<\/section>\n\t\t\t\t<\/div>\n\t\t<\/div>\n\t\t\t\t\t\t<\/div>\n\t\t\t\t<div class=\"elementor-element elementor-element-784f51f elementor-widget elementor-widget-text-editor\" data-id=\"784f51f\" data-element_type=\"widget\" data-e-type=\"widget\" data-widget_type=\"text-editor.default\">\n\t\t\t\t\t\t\t\t\t<script defer async src='https:\/\/cdn.trustindex.io\/loader.js?2a469e22723113809f86f7d1823'><\/script>\t\t\t\t\t\t\t\t<\/div>\n\t\t\t\t\t<\/div>\n\t\t<\/div>\n\t\t\t\t\t<\/div>\n\t\t<\/section>\n\t\t\t\t<\/div>\n\t\t","protected":false},"excerpt":{"rendered":"<p>Behandlung von Haarausfall mit der PRP-Methode Wie die PRP-Methode bei Haarausfall helfen kann Inhalts\u00fcbersicht Was ist die PRP-Methode? Die PRP-Methode (Pl\u00e4ttchenreiches Plasma) stellt eine moderne Behandlungsm\u00f6glichkeit zur Bek\u00e4mpfung von Haarausfall dar. Diese Therapie nutzt die nat\u00fcrlichen regenerativen Eigenschaften des eigenen Blutes, indem eine geringe Menge Blut entnommen, aufbereitet und anschlie\u00dfend in die Kopfhaut injiziert wird, [&hellip;]<\/p>\n","protected":false},"author":4,"featured_media":10409,"parent":119,"menu_order":0,"comment_status":"closed","ping_status":"closed","template":"","meta":{"footnotes":""},"class_list":["post-12415","page","type-page","status-publish","has-post-thumbnail","hentry"],"_links":{"self":[{"href":"https:\/\/dr-montanari.de\/en\/wp-json\/wp\/v2\/pages\/12415","targetHints":{"allow":["GET"]}}],"collection":[{"href":"https:\/\/dr-montanari.de\/en\/wp-json\/wp\/v2\/pages"}],"about":[{"href":"https:\/\/dr-montanari.de\/en\/wp-json\/wp\/v2\/types\/page"}],"author":[{"embeddable":true,"href":"https:\/\/dr-montanari.de\/en\/wp-json\/wp\/v2\/users\/4"}],"replies":[{"embeddable":true,"href":"https:\/\/dr-montanari.de\/en\/wp-json\/wp\/v2\/comments?post=12415"}],"version-history":[{"count":15,"href":"https:\/\/dr-montanari.de\/en\/wp-json\/wp\/v2\/pages\/12415\/revisions"}],"predecessor-version":[{"id":14771,"href":"https:\/\/dr-montanari.de\/en\/wp-json\/wp\/v2\/pages\/12415\/revisions\/14771"}],"up":[{"embeddable":true,"href":"https:\/\/dr-montanari.de\/en\/wp-json\/wp\/v2\/pages\/119"}],"wp:featuredmedia":[{"embeddable":true,"href":"https:\/\/dr-montanari.de\/en\/wp-json\/wp\/v2\/media\/10409"}],"wp:attachment":[{"href":"https:\/\/dr-montanari.de\/en\/wp-json\/wp\/v2\/media?parent=12415"}],"curies":[{"name":"wp","href":"https:\/\/api.w.org\/{rel}","templated":true}]}}