{"id":220,"date":"2018-08-09T16:37:53","date_gmt":"2018-08-09T14:37:53","guid":{"rendered":"http:\/\/dr-montanari.de.w0184301.kasserver.com\/?page_id=220"},"modified":"2026-03-06T17:23:20","modified_gmt":"2026-03-06T16:23:20","slug":"labia-reduction","status":"publish","type":"page","link":"https:\/\/dr-montanari.de\/en\/leistungsspektrum\/intimchirurgie\/schamlippenverkleinerung\/","title":{"rendered":"Labia reduction"},"content":{"rendered":"\t\t<div data-elementor-type=\"wp-page\" data-elementor-id=\"220\" class=\"elementor elementor-220\" data-elementor-post-type=\"page\">\n\t\t\t\t\t\t<section class=\"elementor-section elementor-top-section elementor-element elementor-element-29fe73a elementor-section-full_width elementor-reverse-tablet elementor-reverse-mobile elementor-section-height-default elementor-section-height-default\" data-id=\"29fe73a\" data-element_type=\"section\" data-e-type=\"section\">\n\t\t\t\t\t\t\t<div class=\"elementor-background-overlay\"><\/div>\n\t\t\t\t\t\t\t<div class=\"elementor-container elementor-column-gap-default\">\n\t\t\t\t\t<div class=\"elementor-column elementor-col-50 elementor-top-column elementor-element elementor-element-1804ec1\" data-id=\"1804ec1\" data-element_type=\"column\" data-e-type=\"column\">\n\t\t\t<div class=\"elementor-widget-wrap elementor-element-populated\">\n\t\t\t\t\t\t<div class=\"elementor-element elementor-element-2eed323 elementor-widget elementor-widget-heading\" data-id=\"2eed323\" data-element_type=\"widget\" data-e-type=\"widget\" data-widget_type=\"heading.default\">\n\t\t\t\t\t<h1 class=\"elementor-heading-title elementor-size-default\">Schamlippenverkleinerung \/<br> Labienresektion<\/h1>\t\t\t\t<\/div>\n\t\t\t\t<div class=\"elementor-element elementor-element-515922c elementor-widget elementor-widget-text-editor\" data-id=\"515922c\" data-element_type=\"widget\" data-e-type=\"widget\" data-widget_type=\"text-editor.default\">\n\t\t\t\t\t\t\t\t\t<h2 style=\"text-align: center;\">von Frau zu Frau<\/h2>\t\t\t\t\t\t\t\t<\/div>\n\t\t\t\t\t<\/div>\n\t\t<\/div>\n\t\t\t\t<div class=\"elementor-column elementor-col-50 elementor-top-column elementor-element elementor-element-8fec990\" data-id=\"8fec990\" data-element_type=\"column\" data-e-type=\"column\">\n\t\t\t<div class=\"elementor-widget-wrap elementor-element-populated\">\n\t\t\t\t\t\t<div class=\"elementor-element elementor-element-225841e elementor-widget elementor-widget-image\" data-id=\"225841e\" data-element_type=\"widget\" data-e-type=\"widget\" data-widget_type=\"image.default\">\n\t\t\t\t\t\t\t\t\t\t\t\t\t\t\t<img fetchpriority=\"high\" decoding=\"async\" width=\"750\" height=\"641\" src=\"https:\/\/dr-montanari.de\/wp-content\/uploads\/AdobeStock_799377410_schamlippenverkleinerung.avif\" class=\"attachment-full size-full wp-image-10460\" alt=\"schamlippenverkleinerung\" srcset=\"https:\/\/dr-montanari.de\/wp-content\/uploads\/AdobeStock_799377410_schamlippenverkleinerung.avif 750w, https:\/\/dr-montanari.de\/wp-content\/uploads\/AdobeStock_799377410_schamlippenverkleinerung-300x256.avif 300w, https:\/\/dr-montanari.de\/wp-content\/uploads\/AdobeStock_799377410_schamlippenverkleinerung-14x12.png 14w\" sizes=\"(max-width: 750px) 100vw, 750px\" \/>\t\t\t\t\t\t\t\t\t\t\t\t\t\t\t<\/div>\n\t\t\t\t\t<\/div>\n\t\t<\/div>\n\t\t\t\t\t<\/div>\n\t\t<\/section>\n\t\t\t\t<section class=\"elementor-section elementor-top-section elementor-element elementor-element-cc3a0f3 elementor-section-boxed elementor-section-height-default elementor-section-height-default\" data-id=\"cc3a0f3\" data-element_type=\"section\" data-e-type=\"section\">\n\t\t\t\t\t\t<div class=\"elementor-container elementor-column-gap-default\">\n\t\t\t\t\t<div class=\"elementor-column elementor-col-50 elementor-top-column elementor-element elementor-element-2ea7a96\" data-id=\"2ea7a96\" data-element_type=\"column\" data-e-type=\"column\">\n\t\t\t<div class=\"elementor-widget-wrap elementor-element-populated\">\n\t\t\t\t\t\t<div class=\"elementor-element elementor-element-9c1df03 elementor-widget elementor-widget-text-editor\" data-id=\"9c1df03\" data-element_type=\"widget\" data-e-type=\"widget\" data-widget_type=\"text-editor.default\">\n\t\t\t\t\t\t\t\t\t<p><strong>Assoziierte Begriffe:<\/strong><br \/><em>Labienkorrektur, Labienplastik, Labienverkleinerung, Labienreduktion, Nymphoplastik, Intim-Op, Intim-Chirurgie<\/em><\/p>\n<p>Dr. Michaela Montanari z\u00e4hlt bereits seit 2017 zu den \u201eFocus Top Medizinern f\u00fcr Intimchirurgie und in der Sonderausgabe des stern \u201eGute \u00c4rzte f\u00fcr mich\u201c z\u00e4hlt sie seit 2022 in dieser Kategorie zu den Expertinnen. Sie ber\u00e4t Sie in Sachen Intimchirurgie und Intim\u00e4sthetik einf\u00fchlsam und ausf\u00fchrlich. Sie erwartet ein reines Frauenteam, dem Sie sich jederzeit \u00f6ffnen k\u00f6nnen.<\/p>\n<h2 style=\"padding-top: 25px;\">Schamlippen \u2013 was ist normal?<\/h2>\n<p>Wenn es um den Intimbereich geht, herrscht nach wie vor gro\u00dfe Unsicherheit bei unseren Patientinnen. Was ist normal? F\u00fchle ich mich zurecht unwohl? Kann man mir \u00fcberhaupt helfen? Die Antwort ist: Wenn Sie sich nicht wohl in Ihrer eigenen Haut f\u00fchlen, dann kann Ihnen geholfen werden.<\/p>\n<p>Anatomisch gesehen bedecken die gro\u00dfen, \u00e4u\u00dferen Schamlippen bedecken normalerweise die kleinen, nicht sichtbaren, inneren Schamlippen. Bei einer Fehlanlage oder aber durch Geburten und den normalen Alterungsprozess kann es dazu kommen, dass die kleinen Schamlippen die \u00e4u\u00dferen Schamlippen \u00fcberragen. Das wird f\u00fcr Betroffene nicht nur zu einem \u00e4sthetischen Problem, sondern kann auch zu funktionellen St\u00f6rungen f\u00fchren. Insbesondere das Tragen enger Hosen, Strings oder Bikinis, Joggen gehen, Fahrradfahren, Reiten oder auch Geschlechtsverkehr k\u00f6nnen zu Schmerzen und Entz\u00fcndungen f\u00fchren.<\/p>\n<p>Zus\u00e4tzlich ist das Schamgef\u00fchl der Betroffenen ist nicht zu untersch\u00e4tzen. Sauna, FKK oder schon das Entkleiden vor dem Partner k\u00f6nnen schnell zu weiterf\u00fchrenden psychischen Problemen f\u00fchren.<\/p>\t\t\t\t\t\t\t\t<\/div>\n\t\t\t\t\t<\/div>\n\t\t<\/div>\n\t\t\t\t<div class=\"elementor-column elementor-col-50 elementor-top-column elementor-element elementor-element-09ea75c\" data-id=\"09ea75c\" data-element_type=\"column\" data-e-type=\"column\">\n\t\t\t<div class=\"elementor-widget-wrap elementor-element-populated\">\n\t\t\t\t\t\t<div class=\"elementor-element elementor-element-dabdada kurz elementor-widget elementor-widget-text-editor\" data-id=\"dabdada\" data-element_type=\"widget\" data-e-type=\"widget\" data-widget_type=\"text-editor.default\">\n\t\t\t\t\t\t\t\t\t<h3 style=\"font-size: 20px;\">Kurz\u00fcbersicht zur Verkleinerung der Schamlippen:<\/h3><p><strong>Operationsdauer:<\/strong><br \/>1-2 Stunden<\/p><p><strong>Narkose:<\/strong><br \/>Narkose oder D\u00e4mmerschlaf, kombiniert mit einer \u00f6rtlichen Bet\u00e4ubung<\/p><p><strong>Nachbehandlung:<\/strong><br \/>Sitzb\u00e4der, Salben<\/p><p><strong>Einschr\u00e4nkungen:<\/strong><br \/>1 \u2013 2 Wochen<\/p>\t\t\t\t\t\t\t\t<\/div>\n\t\t\t\t\t<\/div>\n\t\t<\/div>\n\t\t\t\t\t<\/div>\n\t\t<\/section>\n\t\t\t\t<section class=\"elementor-section elementor-top-section elementor-element elementor-element-aa77519 elementor-section-boxed elementor-section-height-default elementor-section-height-default\" data-id=\"aa77519\" data-element_type=\"section\" data-e-type=\"section\">\n\t\t\t\t\t\t<div class=\"elementor-container elementor-column-gap-default\">\n\t\t\t\t\t<div class=\"elementor-column elementor-col-50 elementor-top-column elementor-element elementor-element-d1cc0d4\" data-id=\"d1cc0d4\" data-element_type=\"column\" data-e-type=\"column\">\n\t\t\t<div class=\"elementor-widget-wrap elementor-element-populated\">\n\t\t\t\t\t\t<div class=\"elementor-element elementor-element-b47bff9 elementor-widget elementor-widget-text-editor\" data-id=\"b47bff9\" data-element_type=\"widget\" data-e-type=\"widget\" data-widget_type=\"text-editor.default\">\n\t\t\t\t\t\t\t\t\t<h2>Was passiert bei einer Schamlippenverkleinerung?<\/h2>\n<p style=\"padding-left: 40px;\">Mit einem kleinen Eingriff in Kurz-Narkose oder Lokalan\u00e4sthesie, k\u00f6nnen die inneren Schamlippen harmonisch verkleinert werden. Bei den unterschiedlichen Techniken ist es wichtig, dass m\u00f6glichst wenige oberfl\u00e4chliche Narben entstehen, da diese nach der Operation zu Ber\u00fchrungsschmerzen und sp\u00e4ter zu narbigen Verziehungen f\u00fchren k\u00f6nnen. Die empfindliche Region der Klitoris bleibt g\u00e4nzlich unber\u00fchrt. Da bei diesem ambulanten chirurgischen Eingriff selbstaufl\u00f6sende F\u00e4den zum Einsatz kommen, entf\u00e4llt zudem auch ein Fadenzug nach der OP.<\/p>\n<h2>Gibt es Komplikationen oder Risiken?<\/h2>\n<p style=\"padding-left: 40px;\">Komplikationen in Form von Nachblutungen, Entz\u00fcndungen oder leichten Asymmetrien sind m\u00f6glich, treten aber sehr selten auf. Da es sich um eine gut durchblutete Stelle handelt, ist die Wundheilung meist rasch und die Narbe ist sp\u00e4ter kaum sichtbar.<\/p>\n<h2>Wird das intime Beisammensein beeintr\u00e4chtigt?<\/h2>\n<p style=\"padding-left: 40px;\">Eine Beeintr\u00e4chtigung des intimen Beisammenseins tritt nicht auf, denn die Sensibilit\u00e4t wird nicht eingeschr\u00e4nkt.<\/p>\t\t\t\t\t\t\t\t<\/div>\n\t\t\t\t\t<\/div>\n\t\t<\/div>\n\t\t\t\t<div class=\"elementor-column elementor-col-50 elementor-top-column elementor-element elementor-element-01c046c\" data-id=\"01c046c\" data-element_type=\"column\" data-e-type=\"column\">\n\t\t\t<div class=\"elementor-widget-wrap elementor-element-populated\">\n\t\t\t\t\t\t<div class=\"elementor-element elementor-element-f61ca41 elementor-widget elementor-widget-image\" data-id=\"f61ca41\" data-element_type=\"widget\" data-e-type=\"widget\" data-widget_type=\"image.default\">\n\t\t\t\t\t\t\t\t\t\t\t\t\t\t\t<img decoding=\"async\" width=\"386\" height=\"750\" src=\"https:\/\/dr-montanari.de\/wp-content\/uploads\/focus-montanari-2026-intimchirurgie.png\" class=\"attachment-full size-full wp-image-14906\" alt=\"Focus Auszeichnung Top-Mediziner 2026 Intimchirurgie\" srcset=\"https:\/\/dr-montanari.de\/wp-content\/uploads\/focus-montanari-2026-intimchirurgie.png 386w, https:\/\/dr-montanari.de\/wp-content\/uploads\/focus-montanari-2026-intimchirurgie-154x300.png 154w, https:\/\/dr-montanari.de\/wp-content\/uploads\/focus-montanari-2026-intimchirurgie-6x12.png 6w\" sizes=\"(max-width: 386px) 100vw, 386px\" \/>\t\t\t\t\t\t\t\t\t\t\t\t\t\t\t<\/div>\n\t\t\t\t\t<\/div>\n\t\t<\/div>\n\t\t\t\t\t<\/div>\n\t\t<\/section>\n\t\t\t\t<section class=\"elementor-section elementor-top-section elementor-element elementor-element-aba1108 elementor-section-boxed elementor-section-height-default elementor-section-height-default\" data-id=\"aba1108\" data-element_type=\"section\" data-e-type=\"section\">\n\t\t\t\t\t\t<div class=\"elementor-container elementor-column-gap-default\">\n\t\t\t\t\t<div class=\"elementor-column elementor-col-100 elementor-top-column elementor-element elementor-element-b578010\" data-id=\"b578010\" data-element_type=\"column\" data-e-type=\"column\">\n\t\t\t<div class=\"elementor-widget-wrap elementor-element-populated\">\n\t\t\t\t\t\t<div class=\"elementor-element elementor-element-568b4e4 elementor-widget elementor-widget-text-editor\" data-id=\"568b4e4\" data-element_type=\"widget\" data-e-type=\"widget\" data-widget_type=\"text-editor.default\">\n\t\t\t\t\t\t\t\t\t<h2 style=\"padding-top: 25px;\">Was muss nach einer Schamlippenverkleinerung beachtet werden?<\/h2><p style=\"padding-left: 40px;\">Wie nach fast jeder chirurgischen Operation, sollten sich nach einer Schamlippenverkleinerung einige Wochen schonen. Bei medizinisch indizierten Eingriffen bekommen Sie auch eine private Arbeitsunf\u00e4higkeitsbescheinigung f\u00fcr ungef\u00e4hr eine Woche. Au\u00dferdem raten wir Ihnen, sich einige Tage freizunehmen. Weiterhin geben wir Ihnen ein leichtes Schmerzmittel mit nach Hause und erkl\u00e4ren Ihnen genau, wie Sie dieses einnehmen sollen.<\/p><p style=\"padding-left: 40px;\">Des Weiteren sollten Sie nach der OP bequem sitzende Unterw\u00e4sche und Binden f\u00fcr ca. eine Woche tragen und auf zu enge Jeans und Hosen verzichten. Wir geben Ihnen f\u00fcr die Nachsorge eine Salbe f\u00fcr die Wunde mit, die Sie ab dem zweiten Tag jeden Abend vorsichtig auftragen sollten. Die Wunde kann auch anschwellen, aber das sollte sich nach wenigen Tagen wieder legen. Am ersten Tag nach der Operation machen wir einen Wundcheck in der Praxis.<\/p><p>\t\t<div data-elementor-type=\"section\" data-elementor-id=\"3475\" class=\"elementor elementor-3475\" data-elementor-post-type=\"elementor_library\">\n\t\t\t\t\t<section class=\"elementor-section elementor-top-section elementor-element elementor-element-ff1f288 elementor-section-boxed elementor-section-height-default elementor-section-height-default\" data-id=\"ff1f288\" data-element_type=\"section\" data-e-type=\"section\">\n\t\t\t\t\t\t<div class=\"elementor-container elementor-column-gap-default\">\n\t\t\t\t\t<div class=\"elementor-column elementor-col-100 elementor-top-column elementor-element elementor-element-7c39ca1\" data-id=\"7c39ca1\" data-element_type=\"column\" data-e-type=\"column\">\n\t\t\t<div class=\"elementor-widget-wrap elementor-element-populated\">\n\t\t\t\t\t\t<div class=\"elementor-element elementor-element-d682909 elementor-widget elementor-widget-toggle\" data-id=\"d682909\" data-element_type=\"widget\" data-e-type=\"widget\" data-widget_type=\"toggle.default\">\n\t\t\t\t\t\t\t<div class=\"elementor-toggle\">\n\t\t\t\t\t\t\t<div class=\"elementor-toggle-item\">\n\t\t\t\t\t<div id=\"elementor-tab-title-2241\" class=\"elementor-tab-title\" data-tab=\"1\" role=\"button\" aria-controls=\"elementor-tab-content-2241\" aria-expanded=\"false\">\n\t\t\t\t\t\t\t\t\t\t\t\t<span class=\"elementor-toggle-icon elementor-toggle-icon-left\" aria-hidden=\"true\">\n\t\t\t\t\t\t\t\t\t\t\t\t\t\t\t<span class=\"elementor-toggle-icon-closed\"><i class=\"fas fa-caret-right\"><\/i><\/span>\n\t\t\t\t\t\t\t\t<span class=\"elementor-toggle-icon-opened\"><i class=\"elementor-toggle-icon-opened fas fa-caret-up\"><\/i><\/span>\n\t\t\t\t\t\t\t\t\t\t\t\t\t<\/span>\n\t\t\t\t\t\t\t\t\t\t\t\t<a class=\"elementor-toggle-title\" tabindex=\"0\">Wann darf ich nach der Schamlippenverkleinerung wieder duschen?<\/a>\n\t\t\t\t\t<\/div>\n\n\t\t\t\t\t<div id=\"elementor-tab-content-2241\" class=\"elementor-tab-content elementor-clearfix\" data-tab=\"1\" role=\"region\" aria-labelledby=\"elementor-tab-title-2241\"><p>Sie k\u00f6nnen bereits am Tag nach der OP duschen gehen. Bitte benutzen Sie dabei keine Seife und auch kein besonderes Reinigungsmittel f\u00fcr den Intimbereich. Im Intimbereich gen\u00fcgt es, wenn Sie ihn mit normalem Leitungswasser waschen.<\/p><\/div>\n\t\t\t\t<\/div>\n\t\t\t\t\t\t\t<div class=\"elementor-toggle-item\">\n\t\t\t\t\t<div id=\"elementor-tab-title-2242\" class=\"elementor-tab-title\" data-tab=\"2\" role=\"button\" aria-controls=\"elementor-tab-content-2242\" aria-expanded=\"false\">\n\t\t\t\t\t\t\t\t\t\t\t\t<span class=\"elementor-toggle-icon elementor-toggle-icon-left\" aria-hidden=\"true\">\n\t\t\t\t\t\t\t\t\t\t\t\t\t\t\t<span class=\"elementor-toggle-icon-closed\"><i class=\"fas fa-caret-right\"><\/i><\/span>\n\t\t\t\t\t\t\t\t<span class=\"elementor-toggle-icon-opened\"><i class=\"elementor-toggle-icon-opened fas fa-caret-up\"><\/i><\/span>\n\t\t\t\t\t\t\t\t\t\t\t\t\t<\/span>\n\t\t\t\t\t\t\t\t\t\t\t\t<a class=\"elementor-toggle-title\" tabindex=\"0\">Wann ist nach der Schamlippenverkleinerung wieder Intimverkehr m\u00f6glich?<\/a>\n\t\t\t\t\t<\/div>\n\n\t\t\t\t\t<div id=\"elementor-tab-content-2242\" class=\"elementor-tab-content elementor-clearfix\" data-tab=\"2\" role=\"region\" aria-labelledby=\"elementor-tab-title-2242\"><p>Nach der Operation sollten Sie f\u00fcr sechs Wochen auf Intimverkehr verzichten, um die Wundheilung nicht zu beeintr\u00e4chtigen.<\/p><\/div>\n\t\t\t\t<\/div>\n\t\t\t\t\t\t\t<div class=\"elementor-toggle-item\">\n\t\t\t\t\t<div id=\"elementor-tab-title-2243\" class=\"elementor-tab-title\" data-tab=\"3\" role=\"button\" aria-controls=\"elementor-tab-content-2243\" aria-expanded=\"false\">\n\t\t\t\t\t\t\t\t\t\t\t\t<span class=\"elementor-toggle-icon elementor-toggle-icon-left\" aria-hidden=\"true\">\n\t\t\t\t\t\t\t\t\t\t\t\t\t\t\t<span class=\"elementor-toggle-icon-closed\"><i class=\"fas fa-caret-right\"><\/i><\/span>\n\t\t\t\t\t\t\t\t<span class=\"elementor-toggle-icon-opened\"><i class=\"elementor-toggle-icon-opened fas fa-caret-up\"><\/i><\/span>\n\t\t\t\t\t\t\t\t\t\t\t\t\t<\/span>\n\t\t\t\t\t\t\t\t\t\t\t\t<a class=\"elementor-toggle-title\" tabindex=\"0\">Wann darf ich wieder Sport treiben?<\/a>\n\t\t\t\t\t<\/div>\n\n\t\t\t\t\t<div id=\"elementor-tab-content-2243\" class=\"elementor-tab-content elementor-clearfix\" data-tab=\"3\" role=\"region\" aria-labelledby=\"elementor-tab-title-2243\"><p>F\u00fcr sechs Wochen sollte kein Sport betrieben werden. Vor allem Sportarten, die direkten Kontakt mit ihrem Intimbereich zur Folge haben und zu viel Reibung erzeugen, wie Reiten, Radfahren oder Laufen gehen, sind f\u00fcr sechs Wochen tabu.<\/p><\/div>\n\t\t\t\t<\/div>\n\t\t\t\t\t\t\t\t\t\t<script type=\"application\/ld+json\">{\"@context\":\"https:\\\/\\\/schema.org\",\"@type\":\"FAQPage\",\"mainEntity\":[{\"@type\":\"Question\",\"name\":\"Wann darf ich nach der Schamlippenverkleinerung wieder duschen?\",\"acceptedAnswer\":{\"@type\":\"Answer\",\"text\":\"<p>Sie k\\u00f6nnen bereits am Tag nach der OP duschen gehen. Bitte benutzen Sie dabei keine Seife und auch kein besonderes Reinigungsmittel f\\u00fcr den Intimbereich. Im Intimbereich gen\\u00fcgt es, wenn Sie ihn mit normalem Leitungswasser waschen.<\\\/p>\"}},{\"@type\":\"Question\",\"name\":\"Wann ist nach der Schamlippenverkleinerung wieder Intimverkehr m\\u00f6glich?\",\"acceptedAnswer\":{\"@type\":\"Answer\",\"text\":\"<p>Nach der Operation sollten Sie f\\u00fcr sechs Wochen auf Intimverkehr verzichten, um die Wundheilung nicht zu beeintr\\u00e4chtigen.<\\\/p>\"}},{\"@type\":\"Question\",\"name\":\"Wann darf ich wieder Sport treiben?\",\"acceptedAnswer\":{\"@type\":\"Answer\",\"text\":\"<p>F\\u00fcr sechs Wochen sollte kein Sport betrieben werden. Vor allem Sportarten, die direkten Kontakt mit ihrem Intimbereich zur Folge haben und zu viel Reibung erzeugen, wie Reiten, Radfahren oder Laufen gehen, sind f\\u00fcr sechs Wochen tabu.<\\\/p>\"}}]}<\/script>\n\t\t\t\t\t<\/div>\n\t\t\t\t\t\t<\/div>\n\t\t\t\t\t<\/div>\n\t\t<\/div>\n\t\t\t\t\t<\/div>\n\t\t<\/section>\n\t\t\t\t<\/div>\n\t\t<\/p><h2 style=\"padding-top: 25px;\">Wie viel kostet eine Schamlippenverkleinerung?<\/h2><p style=\"padding-left: 40px;\">Die Preise richten sich nach dem individuellen Befund und der gew\u00e4hlten Operationstechnik. Bei uns in der Praxis liegen diese zwischen EUR 1.800,- und EUR 6.000,-<\/p><h3 style=\"padding-top: 25px;\">Wann zahlt Krankenkasse Schamlippe verkleinern?<\/h3><p style=\"padding-left: 40px;\">Die Krankenkasse zahlt die Kosten f\u00fcr die Verkleinerung der Schamlippen nur in sehr seltenen F\u00e4llen dann, wenn eine eindeutige medizinische Indikation vorliegt \u2013 sprich: Sie muss medizinisch notwendig sein.<\/p>\t\t\t\t\t\t\t\t<\/div>\n\t\t\t\t\t<\/div>\n\t\t<\/div>\n\t\t\t\t\t<\/div>\n\t\t<\/section>\n\t\t\t\t<section class=\"elementor-section elementor-top-section elementor-element elementor-element-3aac78d elementor-section-boxed elementor-section-height-default elementor-section-height-default\" data-id=\"3aac78d\" data-element_type=\"section\" data-e-type=\"section\" data-settings=\"{&quot;background_background&quot;:&quot;classic&quot;,&quot;shape_divider_bottom&quot;:&quot;arrow&quot;,&quot;shape_divider_bottom_negative&quot;:&quot;yes&quot;}\">\n\t\t\t\t\t<div class=\"elementor-shape elementor-shape-bottom\" aria-hidden=\"true\" data-negative=\"true\">\n\t\t\t<svg xmlns=\"http:\/\/www.w3.org\/2000\/svg\" viewBox=\"0 0 700 10\" preserveAspectRatio=\"none\">\n\t<path class=\"elementor-shape-fill\" d=\"M360 0L350 9.9 340 0 0 0 0 10 700 10 700 0\"\/>\n<\/svg>\t\t<\/div>\n\t\t\t\t\t<div class=\"elementor-container elementor-column-gap-default\">\n\t\t\t\t\t<div class=\"elementor-column elementor-col-100 elementor-top-column elementor-element elementor-element-53bce76\" data-id=\"53bce76\" data-element_type=\"column\" data-e-type=\"column\">\n\t\t\t<div class=\"elementor-widget-wrap elementor-element-populated\">\n\t\t\t\t\t\t<div class=\"elementor-element elementor-element-18fc10e elementor-widget elementor-widget-heading\" data-id=\"18fc10e\" data-element_type=\"widget\" data-e-type=\"widget\" data-widget_type=\"heading.default\">\n\t\t\t\t\t<h2 class=\"elementor-heading-title elementor-size-default\">Worauf sollten Sie bei Ihrer Arztwahl \/ Wahl der Klinik achten?<\/h2>\t\t\t\t<\/div>\n\t\t\t\t<div class=\"elementor-element elementor-element-ffdd456 elementor-widget elementor-widget-text-editor\" data-id=\"ffdd456\" data-element_type=\"widget\" data-e-type=\"widget\" data-widget_type=\"text-editor.default\">\n\t\t\t\t\t\t\t\t\t<p>Achten Sie bei Ihrer Facharztwahl auf die Bezeichnung Facharzt f\u00fcr Plastische und \u00c4sthetische Chirurgie. Abweichende Bezeichnungen wie z. B. Beauty-Doc, Sch\u00f6nheitschirurg, etc. sind ungesch\u00fctzt und kein Zeichen f\u00fcr die Qualifikation (mehr zum Thema &#8222;<a href=\"https:\/\/dr-montanari.de\/checkliste-facharzt-plastische-chirurgie\/\">Was sollten Sie bei Ihrer Facharztwahl beachten?<\/a>&#8222;.<\/p><p>Achten Sie darauf, dass Sie eine umfangreiche Voruntersuchung und Aufkl\u00e4rung \u00fcber den Behandlungsverlauf, m\u00f6gliche Risiken und den Heilungsverlauf erhalten.<\/p>\t\t\t\t\t\t\t\t<\/div>\n\t\t\t\t\t<\/div>\n\t\t<\/div>\n\t\t\t\t\t<\/div>\n\t\t<\/section>\n\t\t\t\t<section class=\"elementor-section elementor-top-section elementor-element elementor-element-2c16790 elementor-section-boxed elementor-section-height-default elementor-section-height-default\" data-id=\"2c16790\" data-element_type=\"section\" data-e-type=\"section\">\n\t\t\t\t\t\t<div class=\"elementor-container elementor-column-gap-default\">\n\t\t\t\t\t<div class=\"elementor-column elementor-col-100 elementor-top-column elementor-element elementor-element-709fcc1\" data-id=\"709fcc1\" data-element_type=\"column\" data-e-type=\"column\">\n\t\t\t<div class=\"elementor-widget-wrap elementor-element-populated\">\n\t\t\t\t\t\t<div class=\"elementor-element elementor-element-b15a13d elementor-widget elementor-widget-heading\" data-id=\"b15a13d\" data-element_type=\"widget\" data-e-type=\"widget\" data-widget_type=\"heading.default\">\n\t\t\t\t\t<h2 class=\"elementor-heading-title elementor-size-default\">Warum sollten Sie zu uns kommen?<\/h2>\t\t\t\t<\/div>\n\t\t\t\t<div class=\"elementor-element elementor-element-8b55969 elementor-widget elementor-widget-text-editor\" data-id=\"8b55969\" data-element_type=\"widget\" data-e-type=\"widget\" data-widget_type=\"text-editor.default\">\n\t\t\t\t\t\t\t\t\t<p>Umfangreiche Erfahrung, maximale Hygiene und Infektionsschutz, stetige Weiterbildung und maximale Sorgfalt sind die Grundlage in unserer Praxis. Dies spiegelt sich auch an der Vielzahl positiver Patientenbewertungen, unserer Siegel und Auszeichnungen wider.<\/p><p>Nutzen Sie unsere langj\u00e4hrige Erfahrung. Fr. Dr. med. Michaela Montanari ist seit 2021 Mitglied des Vorstandes der Deutschen Gesellschaft f\u00fcr \u00c4sthetisch-Plastische Chirurgie (DG\u00c4PC).<\/p>\t\t\t\t\t\t\t\t<\/div>\n\t\t\t\t<section class=\"elementor-section elementor-inner-section elementor-element elementor-element-90fed15 elementor-section-boxed elementor-section-height-default elementor-section-height-default\" data-id=\"90fed15\" data-element_type=\"section\" data-e-type=\"section\">\n\t\t\t\t\t\t<div class=\"elementor-container elementor-column-gap-default\">\n\t\t\t\t\t<div class=\"elementor-column elementor-col-50 elementor-inner-column elementor-element elementor-element-6920fce\" data-id=\"6920fce\" data-element_type=\"column\" data-e-type=\"column\">\n\t\t\t<div class=\"elementor-widget-wrap elementor-element-populated\">\n\t\t\t\t\t\t<div class=\"elementor-element elementor-element-d2f0205 elementor-align-center e-transform elementor-widget elementor-widget-button\" data-id=\"d2f0205\" data-element_type=\"widget\" data-e-type=\"widget\" data-settings=\"{&quot;_transform_scale_effect_hover&quot;:{&quot;unit&quot;:&quot;px&quot;,&quot;size&quot;:1.100000000000000088817841970012523233890533447265625,&quot;sizes&quot;:[]},&quot;_transform_scale_effect_hover_tablet&quot;:{&quot;unit&quot;:&quot;px&quot;,&quot;size&quot;:&quot;&quot;,&quot;sizes&quot;:[]},&quot;_transform_scale_effect_hover_mobile&quot;:{&quot;unit&quot;:&quot;px&quot;,&quot;size&quot;:&quot;&quot;,&quot;sizes&quot;:[]}}\" data-widget_type=\"button.default\">\n\t\t\t\t\t\t\t\t\t\t<a class=\"elementor-button elementor-button-link elementor-size-sm\" href=\"https:\/\/dr-montanari.de\/auszeichnungen\/\">\n\t\t\t\t\t\t<span class=\"elementor-button-content-wrapper\">\n\t\t\t\t\t\t\t\t\t<span class=\"elementor-button-text\">Unsere Auszeichnungen<\/span>\n\t\t\t\t\t<\/span>\n\t\t\t\t\t<\/a>\n\t\t\t\t\t\t\t\t<\/div>\n\t\t\t\t\t<\/div>\n\t\t<\/div>\n\t\t\t\t<div class=\"elementor-column elementor-col-50 elementor-inner-column elementor-element elementor-element-1c4b994\" data-id=\"1c4b994\" data-element_type=\"column\" data-e-type=\"column\">\n\t\t\t<div class=\"elementor-widget-wrap elementor-element-populated\">\n\t\t\t\t\t\t<div class=\"elementor-element elementor-element-90c5d4b elementor-align-center e-transform elementor-widget elementor-widget-button\" data-id=\"90c5d4b\" data-element_type=\"widget\" data-e-type=\"widget\" data-settings=\"{&quot;_transform_scale_effect_hover&quot;:{&quot;unit&quot;:&quot;px&quot;,&quot;size&quot;:1.100000000000000088817841970012523233890533447265625,&quot;sizes&quot;:[]},&quot;_transform_scale_effect_hover_tablet&quot;:{&quot;unit&quot;:&quot;px&quot;,&quot;size&quot;:&quot;&quot;,&quot;sizes&quot;:[]},&quot;_transform_scale_effect_hover_mobile&quot;:{&quot;unit&quot;:&quot;px&quot;,&quot;size&quot;:&quot;&quot;,&quot;sizes&quot;:[]}}\" data-widget_type=\"button.default\">\n\t\t\t\t\t\t\t\t\t\t<a class=\"elementor-button elementor-button-link elementor-size-sm\" href=\"https:\/\/dr-montanari.de\/praxis\/patientenstimmen-arztbewertung\/\">\n\t\t\t\t\t\t<span class=\"elementor-button-content-wrapper\">\n\t\t\t\t\t\t\t\t\t<span class=\"elementor-button-text\">Patientenstimmen<\/span>\n\t\t\t\t\t<\/span>\n\t\t\t\t\t<\/a>\n\t\t\t\t\t\t\t\t<\/div>\n\t\t\t\t\t<\/div>\n\t\t<\/div>\n\t\t\t\t\t<\/div>\n\t\t<\/section>\n\t\t\t\t\t<\/div>\n\t\t<\/div>\n\t\t\t\t\t<\/div>\n\t\t<\/section>\n\t\t\t\t<section class=\"elementor-section elementor-top-section elementor-element elementor-element-d01e187 elementor-section-boxed elementor-section-height-default elementor-section-height-default\" data-id=\"d01e187\" data-element_type=\"section\" data-e-type=\"section\">\n\t\t\t\t\t\t<div class=\"elementor-container elementor-column-gap-default\">\n\t\t\t\t\t<div class=\"elementor-column elementor-col-100 elementor-top-column elementor-element elementor-element-976cb07\" data-id=\"976cb07\" data-element_type=\"column\" data-e-type=\"column\">\n\t\t\t<div class=\"elementor-widget-wrap elementor-element-populated\">\n\t\t\t\t\t\t<div class=\"elementor-element elementor-element-b51bfde elementor-widget elementor-widget-heading\" data-id=\"b51bfde\" data-element_type=\"widget\" data-e-type=\"widget\" data-widget_type=\"heading.default\">\n\t\t\t\t\t<h2 class=\"elementor-heading-title elementor-size-default\">Sie haben Fragen?<\/h2>\t\t\t\t<\/div>\n\t\t\t\t<div class=\"elementor-element elementor-element-f4980da elementor-widget elementor-widget-text-editor\" data-id=\"f4980da\" data-element_type=\"widget\" data-e-type=\"widget\" data-widget_type=\"text-editor.default\">\n\t\t\t\t\t\t\t\t\tDr. med. Michaela Montanari, Dr. med. Anna Maria Bugariu und Inna Roeschies beantworten Ihnen gerne alle Ihre Fragen rund um die Verkleinerung Ihrer Schamlippen. <span style=\"color: var( --e-global-color-text ); font-family: var( --e-global-typography-text-font-family ), Sans-serif; font-weight: var( --e-global-typography-text-font-weight ); font-size: 1rem;\">Vereinbaren Sie Ihr pers\u00f6nliches Beratungsgespr\u00e4ch.<\/span>\t\t\t\t\t\t\t\t<\/div>\n\t\t\t\t\t<\/div>\n\t\t<\/div>\n\t\t\t\t\t<\/div>\n\t\t<\/section>\n\t\t\t\t<section class=\"elementor-section elementor-top-section elementor-element elementor-element-14f362c elementor-section-boxed elementor-section-height-default elementor-section-height-default\" data-id=\"14f362c\" data-element_type=\"section\" data-e-type=\"section\">\n\t\t\t\t\t\t<div class=\"elementor-container elementor-column-gap-default\">\n\t\t\t\t\t<div class=\"elementor-column elementor-col-100 elementor-top-column elementor-element elementor-element-d8391a6\" data-id=\"d8391a6\" data-element_type=\"column\" data-e-type=\"column\">\n\t\t\t<div class=\"elementor-widget-wrap elementor-element-populated\">\n\t\t\t\t\t\t<div class=\"elementor-element elementor-element-ef5f124 elementor-widget elementor-widget-shortcode\" data-id=\"ef5f124\" data-element_type=\"widget\" data-e-type=\"widget\" data-widget_type=\"shortcode.default\">\n\t\t\t\t\t\t\t<div class=\"elementor-shortcode\">\t\t<div data-elementor-type=\"section\" data-elementor-id=\"14133\" class=\"elementor elementor-14133\" data-elementor-post-type=\"elementor_library\">\n\t\t\t\t\t<section class=\"elementor-section elementor-top-section elementor-element elementor-element-7e8b1101 elementor-section-boxed elementor-section-height-default elementor-section-height-default elementor-invisible\" data-id=\"7e8b1101\" data-element_type=\"section\" data-e-type=\"section\" data-settings=\"{&quot;animation&quot;:&quot;fadeIn&quot;}\">\n\t\t\t\t\t\t<div class=\"elementor-container elementor-column-gap-default\">\n\t\t\t\t\t<div class=\"elementor-column elementor-col-100 elementor-top-column elementor-element elementor-element-1977b889\" data-id=\"1977b889\" data-element_type=\"column\" data-e-type=\"column\">\n\t\t\t<div class=\"elementor-widget-wrap elementor-element-populated\">\n\t\t\t\t\t\t<div class=\"elementor-element elementor-element-32b7292c elementor-widget elementor-widget-heading\" data-id=\"32b7292c\" data-element_type=\"widget\" data-e-type=\"widget\" data-widget_type=\"heading.default\">\n\t\t\t\t\t<h2 class=\"elementor-heading-title elementor-size-default\">Unsere Fach\u00e4rzte f\u00fcr Plastische und \u00c4sthetische Chirurgie<\/h2>\t\t\t\t<\/div>\n\t\t\t\t<section class=\"elementor-section elementor-inner-section elementor-element elementor-element-3a72080b elementor-section-boxed elementor-section-height-default elementor-section-height-default\" data-id=\"3a72080b\" data-element_type=\"section\" data-e-type=\"section\">\n\t\t\t\t\t\t<div class=\"elementor-container elementor-column-gap-default\">\n\t\t\t\t\t<div class=\"elementor-column elementor-col-33 elementor-inner-column elementor-element elementor-element-2bf84233\" data-id=\"2bf84233\" data-element_type=\"column\" data-e-type=\"column\">\n\t\t\t<div class=\"elementor-widget-wrap elementor-element-populated\">\n\t\t\t\t\t\t<div class=\"elementor-element elementor-element-4a3e1d82 elementor-widget elementor-widget-image\" data-id=\"4a3e1d82\" data-element_type=\"widget\" data-e-type=\"widget\" data-widget_type=\"image.default\">\n\t\t\t\t\t\t\t\t\t\t\t\t<figure class=\"wp-caption\">\n\t\t\t\t\t\t\t\t\t\t\t<a href=\"https:\/\/dr-montanari.de\/praxis\/dr-med-michaela-montanari\/\">\n\t\t\t\t\t\t\t<img decoding=\"async\" src=\"https:\/\/dr-montanari.de\/uploads\/praxisteam\/Dr-med-Michaela-Montanari-2021.jpg\" title=\"\" alt=\"Dr. med. Michaela Montanari\" loading=\"lazy\" \/>\t\t\t\t\t\t\t\t<\/a>\n\t\t\t\t\t\t\t\t\t\t\t<figcaption class=\"widget-image-caption wp-caption-text\"><b>Dr. med. Michaela Montanari<\/b><br>Fach\u00e4rztin f\u00fcr Plastische und \u00c4sthetische Chirurgie<br>Fach\u00e4rztin f\u00fcr Chirurgie<br>Pr\u00e4sidentin der<br><a href=\"https:\/\/www.dgaepc.de\" target=\"_blank\" rel=\"noopener\">Deutschen Gesellschaft f\u00fcr \u00c4sthetisch-Plastische Chirurgie<\/a><\/figcaption>\n\t\t\t\t\t\t\t\t\t\t<\/figure>\n\t\t\t\t\t\t\t\t\t<\/div>\n\t\t\t\t\t<\/div>\n\t\t<\/div>\n\t\t\t\t<div class=\"elementor-column elementor-col-33 elementor-inner-column elementor-element elementor-element-6b0f543d\" data-id=\"6b0f543d\" data-element_type=\"column\" data-e-type=\"column\">\n\t\t\t<div class=\"elementor-widget-wrap elementor-element-populated\">\n\t\t\t\t\t\t<div class=\"elementor-element elementor-element-6b5750d6 elementor-widget elementor-widget-image\" data-id=\"6b5750d6\" data-element_type=\"widget\" data-e-type=\"widget\" data-widget_type=\"image.default\">\n\t\t\t\t\t\t\t\t\t\t\t\t<figure class=\"wp-caption\">\n\t\t\t\t\t\t\t\t\t\t\t<a href=\"https:\/\/dr-montanari.de\/praxis\/dr-med-anna-maria-bugariu\/\">\n\t\t\t\t\t\t\t<img decoding=\"async\" width=\"600\" height=\"400\" src=\"https:\/\/dr-montanari.de\/wp-content\/uploads\/dr-anna-maria-bugariu.avif\" class=\"attachment-full size-full wp-image-2359\" alt=\"dr-anna-maria-bugariu\" srcset=\"https:\/\/dr-montanari.de\/wp-content\/uploads\/dr-anna-maria-bugariu.avif 600w, https:\/\/dr-montanari.de\/wp-content\/uploads\/dr-anna-maria-bugariu-300x200.avif 300w, https:\/\/dr-montanari.de\/wp-content\/uploads\/dr-anna-maria-bugariu-113x75.avif 113w, https:\/\/dr-montanari.de\/wp-content\/uploads\/dr-anna-maria-bugariu-480x320.avif 480w\" sizes=\"(max-width: 600px) 100vw, 600px\" \/>\t\t\t\t\t\t\t\t<\/a>\n\t\t\t\t\t\t\t\t\t\t\t<figcaption class=\"widget-image-caption wp-caption-text\"><b>Dr. med. Anna Maria Bugariu<\/b><br>Fach\u00e4rztin f\u00fcr<br>Plastische und \u00c4sthetische Chirurgie<\/figcaption>\n\t\t\t\t\t\t\t\t\t\t<\/figure>\n\t\t\t\t\t\t\t\t\t<\/div>\n\t\t\t\t\t<\/div>\n\t\t<\/div>\n\t\t\t\t<div class=\"elementor-column elementor-col-33 elementor-inner-column elementor-element elementor-element-15311bea\" data-id=\"15311bea\" data-element_type=\"column\" data-e-type=\"column\">\n\t\t\t<div class=\"elementor-widget-wrap elementor-element-populated\">\n\t\t\t\t\t\t<div class=\"elementor-element elementor-element-29f1f89e elementor-widget elementor-widget-image\" data-id=\"29f1f89e\" data-element_type=\"widget\" data-e-type=\"widget\" data-widget_type=\"image.default\">\n\t\t\t\t\t\t\t\t\t\t\t\t<figure class=\"wp-caption\">\n\t\t\t\t\t\t\t\t\t\t\t<a href=\"https:\/\/dr-montanari.de\/praxis\/inna-roeschies\/\">\n\t\t\t\t\t\t\t<img loading=\"lazy\" decoding=\"async\" width=\"600\" height=\"400\" src=\"https:\/\/dr-montanari.de\/wp-content\/uploads\/Unbenannt-11.avif\" class=\"attachment-full size-full wp-image-13601\" alt=\"Inna Roeschies\" srcset=\"https:\/\/dr-montanari.de\/wp-content\/uploads\/Unbenannt-11.avif 600w, https:\/\/dr-montanari.de\/wp-content\/uploads\/Unbenannt-11-300x200.avif 300w, https:\/\/dr-montanari.de\/wp-content\/uploads\/Unbenannt-11-18x12.avif 18w\" sizes=\"(max-width: 600px) 100vw, 600px\" \/>\t\t\t\t\t\t\t\t<\/a>\n\t\t\t\t\t\t\t\t\t\t\t<figcaption class=\"widget-image-caption wp-caption-text\"><b>Inna Roeschies<\/b><br>Fach\u00e4rztin f\u00fcr<br>Plastische und \u00c4sthetische Chirurgie<\/figcaption>\n\t\t\t\t\t\t\t\t\t\t<\/figure>\n\t\t\t\t\t\t\t\t\t<\/div>\n\t\t\t\t\t<\/div>\n\t\t<\/div>\n\t\t\t\t\t<\/div>\n\t\t<\/section>\n\t\t\t\t\t<\/div>\n\t\t<\/div>\n\t\t\t\t\t<\/div>\n\t\t<\/section>\n\t\t\t\t<\/div>\n\t\t<\/div>\n\t\t\t\t\t\t<\/div>\n\t\t\t\t<div class=\"elementor-element elementor-element-f4798b8 elementor-widget elementor-widget-text-editor\" data-id=\"f4798b8\" data-element_type=\"widget\" data-e-type=\"widget\" data-widget_type=\"text-editor.default\">\n\t\t\t\t\t\t\t\t\t<script defer async src='https:\/\/cdn.trustindex.io\/loader.js?2a469e22723113809f86f7d1823'><\/script>\t\t\t\t\t\t\t\t<\/div>\n\t\t\t\t\t<\/div>\n\t\t<\/div>\n\t\t\t\t\t<\/div>\n\t\t<\/section>\n\t\t\t\t<\/div>\n\t\t","protected":false},"excerpt":{"rendered":"<p>Schamlippenverkleinerung \/ Labienresektion von Frau zu Frau Assoziierte Begriffe:Labienkorrektur, Labienplastik, Labienverkleinerung, Labienreduktion, Nymphoplastik, Intim-Op, Intim-Chirurgie Dr. Michaela Montanari z\u00e4hlt bereits seit 2017 zu den \u201eFocus Top Medizinern f\u00fcr Intimchirurgie und in der Sonderausgabe des stern \u201eGute \u00c4rzte f\u00fcr mich\u201c z\u00e4hlt sie seit 2022 in dieser Kategorie zu den Expertinnen. Sie ber\u00e4t Sie in Sachen Intimchirurgie [&hellip;]<\/p>\n","protected":false},"author":1,"featured_media":10460,"parent":218,"menu_order":0,"comment_status":"closed","ping_status":"closed","template":"","meta":{"footnotes":""},"class_list":["post-220","page","type-page","status-publish","has-post-thumbnail","hentry"],"_links":{"self":[{"href":"https:\/\/dr-montanari.de\/en\/wp-json\/wp\/v2\/pages\/220","targetHints":{"allow":["GET"]}}],"collection":[{"href":"https:\/\/dr-montanari.de\/en\/wp-json\/wp\/v2\/pages"}],"about":[{"href":"https:\/\/dr-montanari.de\/en\/wp-json\/wp\/v2\/types\/page"}],"author":[{"embeddable":true,"href":"https:\/\/dr-montanari.de\/en\/wp-json\/wp\/v2\/users\/1"}],"replies":[{"embeddable":true,"href":"https:\/\/dr-montanari.de\/en\/wp-json\/wp\/v2\/comments?post=220"}],"version-history":[{"count":9,"href":"https:\/\/dr-montanari.de\/en\/wp-json\/wp\/v2\/pages\/220\/revisions"}],"predecessor-version":[{"id":14912,"href":"https:\/\/dr-montanari.de\/en\/wp-json\/wp\/v2\/pages\/220\/revisions\/14912"}],"up":[{"embeddable":true,"href":"https:\/\/dr-montanari.de\/en\/wp-json\/wp\/v2\/pages\/218"}],"wp:featuredmedia":[{"embeddable":true,"href":"https:\/\/dr-montanari.de\/en\/wp-json\/wp\/v2\/media\/10460"}],"wp:attachment":[{"href":"https:\/\/dr-montanari.de\/en\/wp-json\/wp\/v2\/media?parent=220"}],"curies":[{"name":"wp","href":"https:\/\/api.w.org\/{rel}","templated":true}]}}