{"id":234,"date":"2018-08-13T10:57:58","date_gmt":"2018-08-13T08:57:58","guid":{"rendered":"http:\/\/dr-montanari.de.w0184301.kasserver.com\/?page_id=234"},"modified":"2025-11-25T11:51:28","modified_gmt":"2025-11-25T10:51:28","slug":"face-lift","status":"publish","type":"page","link":"https:\/\/dr-montanari.de\/en\/leistungsspektrum\/gesicht\/gesichtsstraffung\/","title":{"rendered":"Facelift"},"content":{"rendered":"<div data-elementor-type=\"wp-page\" data-elementor-id=\"234\" class=\"elementor elementor-234\" data-elementor-post-type=\"page\">\n\t\t\t\t\t\t<section class=\"elementor-section elementor-top-section elementor-element elementor-element-b8a0851 elementor-section-full_width elementor-reverse-tablet elementor-reverse-mobile elementor-section-height-default elementor-section-height-default\" data-id=\"b8a0851\" data-element_type=\"section\" data-e-type=\"section\" data-settings=\"{&quot;background_background&quot;:&quot;classic&quot;}\">\n\t\t\t\t\t\t\t<div class=\"elementor-background-overlay\"><\/div>\n\t\t\t\t\t\t\t<div class=\"elementor-container elementor-column-gap-default\">\n\t\t\t\t\t<div class=\"elementor-column elementor-col-50 elementor-top-column elementor-element elementor-element-ab86cb5\" data-id=\"ab86cb5\" data-element_type=\"column\" data-e-type=\"column\">\n\t\t\t<div class=\"elementor-widget-wrap elementor-element-populated\">\n\t\t\t\t\t\t<div class=\"elementor-element elementor-element-b8d50d5 elementor-widget elementor-widget-heading\" data-id=\"b8d50d5\" data-element_type=\"widget\" data-e-type=\"widget\" data-widget_type=\"heading.default\">\n\t\t\t\t\t<h1 class=\"elementor-heading-title elementor-size-default\">Facelift: Facelift with natural results <\/h1>\t\t\t\t<\/div>\n\t\t\t\t<div class=\"elementor-element elementor-element-c3b509a elementor-widget elementor-widget-text-editor\" data-id=\"c3b509a\" data-element_type=\"widget\" data-e-type=\"widget\" data-widget_type=\"text-editor.default\">\n\t\t\t\t\t\t\t\t\t<script defer async src='https:\/\/cdn.trustindex.io\/loader.js?2a469e22723113809f86f7d1823'><\/script>\t\t\t\t\t\t\t\t<\/div>\n\t\t\t\t\t<\/div>\n\t\t<\/div>\n\t\t\t\t<div class=\"elementor-column elementor-col-50 elementor-top-column elementor-element elementor-element-c612c97\" data-id=\"c612c97\" data-element_type=\"column\" data-e-type=\"column\">\n\t\t\t<div class=\"elementor-widget-wrap elementor-element-populated\">\n\t\t\t\t\t\t<div class=\"elementor-element elementor-element-b704636 elementor-widget elementor-widget-image\" data-id=\"b704636\" data-element_type=\"widget\" data-e-type=\"widget\" data-widget_type=\"image.default\">\n\t\t\t\t\t\t\t\t\t\t\t\t\t\t\t<img fetchpriority=\"high\" decoding=\"async\" width=\"750\" height=\"500\" src=\"https:\/\/dr-montanari.de\/wp-content\/uploads\/facelifting_gesichtsstraffung.avif\" class=\"attachment-full size-full wp-image-10860\" alt=\"facelift\" srcset=\"https:\/\/dr-montanari.de\/wp-content\/uploads\/facelifting_gesichtsstraffung.avif 750w, https:\/\/dr-montanari.de\/wp-content\/uploads\/facelifting_gesichtsstraffung-300x200.png 300w, https:\/\/dr-montanari.de\/wp-content\/uploads\/facelifting_gesichtsstraffung-18x12.png 18w\" sizes=\"(max-width: 750px) 100vw, 750px\" \/>\t\t\t\t\t\t\t\t\t\t\t\t\t\t\t<\/div>\n\t\t\t\t\t<\/div>\n\t\t<\/div>\n\t\t\t\t\t<\/div>\n\t\t<\/section>\n\t\t\t\t<section class=\"elementor-section elementor-top-section elementor-element elementor-element-9e7d2c5 elementor-section-boxed elementor-section-height-default elementor-section-height-default\" data-id=\"9e7d2c5\" data-element_type=\"section\" data-e-type=\"section\">\n\t\t\t\t\t\t<div class=\"elementor-container elementor-column-gap-default\">\n\t\t\t\t\t<div class=\"elementor-column elementor-col-50 elementor-top-column elementor-element elementor-element-b13d006\" data-id=\"b13d006\" data-element_type=\"column\" data-e-type=\"column\">\n\t\t\t<div class=\"elementor-widget-wrap elementor-element-populated\">\n\t\t\t\t\t\t<div class=\"elementor-element elementor-element-6eaa85a elementor-widget elementor-widget-text-editor\" data-id=\"6eaa85a\" data-element_type=\"widget\" data-e-type=\"widget\" data-widget_type=\"text-editor.default\">\n\t\t\t\t\t\t\t\t\t<p>If the signs of the ageing process become noticeable on the face, the desire for facial rejuvenation often arises.  Affected people want to look younger, fresher or more rested. Depending on the extent of wrinkling, volume changes or sagging skin, a facelift can rejuvenate the face.\u00a0<\/p>\t\t\t\t\t\t\t\t<\/div>\n\t\t\t\t<div class=\"elementor-element elementor-element-e9e06e3 elementor-widget elementor-widget-heading\" data-id=\"e9e06e3\" data-element_type=\"widget\" data-e-type=\"widget\" data-widget_type=\"heading.default\">\n\t\t\t\t\t<h2 class=\"elementor-heading-title elementor-size-default\">The basics of a facelift<\/h2>\t\t\t\t<\/div>\n\t\t\t\t<div class=\"elementor-element elementor-element-b31c460 elementor-widget elementor-widget-text-editor\" data-id=\"b31c460\" data-element_type=\"widget\" data-e-type=\"widget\" data-widget_type=\"text-editor.default\">\n\t\t\t\t\t\t\t\t\t<p>Beauty primarily means charisma, attractiveness, harmony and is in harmony with the personal feeling of happiness.<\/p><p>The signs of the ageing process are usually particularly noticeable on the face. Volume and proportion shifts as well as tissue sagging in conjunction with gravity can disrupt the harmony of the face. The following problem areas are often visible:<\/p><ul><li>Wrinkles, sagging skin or excess fatty tissue on the neck<\/li><li>Loss of the chin line contour with sagging cheeks<\/li><li>Formation of bags under the eyes and the so-called tear trough<\/li><li>Flattening of the zygomatic arch<\/li><li>Wrinkles in the cheek area with lack of volume in the cheeks (hollow cheeks)<\/li><li>Deep wrinkle between the nose and the corners of the mouth (so-called nasolabial fold)<\/li><li>Lack of volume on the lips<\/li><\/ul>\t\t\t\t\t\t\t\t<\/div>\n\t\t\t\t\t<\/div>\n\t\t<\/div>\n\t\t\t\t<div class=\"elementor-column elementor-col-50 elementor-top-column elementor-element elementor-element-2b6e698\" data-id=\"2b6e698\" data-element_type=\"column\" data-e-type=\"column\">\n\t\t\t<div class=\"elementor-widget-wrap elementor-element-populated\">\n\t\t\t\t\t\t<div class=\"elementor-element elementor-element-e166d7e kurz elementor-widget elementor-widget-text-editor\" data-id=\"e166d7e\" data-element_type=\"widget\" data-e-type=\"widget\" data-widget_type=\"text-editor.default\">\n\t\t\t\t\t\t\t\t\t<h3>Brief overview of facelift:<\/h3><p><strong>Duration of treatment:<\/strong><br \/>3-5 hours<\/p><p><strong>Anaesthesia:<\/strong><br \/>General anaesthesia, if necessary also twilight sleep<\/p><p><strong>Follow-up treatment:<\/strong><br \/>Head bandage for 2 days<\/p><p><strong>Load restrictions:<\/strong><br \/>2 -4 weeks<\/p><p><strong>Is often combined with<\/strong><\/p><ul><li><a href=\"https:\/\/dr-montanari.de\/en\/range-of-services\/face\/lidcorrection\/\">Eyelid lift<\/a><\/li><li><a href=\"https:\/\/dr-montanari.de\/en\/range-of-services\/face\/forehead-lift\/\">Forehead lift<\/a><\/li><li><a href=\"https:\/\/dr-montanari.de\/en\/range-of-services\/face\/eyebrow-correction\/\">Eyebrow lift<\/a><\/li><li><a href=\"https:\/\/dr-montanari.de\/en\/range-of-services\/skin\/lipofilling\/\">Lipofilling<\/a><\/li><\/ul><p><strong><br \/>Associated terms:<br \/><\/strong><em>Facelift, face lift, facial skin tightening, face tightening<\/em><\/p>\t\t\t\t\t\t\t\t<\/div>\n\t\t\t\t\t<\/div>\n\t\t<\/div>\n\t\t\t\t\t<\/div>\n\t\t<\/section>\n\t\t\t\t<section class=\"elementor-section elementor-top-section elementor-element elementor-element-25f5b40 elementor-section-boxed elementor-section-height-default elementor-section-height-default\" data-id=\"25f5b40\" data-element_type=\"section\" data-e-type=\"section\">\n\t\t\t\t\t\t<div class=\"elementor-container elementor-column-gap-default\">\n\t\t\t\t\t<div class=\"elementor-column elementor-col-100 elementor-top-column elementor-element elementor-element-0be6bec\" data-id=\"0be6bec\" data-element_type=\"column\" data-e-type=\"column\">\n\t\t\t<div class=\"elementor-widget-wrap elementor-element-populated\">\n\t\t\t\t\t\t<div class=\"elementor-element elementor-element-24f8119 elementor-widget elementor-widget-heading\" data-id=\"24f8119\" data-element_type=\"widget\" data-e-type=\"widget\" data-widget_type=\"heading.default\">\n\t\t\t\t\t<h2 class=\"elementor-heading-title elementor-size-default\">What is the aim of a facelift?<\/h2>\t\t\t\t<\/div>\n\t\t\t\t<div class=\"elementor-element elementor-element-fbae777 elementor-widget elementor-widget-text-editor\" data-id=\"fbae777\" data-element_type=\"widget\" data-e-type=\"widget\" data-widget_type=\"text-editor.default\">\n\t\t\t\t\t\t\t\t\t<p>The aim of facial rejuvenation surgery or treatment is usually to look fresher and more refreshed.<\/p>\t\t\t\t\t\t\t\t<\/div>\n\t\t\t\t\t<\/div>\n\t\t<\/div>\n\t\t\t\t\t<\/div>\n\t\t<\/section>\n\t\t\t\t<section class=\"elementor-section elementor-top-section elementor-element elementor-element-369ff07 elementor-section-boxed elementor-section-height-default elementor-section-height-default\" data-id=\"369ff07\" data-element_type=\"section\" data-e-type=\"section\">\n\t\t\t\t\t\t<div class=\"elementor-container elementor-column-gap-default\">\n\t\t\t\t\t<div class=\"elementor-column elementor-col-100 elementor-top-column elementor-element elementor-element-68c8a1d\" data-id=\"68c8a1d\" data-element_type=\"column\" data-e-type=\"column\">\n\t\t\t<div class=\"elementor-widget-wrap elementor-element-populated\">\n\t\t\t\t\t\t<div class=\"elementor-element elementor-element-ea45b16 elementor-widget elementor-widget-heading\" data-id=\"ea45b16\" data-element_type=\"widget\" data-e-type=\"widget\" data-widget_type=\"heading.default\">\n\t\t\t\t\t<h2 class=\"elementor-heading-title elementor-size-default\">Which surgical methods are available and which is the best?<\/h2>\t\t\t\t<\/div>\n\t\t\t\t<div class=\"elementor-element elementor-element-c725988 elementor-widget elementor-widget-text-editor\" data-id=\"c725988\" data-element_type=\"widget\" data-e-type=\"widget\" data-widget_type=\"text-editor.default\">\n\t\t\t\t\t\t\t\t\t<p>The decision on the optimal treatment technique depends on the extent of skin sagging and wrinkling (e.g. tightening in several layers of tissue and correction of the above-mentioned shifts in proportions). Your age also plays a role, as less invasive procedures are more likely to be used on younger patients.<\/p><p>The most common treatments not only remove excess, inelastic skin, but also reposition and remodel the fatty tissue in the face. The subsequent scars are concealed during a facelift. They run directly in the natural crease in front of the ear, on the back of the pinna and in the hairy area of the head.<\/p><p>In a personal and <a href=\"https:\/\/dr-montanari.de\/en\/practice-2\/counselling-treatment\/\">individual counselling interview<\/a> We will be happy to analyse your wishes and expectations and design a treatment concept that is right for you.<\/p><p>We offer different surgical procedures depending on your facial contours:<\/p>\t\t\t\t\t\t\t\t<\/div>\n\t\t\t\t<div class=\"elementor-element elementor-element-0b29eea elementor-widget elementor-widget-heading\" data-id=\"0b29eea\" data-element_type=\"widget\" data-e-type=\"widget\" data-widget_type=\"heading.default\">\n\t\t\t\t\t<h3 class=\"elementor-heading-title elementor-size-default\">Mini-lift (small lift, S-lift, cheek lift)<\/h3>\t\t\t\t<\/div>\n\t\t\t\t<div class=\"elementor-element elementor-element-1c51570 elementor-widget elementor-widget-text-editor\" data-id=\"1c51570\" data-element_type=\"widget\" data-e-type=\"widget\" data-widget_type=\"text-editor.default\">\n\t\t\t\t\t\t\t\t\t<p>This technique, with minimal scarring in front of the ear and along the temple, is suitable for younger patients. It should be noted that a \"mini lift\" may only have a \"mini effect\" and the result may have a shorter shelf life.<\/p>\t\t\t\t\t\t\t\t<\/div>\n\t\t\t\t<div class=\"elementor-element elementor-element-c2c9ed5 elementor-widget elementor-widget-heading\" data-id=\"c2c9ed5\" data-element_type=\"widget\" data-e-type=\"widget\" data-widget_type=\"heading.default\">\n\t\t\t\t\t<h3 class=\"elementor-heading-title elementor-size-default\">Midface lift (extended MACS lift with eyelid lift, midfacelift)<\/h3>\t\t\t\t<\/div>\n\t\t\t\t<div class=\"elementor-element elementor-element-21d5fa9 elementor-widget elementor-widget-text-editor\" data-id=\"21d5fa9\" data-element_type=\"widget\" data-e-type=\"widget\" data-widget_type=\"text-editor.default\">\n\t\t\t\t\t\t\t\t\t<p>Using special techniques, the tissue of the lower eye area and cheek can be repositioned to a more youthful position. This is achieved by removing excess skin from the lower eyelid. As often only a small amount of facial skin needs to be removed, a faster recovery can be expected.<\/p>\t\t\t\t\t\t\t\t<\/div>\n\t\t\t\t<div class=\"elementor-element elementor-element-e56c6e1 elementor-widget elementor-widget-heading\" data-id=\"e56c6e1\" data-element_type=\"widget\" data-e-type=\"widget\" data-widget_type=\"heading.default\">\n\t\t\t\t\t<h3 class=\"elementor-heading-title elementor-size-default\">SMAS facelift (neck-jowl lift, sagging cheeks)<\/h3>\t\t\t\t<\/div>\n\t\t\t\t<div class=\"elementor-element elementor-element-4606016 elementor-widget elementor-widget-text-editor\" data-id=\"4606016\" data-element_type=\"widget\" data-e-type=\"widget\" data-widget_type=\"text-editor.default\">\n\t\t\t\t\t\t\t\t\t<p>If there are more pronounced wrinkles on the cheeks and significant excess skin on the neck, the skin and the underlying connective tissue framework of the face (called SMAS) must be loosened up to the neck and then tightened. This somewhat more intensive procedure has the advantage of a very long-lasting result.<\/p>\t\t\t\t\t\t\t\t<\/div>\n\t\t\t\t<div class=\"elementor-element elementor-element-e5df5e7 elementor-widget elementor-widget-heading\" data-id=\"e5df5e7\" data-element_type=\"widget\" data-e-type=\"widget\" data-widget_type=\"heading.default\">\n\t\t\t\t\t<h3 class=\"elementor-heading-title elementor-size-default\">PRESTO facelift <\/h3>\t\t\t\t<\/div>\n\t\t\t\t<div class=\"elementor-element elementor-element-6a44d27 elementor-widget elementor-widget-text-editor\" data-id=\"6a44d27\" data-element_type=\"widget\" data-e-type=\"widget\" data-widget_type=\"text-editor.default\">\n\t\t\t\t\t\t\t\t\t<p>This innovative facelift method is safe and successful as it preserves the natural tissue structures and maintains individual aesthetics.<\/p><p style=\"text-align: center;\"><a href=\"https:\/\/dr-montanari.de\/en\/range-of-services\/face\/face-lift\/presto-facelifiting\/\">More information about the PRESTO lift<\/a><\/p>\t\t\t\t\t\t\t\t<\/div>\n\t\t\t\t<div class=\"elementor-element elementor-element-62b298b elementor-widget elementor-widget-heading\" data-id=\"62b298b\" data-element_type=\"widget\" data-e-type=\"widget\" data-widget_type=\"heading.default\">\n\t\t\t\t\t<h3 class=\"elementor-heading-title elementor-size-default\">Face lift \/ facelift without surgery <\/h3>\t\t\t\t<\/div>\n\t\t\t\t<div class=\"elementor-element elementor-element-1ff31f2 elementor-widget elementor-widget-text-editor\" data-id=\"1ff31f2\" data-element_type=\"widget\" data-e-type=\"widget\" data-widget_type=\"text-editor.default\">\n\t\t\t\t\t\t\t\t\t<p>Surgery is not always necessary or advisable. Alternative forms of treatment without surgery can be useful in individual cases. These include<\/p><ul><li><a href=\"https:\/\/dr-montanari.de\/en\/range-of-services\/face\/minimally-invasive-facelift-without-a-scalpel\/\">Thread lifting<\/a><\/li><li><a href=\"https:\/\/dr-montanari.de\/en\/range-of-services\/fold\/ultherapy-wrinkle-tightening\/\">Ultherapy\u00ae<\/a><\/li><li><a href=\"https:\/\/dr-montanari.de\/en\/range-of-services\/skin\/microneedling-2\/\">RF mesoneedling<\/a><\/li><li><a href=\"https:\/\/dr-montanari.de\/en\/range-of-services\/profhilo\/\">Profhilo\u00ae<\/a><\/li><li><a href=\"https:\/\/dr-montanari.de\/en\/range-of-services\/prp-vampire-lifting\/\">PRP vampire lifting<\/a><\/li><li><a href=\"https:\/\/dr-montanari.de\/en\/range-of-services\/fold\/\">Other wrinkle treatment methods<\/a><\/li><\/ul>\t\t\t\t\t\t\t\t<\/div>\n\t\t\t\t\t<\/div>\n\t\t<\/div>\n\t\t\t\t\t<\/div>\n\t\t<\/section>\n\t\t\t\t<section class=\"elementor-section elementor-top-section elementor-element elementor-element-c873738 elementor-section-boxed elementor-section-height-default elementor-section-height-default\" data-id=\"c873738\" data-element_type=\"section\" data-e-type=\"section\" data-settings=\"{&quot;background_background&quot;:&quot;classic&quot;,&quot;shape_divider_top&quot;:&quot;curve&quot;,&quot;shape_divider_top_negative&quot;:&quot;yes&quot;,&quot;shape_divider_bottom&quot;:&quot;curve&quot;,&quot;shape_divider_bottom_negative&quot;:&quot;yes&quot;}\">\n\t\t\t\t\t<div class=\"elementor-shape elementor-shape-top\" aria-hidden=\"true\" data-negative=\"true\">\n\t\t\t<svg xmlns=\"http:\/\/www.w3.org\/2000\/svg\" viewbox=\"0 0 1000 100\" preserveaspectratio=\"none\">\n\t<path class=\"elementor-shape-fill\" d=\"M500,97C126.7,96.3,0.8,19.8,0,0v100l1000,0V1C1000,19.4,873.3,97.8,500,97z\"\/>\n<\/svg>\t\t<\/div>\n\t\t\t\t<div class=\"elementor-shape elementor-shape-bottom\" aria-hidden=\"true\" data-negative=\"true\">\n\t\t\t<svg xmlns=\"http:\/\/www.w3.org\/2000\/svg\" viewbox=\"0 0 1000 100\" preserveaspectratio=\"none\">\n\t<path class=\"elementor-shape-fill\" d=\"M500,97C126.7,96.3,0.8,19.8,0,0v100l1000,0V1C1000,19.4,873.3,97.8,500,97z\"\/>\n<\/svg>\t\t<\/div>\n\t\t\t\t\t<div class=\"elementor-container elementor-column-gap-default\">\n\t\t\t\t\t<div class=\"elementor-column elementor-col-100 elementor-top-column elementor-element elementor-element-458f97b\" data-id=\"458f97b\" data-element_type=\"column\" data-e-type=\"column\">\n\t\t\t<div class=\"elementor-widget-wrap elementor-element-populated\">\n\t\t\t\t\t\t<div class=\"elementor-element elementor-element-5a2305a elementor-widget elementor-widget-heading\" data-id=\"5a2305a\" data-element_type=\"widget\" data-e-type=\"widget\" data-widget_type=\"heading.default\">\n\t\t\t\t\t<h2 class=\"elementor-heading-title elementor-size-default\">Possible complications \/ risks<\/h2>\t\t\t\t<\/div>\n\t\t\t\t<div class=\"elementor-element elementor-element-474d8cb elementor-widget elementor-widget-text-editor\" data-id=\"474d8cb\" data-element_type=\"widget\" data-e-type=\"widget\" data-widget_type=\"text-editor.default\">\n\t\t\t\t\t\t\t\t\t<p>Even when performed carefully, facelift surgery can be associated with possible complications and risks. A comprehensive medical history and information is therefore necessary. During your preliminary examination, we will inform you of all the risks involved in your case.\u00a0<\/p><p>Common general risks associated with facelift surgery include<\/p><ul><li><strong>Infections<\/strong>Despite sterile surgical techniques, infections can occur.<\/li><li><strong>Bruising and swelling<\/strong> almost always occur after the operation, but usually subside within a few weeks.<\/li><li><strong>Scarring:<\/strong> Although the scars are usually well hidden, in rare cases conspicuous or hypertrophic scarring can occur.<\/li><li><strong>Nerve damage<\/strong>Temporary or permanent loss of sensation or paralysis of the face may occur.<\/li><li><strong>Haematomas<\/strong>: Accumulations of blood under the skin can occur.<\/li><li><strong>Asymmetry \/ uneven results <\/strong><\/li><li><strong>Wound healing disorders<\/strong> may occur (especially in smokers or patients with diabetes)<\/li><li><strong>Reactions to anaesthesia<\/strong><\/li><li><strong>Dissatisfaction with the result<\/strong> (usually due to false, unrealistic expectations of the surgical result)<\/li><\/ul>\t\t\t\t\t\t\t\t<\/div>\n\t\t\t\t<div class=\"elementor-element elementor-element-31350ce elementor-widget elementor-widget-text-editor\" data-id=\"31350ce\" data-element_type=\"widget\" data-e-type=\"widget\" data-widget_type=\"text-editor.default\">\n\t\t\t\t\t\t\t\t\t<p>It is important that you seek comprehensive advice before the operation and have realistic expectations of the results in order to minimise the risk of dissatisfaction and complications.<\/p>\t\t\t\t\t\t\t\t<\/div>\n\t\t\t\t\t<\/div>\n\t\t<\/div>\n\t\t\t\t\t<\/div>\n\t\t<\/section>\n\t\t\t\t<section class=\"elementor-section elementor-top-section elementor-element elementor-element-1ad9eae elementor-section-boxed elementor-section-height-default elementor-section-height-default\" data-id=\"1ad9eae\" data-element_type=\"section\" data-e-type=\"section\">\n\t\t\t\t\t\t<div class=\"elementor-container elementor-column-gap-default\">\n\t\t\t\t\t<div class=\"elementor-column elementor-col-100 elementor-top-column elementor-element elementor-element-258ba6c\" data-id=\"258ba6c\" data-element_type=\"column\" data-e-type=\"column\">\n\t\t\t<div class=\"elementor-widget-wrap elementor-element-populated\">\n\t\t\t\t\t\t<div class=\"elementor-element elementor-element-52053ad elementor-widget elementor-widget-heading\" data-id=\"52053ad\" data-element_type=\"widget\" data-e-type=\"widget\" data-widget_type=\"heading.default\">\n\t\t\t\t\t<h2 class=\"elementor-heading-title elementor-size-default\">What should I bear in mind after the operation\/treatment?<\/h2>\t\t\t\t<\/div>\n\t\t\t\t<div class=\"elementor-element elementor-element-182bbad elementor-widget elementor-widget-text-editor\" data-id=\"182bbad\" data-element_type=\"widget\" data-e-type=\"widget\" data-widget_type=\"text-editor.default\">\n\t\t\t\t\t\t\t\t\t<p>A facelift is not just about the examination or the operation itself. The right behaviour after surgery helps your body to heal. We will provide you with personalised support for your healing process. In general, the following points apply:<\/p>\t\t\t\t\t\t\t\t<\/div>\n\t\t\t\t<div class=\"elementor-element elementor-element-af7db8e elementor-widget elementor-widget-heading\" data-id=\"af7db8e\" data-element_type=\"widget\" data-e-type=\"widget\" data-widget_type=\"heading.default\">\n\t\t\t\t\t<h3 class=\"elementor-heading-title elementor-size-default\">Follow-up treatment after an operation<\/h3>\t\t\t\t<\/div>\n\t\t\t\t<div class=\"elementor-element elementor-element-dfd4a32 elementor-widget elementor-widget-text-editor\" data-id=\"dfd4a32\" data-element_type=\"widget\" data-e-type=\"widget\" data-widget_type=\"text-editor.default\">\n\t\t\t\t\t\t\t\t\t<ul><li>To avoid severe swelling, you should lie with your head elevated and cool down.<\/li><li>The first dressing change is carried out on the first day after the operation.<\/li><li>The head can be washed again on the third day after the operation.<\/li><li>Physical exertion should be avoided until the stitches are removed on day 14.<\/li><li>Most swelling and bruising will subside within the first 2 weeks.<\/li><\/ul>\t\t\t\t\t\t\t\t<\/div>\n\t\t\t\t<div class=\"elementor-element elementor-element-00e811a elementor-widget elementor-widget-text-editor\" data-id=\"00e811a\" data-element_type=\"widget\" data-e-type=\"widget\" data-widget_type=\"text-editor.default\">\n\t\t\t\t\t\t\t\t\t<p>Depending on the type of lift, you will be unable to socialise for between 1 and 2 weeks, although the exercise restrictions may last for a further 1 to 3 weeks. Sporting activities are therefore usually possible again 4 to 6 weeks after the operation.<\/p>\t\t\t\t\t\t\t\t<\/div>\n\t\t\t\t\t<\/div>\n\t\t<\/div>\n\t\t\t\t\t<\/div>\n\t\t<\/section>\n\t\t\t\t<section class=\"elementor-section elementor-top-section elementor-element elementor-element-619d0db elementor-section-boxed elementor-section-height-default elementor-section-height-default\" data-id=\"619d0db\" data-element_type=\"section\" data-e-type=\"section\">\n\t\t\t\t\t\t<div class=\"elementor-container elementor-column-gap-default\">\n\t\t\t\t\t<div class=\"elementor-column elementor-col-100 elementor-top-column elementor-element elementor-element-9121b07\" data-id=\"9121b07\" data-element_type=\"column\" data-e-type=\"column\">\n\t\t\t<div class=\"elementor-widget-wrap elementor-element-populated\">\n\t\t\t\t\t\t<div class=\"elementor-element elementor-element-838196e elementor-widget elementor-widget-heading\" data-id=\"838196e\" data-element_type=\"widget\" data-e-type=\"widget\" data-widget_type=\"heading.default\">\n\t\t\t\t\t<h2 class=\"elementor-heading-title elementor-size-default\">Frequently asked questions about facial rejuvenation \/ facelift<\/h2>\t\t\t\t<\/div>\n\t\t\t\t<div class=\"elementor-element elementor-element-fb0402a elementor-widget elementor-widget-heading\" data-id=\"fb0402a\" data-element_type=\"widget\" data-e-type=\"widget\" data-widget_type=\"heading.default\">\n\t\t\t\t\t<h3 class=\"elementor-heading-title elementor-size-default\">Are further treatments useful after the operation?<\/h3>\t\t\t\t<\/div>\n\t\t\t\t<div class=\"elementor-element elementor-element-a13b68e elementor-widget elementor-widget-text-editor\" data-id=\"a13b68e\" data-element_type=\"widget\" data-e-type=\"widget\" data-widget_type=\"text-editor.default\">\n\t\t\t\t\t\t\t\t\t<p>After a facelift operation, the addition of other procedures (<a href=\"https:\/\/dr-montanari.de\/en\/range-of-services\/fold\/botulinum-toxin\/\">Botulinum toxin treatment<\/a>, <a href=\"https:\/\/dr-montanari.de\/en\/range-of-services\/for-the-man\/wrinkle-treatment\/\">Wrinkle injections<\/a>, <a href=\"https:\/\/dr-montanari.de\/en\/range-of-services\/face\/lidcorrection\/\">Eyelid corrections<\/a>, <a href=\"https:\/\/dr-montanari.de\/en\/range-of-services\/face\/eyebrow-correction\/\">Eyebrow<\/a> or <a href=\"https:\/\/dr-montanari.de\/en\/range-of-services\/face\/forehead-lift\/\">Forehead lift<\/a>) to achieve an overall harmonious and natural look.<\/p>\t\t\t\t\t\t\t\t<\/div>\n\t\t\t\t<div class=\"elementor-element elementor-element-d5336e0 elementor-widget elementor-widget-heading\" data-id=\"d5336e0\" data-element_type=\"widget\" data-e-type=\"widget\" data-widget_type=\"heading.default\">\n\t\t\t\t\t<h3 class=\"elementor-heading-title elementor-size-default\">How much does a facelift operation cost?<\/h3>\t\t\t\t<\/div>\n\t\t\t\t<div class=\"elementor-element elementor-element-01bc34b elementor-widget elementor-widget-text-editor\" data-id=\"01bc34b\" data-element_type=\"widget\" data-e-type=\"widget\" data-widget_type=\"text-editor.default\">\n\t\t\t\t\t\t\t\t\t<p>According to the Therapeutic Products Advertising Act, the costs of a surgical procedure must be calculated individually, as the costs are always calculated on an individual basis. As the cost of a facelift depends on many individual factors, we can only give you exact costs after an examination.<\/p>\t\t\t\t\t\t\t\t<\/div>\n\t\t\t\t<div class=\"elementor-element elementor-element-4789602 elementor-widget elementor-widget-heading\" data-id=\"4789602\" data-element_type=\"widget\" data-e-type=\"widget\" data-widget_type=\"heading.default\">\n\t\t\t\t\t<h3 class=\"elementor-heading-title elementor-size-default\">What are the advantages of surgery compared to a facelift without surgery?<\/h3>\t\t\t\t<\/div>\n\t\t\t\t<div class=\"elementor-element elementor-element-ca6d489 elementor-widget elementor-widget-text-editor\" data-id=\"ca6d489\" data-element_type=\"widget\" data-e-type=\"widget\" data-widget_type=\"text-editor.default\">\n\t\t\t\t\t\t\t\t\t<p>A surgical facelift offers several advantages over non-surgical methods, such as the longevity of the results and the more precise tightening and repositioning of the skin. While non-invasive methods need to be repeated, the results of surgery last for many years. It also allows for the targeted removal of excess skin and fat, resulting in significant rejuvenation. Despite these benefits, the potential risks and recovery time should be carefully considered.<\/p><p>However, a lift without surgery may be more sensible than surgery.<\/p>\t\t\t\t\t\t\t\t<\/div>\n\t\t\t\t<div class=\"elementor-element elementor-element-9b579f4 elementor-widget elementor-widget-heading\" data-id=\"9b579f4\" data-element_type=\"widget\" data-e-type=\"widget\" data-widget_type=\"heading.default\">\n\t\t\t\t\t<h3 class=\"elementor-heading-title elementor-size-default\">At what age does a facelift make sense?<\/h3>\t\t\t\t<\/div>\n\t\t\t\t<div class=\"elementor-element elementor-element-b534733 elementor-widget elementor-widget-text-editor\" data-id=\"b534733\" data-element_type=\"widget\" data-e-type=\"widget\" data-widget_type=\"text-editor.default\">\n\t\t\t\t\t\t\t\t\t<p>There is no set age for a facelift. Patients come to a plastic surgeon when they are unhappy with their face. Depending on the age of the skin, we recommend either a surgical or minimally invasive procedure. A rough guideline is around 50 years of age, but surgery can also be advisable from the mid-30s. As long as there are no health concerns, there is hardly any upper limit. In principle, however, the extent of your sagging\/ageing will determine the extent of the treatment.<\/p>\t\t\t\t\t\t\t\t<\/div>\n\t\t\t\t\t<\/div>\n\t\t<\/div>\n\t\t\t\t\t<\/div>\n\t\t<\/section>\n\t\t\t\t<section class=\"elementor-section elementor-top-section elementor-element elementor-element-ba5470c elementor-section-boxed elementor-section-height-default elementor-section-height-default\" data-id=\"ba5470c\" data-element_type=\"section\" data-e-type=\"section\" data-settings=\"{&quot;background_background&quot;:&quot;classic&quot;,&quot;shape_divider_bottom&quot;:&quot;arrow&quot;,&quot;shape_divider_bottom_negative&quot;:&quot;yes&quot;}\">\n\t\t\t\t\t<div class=\"elementor-shape elementor-shape-bottom\" aria-hidden=\"true\" data-negative=\"true\">\n\t\t\t<svg xmlns=\"http:\/\/www.w3.org\/2000\/svg\" viewbox=\"0 0 700 10\" preserveaspectratio=\"none\">\n\t<path class=\"elementor-shape-fill\" d=\"M360 0L350 9.9 340 0 0 0 0 10 700 10 700 0\"\/>\n<\/svg>\t\t<\/div>\n\t\t\t\t\t<div class=\"elementor-container elementor-column-gap-default\">\n\t\t\t\t\t<div class=\"elementor-column elementor-col-100 elementor-top-column elementor-element elementor-element-a70d856\" data-id=\"a70d856\" data-element_type=\"column\" data-e-type=\"column\">\n\t\t\t<div class=\"elementor-widget-wrap elementor-element-populated\">\n\t\t\t\t\t\t<div class=\"elementor-element elementor-element-e4b4cff elementor-widget elementor-widget-heading\" data-id=\"e4b4cff\" data-element_type=\"widget\" data-e-type=\"widget\" data-widget_type=\"heading.default\">\n\t\t\t\t\t<h2 class=\"elementor-heading-title elementor-size-default\">How do I find my expert for facial rejuvenation?<\/h2>\t\t\t\t<\/div>\n\t\t\t\t<div class=\"elementor-element elementor-element-4300480 elementor-widget elementor-widget-text-editor\" data-id=\"4300480\" data-element_type=\"widget\" data-e-type=\"widget\" data-widget_type=\"text-editor.default\">\n\t\t\t\t\t\t\t\t\t<p>When choosing an expert for your facial rejuvenation, make sure that you use the term specialist in plastic and aesthetic surgery. Other designations such as beauty doctor, cosmetic surgeon, etc. are unprotected and not a sign of qualification (more on \"<a href=\"https:\/\/dr-montanari.de\/en\/checklist-for-plastic-surgery-specialists\/\">What should you consider when choosing a specialist?<\/a>\u201e.<\/p><p>Make sure that you receive a comprehensive preliminary examination and information about the course of treatment, possible risks and the healing process.<\/p>\t\t\t\t\t\t\t\t<\/div>\n\t\t\t\t\t<\/div>\n\t\t<\/div>\n\t\t\t\t\t<\/div>\n\t\t<\/section>\n\t\t\t\t<section class=\"elementor-section elementor-top-section elementor-element elementor-element-008a395 elementor-section-boxed elementor-section-height-default elementor-section-height-default\" data-id=\"008a395\" data-element_type=\"section\" data-e-type=\"section\">\n\t\t\t\t\t\t<div class=\"elementor-container elementor-column-gap-default\">\n\t\t\t\t\t<div class=\"elementor-column elementor-col-100 elementor-top-column elementor-element elementor-element-72175f3\" data-id=\"72175f3\" data-element_type=\"column\" data-e-type=\"column\">\n\t\t\t<div class=\"elementor-widget-wrap elementor-element-populated\">\n\t\t\t\t\t\t<div class=\"elementor-element elementor-element-7ef90e1 elementor-widget elementor-widget-heading\" data-id=\"7ef90e1\" data-element_type=\"widget\" data-e-type=\"widget\" data-widget_type=\"heading.default\">\n\t\t\t\t\t<h2 class=\"elementor-heading-title elementor-size-default\">Why should you come to us?<\/h2>\t\t\t\t<\/div>\n\t\t\t\t<div class=\"elementor-element elementor-element-2b7a604 elementor-widget elementor-widget-text-editor\" data-id=\"2b7a604\" data-element_type=\"widget\" data-e-type=\"widget\" data-widget_type=\"text-editor.default\">\n\t\t\t\t\t\t\t\t\t<p>Extensive experience, maximum hygiene and infection protection, continuous further training and maximum care are the basis of our practice. This is also reflected in the large number of positive patient reviews, our seals and awards.<\/p><p>Benefit from our many years of experience. Dr Michaela Montanari has been a member of the board of the German Society for Aesthetic Plastic Surgery (DG\u00c4PC) since 2021.<\/p>\t\t\t\t\t\t\t\t<\/div>\n\t\t\t\t<section class=\"elementor-section elementor-inner-section elementor-element elementor-element-9fed899 elementor-section-boxed elementor-section-height-default elementor-section-height-default\" data-id=\"9fed899\" data-element_type=\"section\" data-e-type=\"section\">\n\t\t\t\t\t\t<div class=\"elementor-container elementor-column-gap-default\">\n\t\t\t\t\t<div class=\"elementor-column elementor-col-50 elementor-inner-column elementor-element elementor-element-0fcfd57\" data-id=\"0fcfd57\" data-element_type=\"column\" data-e-type=\"column\">\n\t\t\t<div class=\"elementor-widget-wrap elementor-element-populated\">\n\t\t\t\t\t\t<div class=\"elementor-element elementor-element-490b39b elementor-align-center e-transform elementor-widget elementor-widget-button\" data-id=\"490b39b\" data-element_type=\"widget\" data-e-type=\"widget\" data-settings=\"{&quot;_transform_scale_effect_hover&quot;:{&quot;unit&quot;:&quot;px&quot;,&quot;size&quot;:1.100000000000000088817841970012523233890533447265625,&quot;sizes&quot;:[]},&quot;_transform_scale_effect_hover_tablet&quot;:{&quot;unit&quot;:&quot;px&quot;,&quot;size&quot;:&quot;&quot;,&quot;sizes&quot;:[]},&quot;_transform_scale_effect_hover_mobile&quot;:{&quot;unit&quot;:&quot;px&quot;,&quot;size&quot;:&quot;&quot;,&quot;sizes&quot;:[]}}\" data-widget_type=\"button.default\">\n\t\t\t\t\t\t\t\t\t\t<a class=\"elementor-button elementor-button-link elementor-size-sm\" href=\"https:\/\/dr-montanari.de\/en\/awards\/\">\n\t\t\t\t\t\t<span class=\"elementor-button-content-wrapper\">\n\t\t\t\t\t\t\t\t\t<span class=\"elementor-button-text\">Our awards<\/span>\n\t\t\t\t\t<\/span>\n\t\t\t\t\t<\/a>\n\t\t\t\t\t\t\t\t<\/div>\n\t\t\t\t\t<\/div>\n\t\t<\/div>\n\t\t\t\t<div class=\"elementor-column elementor-col-50 elementor-inner-column elementor-element elementor-element-5ea2ce3\" data-id=\"5ea2ce3\" data-element_type=\"column\" data-e-type=\"column\">\n\t\t\t<div class=\"elementor-widget-wrap elementor-element-populated\">\n\t\t\t\t\t\t<div class=\"elementor-element elementor-element-8e3e993 elementor-align-center e-transform elementor-widget elementor-widget-button\" data-id=\"8e3e993\" data-element_type=\"widget\" data-e-type=\"widget\" data-settings=\"{&quot;_transform_scale_effect_hover&quot;:{&quot;unit&quot;:&quot;px&quot;,&quot;size&quot;:1.100000000000000088817841970012523233890533447265625,&quot;sizes&quot;:[]},&quot;_transform_scale_effect_hover_tablet&quot;:{&quot;unit&quot;:&quot;px&quot;,&quot;size&quot;:&quot;&quot;,&quot;sizes&quot;:[]},&quot;_transform_scale_effect_hover_mobile&quot;:{&quot;unit&quot;:&quot;px&quot;,&quot;size&quot;:&quot;&quot;,&quot;sizes&quot;:[]}}\" data-widget_type=\"button.default\">\n\t\t\t\t\t\t\t\t\t\t<a class=\"elementor-button elementor-button-link elementor-size-sm\" href=\"https:\/\/dr-montanari.de\/en\/practice-2\/patient-testimonials-doctors-assessment\/\">\n\t\t\t\t\t\t<span class=\"elementor-button-content-wrapper\">\n\t\t\t\t\t\t\t\t\t<span class=\"elementor-button-text\">Patient voices<\/span>\n\t\t\t\t\t<\/span>\n\t\t\t\t\t<\/a>\n\t\t\t\t\t\t\t\t<\/div>\n\t\t\t\t\t<\/div>\n\t\t<\/div>\n\t\t\t\t\t<\/div>\n\t\t<\/section>\n\t\t\t\t\t<\/div>\n\t\t<\/div>\n\t\t\t\t\t<\/div>\n\t\t<\/section>\n\t\t\t\t<section class=\"elementor-section elementor-top-section elementor-element elementor-element-e82d9e4 elementor-section-boxed elementor-section-height-default elementor-section-height-default\" data-id=\"e82d9e4\" data-element_type=\"section\" data-e-type=\"section\">\n\t\t\t\t\t\t<div class=\"elementor-container elementor-column-gap-default\">\n\t\t\t\t\t<div class=\"elementor-column elementor-col-100 elementor-top-column elementor-element elementor-element-f837d2a\" data-id=\"f837d2a\" data-element_type=\"column\" data-e-type=\"column\">\n\t\t\t<div class=\"elementor-widget-wrap elementor-element-populated\">\n\t\t\t\t\t\t<div class=\"elementor-element elementor-element-ebd571f elementor-widget elementor-widget-heading\" data-id=\"ebd571f\" data-element_type=\"widget\" data-e-type=\"widget\" data-widget_type=\"heading.default\">\n\t\t\t\t\t<h2 class=\"elementor-heading-title elementor-size-default\">Do you have any questions?<\/h2>\t\t\t\t<\/div>\n\t\t\t\t<div class=\"elementor-element elementor-element-a7649d6 elementor-widget elementor-widget-text-editor\" data-id=\"a7649d6\" data-element_type=\"widget\" data-e-type=\"widget\" data-widget_type=\"text-editor.default\">\n\t\t\t\t\t\t\t\t\tDr Michaela Montanari and Dr Anna Maria Bugariu will be happy to answer all your questions about facelift surgery. <span style=\"color: var( --e-global-color-text ); font-family: var( --e-global-typography-text-font-family ), Sans-serif; font-weight: var( --e-global-typography-text-font-weight ); font-size: 1rem;\">Arrange your personal consultation.<\/span>\t\t\t\t\t\t\t\t<\/div>\n\t\t\t\t\t<\/div>\n\t\t<\/div>\n\t\t\t\t\t<\/div>\n\t\t<\/section>\n\t\t\t\t<section class=\"elementor-section elementor-top-section elementor-element elementor-element-3d6d45e elementor-section-boxed elementor-section-height-default elementor-section-height-default elementor-invisible\" data-id=\"3d6d45e\" data-element_type=\"section\" data-e-type=\"section\" data-settings=\"{&quot;animation&quot;:&quot;fadeIn&quot;}\">\n\t\t\t\t\t\t<div class=\"elementor-container elementor-column-gap-default\">\n\t\t\t\t\t<div class=\"elementor-column elementor-col-100 elementor-top-column elementor-element elementor-element-a654dab\" data-id=\"a654dab\" data-element_type=\"column\" data-e-type=\"column\">\n\t\t\t<div class=\"elementor-widget-wrap elementor-element-populated\">\n\t\t\t\t\t\t<div class=\"elementor-element elementor-element-447a6bb elementor-widget elementor-widget-heading\" data-id=\"447a6bb\" data-element_type=\"widget\" data-e-type=\"widget\" data-widget_type=\"heading.default\">\n\t\t\t\t\t<h2 class=\"elementor-heading-title elementor-size-default\">Our specialists for plastic and aesthetic surgery<\/h2>\t\t\t\t<\/div>\n\t\t\t\t<section class=\"elementor-section elementor-inner-section elementor-element elementor-element-40c0af4 elementor-section-boxed elementor-section-height-default elementor-section-height-default\" data-id=\"40c0af4\" data-element_type=\"section\" data-e-type=\"section\">\n\t\t\t\t\t\t<div class=\"elementor-container elementor-column-gap-default\">\n\t\t\t\t\t<div class=\"elementor-column elementor-col-50 elementor-inner-column elementor-element elementor-element-613668c\" data-id=\"613668c\" data-element_type=\"column\" data-e-type=\"column\">\n\t\t\t<div class=\"elementor-widget-wrap elementor-element-populated\">\n\t\t\t\t\t\t<div class=\"elementor-element elementor-element-fad4be8 elementor-widget elementor-widget-image\" data-id=\"fad4be8\" data-element_type=\"widget\" data-e-type=\"widget\" data-widget_type=\"image.default\">\n\t\t\t\t\t\t\t\t\t\t\t\t<figure class=\"wp-caption\">\n\t\t\t\t\t\t\t\t\t\t\t<a href=\"https:\/\/dr-montanari.de\/en\/practice-2\/dr-med-michaela-montanari\/\">\n\t\t\t\t\t\t\t<img decoding=\"async\" src=\"https:\/\/dr-montanari.de\/uploads\/praxisteam\/Dr-med-Michaela-Montanari-2021.jpg\" title=\"\" alt=\"Dr Michaela Montanari\" loading=\"lazy\" \/>\t\t\t\t\t\t\t\t<\/a>\n\t\t\t\t\t\t\t\t\t\t\t<figcaption class=\"widget-image-caption wp-caption-text\"><b>Dr Michaela Montanari<\/b><br>Specialist in plastic and aesthetic surgery<br>Specialist for surgery<br>Chairperson of the<br><a href=\"https:\/\/www.dgaepc.de\" target=\"_blank\" rel=\"noopener\">German Society for Aesthetic Plastic Surgery<\/a><\/figcaption>\n\t\t\t\t\t\t\t\t\t\t<\/figure>\n\t\t\t\t\t\t\t\t\t<\/div>\n\t\t\t\t\t<\/div>\n\t\t<\/div>\n\t\t\t\t<div class=\"elementor-column elementor-col-50 elementor-inner-column elementor-element elementor-element-c821876\" data-id=\"c821876\" data-element_type=\"column\" data-e-type=\"column\">\n\t\t\t<div class=\"elementor-widget-wrap elementor-element-populated\">\n\t\t\t\t\t\t<div class=\"elementor-element elementor-element-9bdd6f5 elementor-widget elementor-widget-image\" data-id=\"9bdd6f5\" data-element_type=\"widget\" data-e-type=\"widget\" data-widget_type=\"image.default\">\n\t\t\t\t\t\t\t\t\t\t\t\t<figure class=\"wp-caption\">\n\t\t\t\t\t\t\t\t\t\t\t<a href=\"https:\/\/dr-montanari.de\/en\/practice-2\/dr-med-michaela-montanari-2\/\">\n\t\t\t\t\t\t\t<img decoding=\"async\" width=\"600\" height=\"400\" src=\"https:\/\/dr-montanari.de\/wp-content\/uploads\/dr-anna-maria-bugariu.avif\" class=\"attachment-full size-full wp-image-2359\" alt=\"dr-anna-maria-bugariu\" srcset=\"https:\/\/dr-montanari.de\/wp-content\/uploads\/dr-anna-maria-bugariu.avif 600w, https:\/\/dr-montanari.de\/wp-content\/uploads\/dr-anna-maria-bugariu-300x200.avif 300w, https:\/\/dr-montanari.de\/wp-content\/uploads\/dr-anna-maria-bugariu-113x75.avif 113w, https:\/\/dr-montanari.de\/wp-content\/uploads\/dr-anna-maria-bugariu-480x320.avif 480w\" sizes=\"(max-width: 600px) 100vw, 600px\" \/>\t\t\t\t\t\t\t\t<\/a>\n\t\t\t\t\t\t\t\t\t\t\t<figcaption class=\"widget-image-caption wp-caption-text\"><b>Dr Anna Maria Bugariu<\/b><br>Specialist for<br>Plastic and aesthetic surgery<\/figcaption>\n\t\t\t\t\t\t\t\t\t\t<\/figure>\n\t\t\t\t\t\t\t\t\t<\/div>\n\t\t\t\t\t<\/div>\n\t\t<\/div>\n\t\t\t\t\t<\/div>\n\t\t<\/section>\n\t\t\t\t\t<\/div>\n\t\t<\/div>\n\t\t\t\t\t<\/div>\n\t\t<\/section>\n\t\t\t\t<\/div>","protected":false},"excerpt":{"rendered":"<p>Facelifting: Gesichtsstraffung mit nat\u00fcrlichen Ergebnissen Werden die Zeichen des Alterungsprozesses im Gesicht auff\u00e4llig, so entsteht oft der Wunsch nach einer Gesichtsverj\u00fcngung.\u00a0 Betroffene Menschen wollen j\u00fcnger, frischer bzw. erholter aussehen. Je nach Ausma\u00df der Faltenbildung, Volumenver\u00e4nderung oder Hauterschlaffung kann eine Gesichtsstraffung zur Verj\u00fcngung des Gesichtes f\u00fchren.\u00a0 Grunds\u00e4tzliches zur Gesichtsstraffung Sch\u00f6nheit bedeutet in erster Linie Ausstrahlung, Attraktivit\u00e4t, [&hellip;]<\/p>\n","protected":false},"author":1,"featured_media":10860,"parent":119,"menu_order":0,"comment_status":"closed","ping_status":"closed","template":"","meta":{"footnotes":""},"class_list":["post-234","page","type-page","status-publish","has-post-thumbnail","hentry"],"_links":{"self":[{"href":"https:\/\/dr-montanari.de\/en\/wp-json\/wp\/v2\/pages\/234","targetHints":{"allow":["GET"]}}],"collection":[{"href":"https:\/\/dr-montanari.de\/en\/wp-json\/wp\/v2\/pages"}],"about":[{"href":"https:\/\/dr-montanari.de\/en\/wp-json\/wp\/v2\/types\/page"}],"author":[{"embeddable":true,"href":"https:\/\/dr-montanari.de\/en\/wp-json\/wp\/v2\/users\/1"}],"replies":[{"embeddable":true,"href":"https:\/\/dr-montanari.de\/en\/wp-json\/wp\/v2\/comments?post=234"}],"version-history":[{"count":3,"href":"https:\/\/dr-montanari.de\/en\/wp-json\/wp\/v2\/pages\/234\/revisions"}],"predecessor-version":[{"id":13936,"href":"https:\/\/dr-montanari.de\/en\/wp-json\/wp\/v2\/pages\/234\/revisions\/13936"}],"up":[{"embeddable":true,"href":"https:\/\/dr-montanari.de\/en\/wp-json\/wp\/v2\/pages\/119"}],"wp:featuredmedia":[{"embeddable":true,"href":"https:\/\/dr-montanari.de\/en\/wp-json\/wp\/v2\/media\/10860"}],"wp:attachment":[{"href":"https:\/\/dr-montanari.de\/en\/wp-json\/wp\/v2\/media?parent=234"}],"curies":[{"name":"wp","href":"https:\/\/api.w.org\/{rel}","templated":true}]}}