{"id":276,"date":"2018-08-13T13:13:56","date_gmt":"2018-08-13T11:13:56","guid":{"rendered":"http:\/\/dr-montanari.de.w0184301.kasserver.com\/?page_id=276"},"modified":"2026-03-02T12:58:56","modified_gmt":"2026-03-02T11:58:56","slug":"press-2","status":"publish","type":"page","link":"https:\/\/dr-montanari.de\/en\/praxis\/presse-3\/","title":{"rendered":"Press"},"content":{"rendered":"\t\t<div data-elementor-type=\"wp-page\" data-elementor-id=\"276\" class=\"elementor elementor-276\" data-elementor-post-type=\"page\">\n\t\t\t\t\t\t<section class=\"elementor-section elementor-top-section elementor-element elementor-element-a9cfc44 elementor-section-boxed elementor-section-height-default elementor-section-height-default\" data-id=\"a9cfc44\" data-element_type=\"section\" data-e-type=\"section\">\n\t\t\t\t\t\t<div class=\"elementor-container elementor-column-gap-default\">\n\t\t\t\t\t<div class=\"elementor-column elementor-col-100 elementor-top-column elementor-element elementor-element-fa31342\" data-id=\"fa31342\" data-element_type=\"column\" data-e-type=\"column\">\n\t\t\t<div class=\"elementor-widget-wrap elementor-element-populated\">\n\t\t\t\t\t\t<div class=\"elementor-element elementor-element-2de5605 elementor-widget elementor-widget-heading\" data-id=\"2de5605\" data-element_type=\"widget\" data-e-type=\"widget\" data-widget_type=\"heading.default\">\n\t\t\t\t\t<h1 class=\"elementor-heading-title elementor-size-default\">Presse und TV-Beitr\u00e4ge<\/h1>\t\t\t\t<\/div>\n\t\t\t\t\t<\/div>\n\t\t<\/div>\n\t\t\t\t\t<\/div>\n\t\t<\/section>\n\t\t\t\t<section class=\"elementor-section elementor-top-section elementor-element elementor-element-867bc7e elementor-section-boxed elementor-section-height-default elementor-section-height-default\" data-id=\"867bc7e\" data-element_type=\"section\" data-e-type=\"section\">\n\t\t\t\t\t\t<div class=\"elementor-container elementor-column-gap-default\">\n\t\t\t\t\t<div class=\"elementor-column elementor-col-33 elementor-top-column elementor-element elementor-element-8f42771\" data-id=\"8f42771\" data-element_type=\"column\" data-e-type=\"column\">\n\t\t\t<div class=\"elementor-widget-wrap elementor-element-populated\">\n\t\t\t\t\t\t<div class=\"elementor-element elementor-element-274e925 elementor-align-center e-transform e-transform elementor-widget elementor-widget-button\" data-id=\"274e925\" data-element_type=\"widget\" data-e-type=\"widget\" data-settings=\"{&quot;_transform_scale_effect_hover&quot;:{&quot;unit&quot;:&quot;px&quot;,&quot;size&quot;:1.100000000000000088817841970012523233890533447265625,&quot;sizes&quot;:[]},&quot;_transform_scale_effect&quot;:{&quot;unit&quot;:&quot;px&quot;,&quot;size&quot;:&quot;&quot;,&quot;sizes&quot;:[]},&quot;_transform_scale_effect_tablet&quot;:{&quot;unit&quot;:&quot;px&quot;,&quot;size&quot;:&quot;&quot;,&quot;sizes&quot;:[]},&quot;_transform_scale_effect_mobile&quot;:{&quot;unit&quot;:&quot;px&quot;,&quot;size&quot;:&quot;&quot;,&quot;sizes&quot;:[]},&quot;_transform_scale_effect_hover_tablet&quot;:{&quot;unit&quot;:&quot;px&quot;,&quot;size&quot;:&quot;&quot;,&quot;sizes&quot;:[]},&quot;_transform_scale_effect_hover_mobile&quot;:{&quot;unit&quot;:&quot;px&quot;,&quot;size&quot;:&quot;&quot;,&quot;sizes&quot;:[]}}\" data-widget_type=\"button.default\">\n\t\t\t\t\t\t\t\t\t\t<a class=\"elementor-button elementor-button-link elementor-size-sm\" href=\"https:\/\/dr-montanari.de\/praxis\/aktuelles\/\">\n\t\t\t\t\t\t<span class=\"elementor-button-content-wrapper\">\n\t\t\t\t\t\t\t\t\t<span class=\"elementor-button-text\">Aktuelles aus der Praxis<\/span>\n\t\t\t\t\t<\/span>\n\t\t\t\t\t<\/a>\n\t\t\t\t\t\t\t\t<\/div>\n\t\t\t\t\t<\/div>\n\t\t<\/div>\n\t\t\t\t<div class=\"elementor-column elementor-col-33 elementor-top-column elementor-element elementor-element-7e31d3a\" data-id=\"7e31d3a\" data-element_type=\"column\" data-e-type=\"column\">\n\t\t\t<div class=\"elementor-widget-wrap elementor-element-populated\">\n\t\t\t\t\t\t<div class=\"elementor-element elementor-element-a542c7f elementor-align-center e-transform e-transform elementor-widget elementor-widget-button\" data-id=\"a542c7f\" data-element_type=\"widget\" data-e-type=\"widget\" data-settings=\"{&quot;_transform_scaleX_effect&quot;:{&quot;unit&quot;:&quot;px&quot;,&quot;size&quot;:&quot;&quot;,&quot;sizes&quot;:[]},&quot;_transform_scaleX_effect_tablet&quot;:{&quot;unit&quot;:&quot;px&quot;,&quot;size&quot;:&quot;&quot;,&quot;sizes&quot;:[]},&quot;_transform_scaleX_effect_mobile&quot;:{&quot;unit&quot;:&quot;px&quot;,&quot;size&quot;:&quot;&quot;,&quot;sizes&quot;:[]},&quot;_transform_scaleY_effect&quot;:{&quot;unit&quot;:&quot;px&quot;,&quot;size&quot;:&quot;&quot;,&quot;sizes&quot;:[]},&quot;_transform_scaleY_effect_tablet&quot;:{&quot;unit&quot;:&quot;px&quot;,&quot;size&quot;:&quot;&quot;,&quot;sizes&quot;:[]},&quot;_transform_scaleY_effect_mobile&quot;:{&quot;unit&quot;:&quot;px&quot;,&quot;size&quot;:&quot;&quot;,&quot;sizes&quot;:[]},&quot;_transform_scaleX_effect_hover&quot;:{&quot;unit&quot;:&quot;px&quot;,&quot;size&quot;:&quot;&quot;,&quot;sizes&quot;:[]},&quot;_transform_scaleX_effect_hover_tablet&quot;:{&quot;unit&quot;:&quot;px&quot;,&quot;size&quot;:&quot;&quot;,&quot;sizes&quot;:[]},&quot;_transform_scaleX_effect_hover_mobile&quot;:{&quot;unit&quot;:&quot;px&quot;,&quot;size&quot;:&quot;&quot;,&quot;sizes&quot;:[]},&quot;_transform_scaleY_effect_hover&quot;:{&quot;unit&quot;:&quot;px&quot;,&quot;size&quot;:&quot;&quot;,&quot;sizes&quot;:[]},&quot;_transform_scaleY_effect_hover_tablet&quot;:{&quot;unit&quot;:&quot;px&quot;,&quot;size&quot;:&quot;&quot;,&quot;sizes&quot;:[]},&quot;_transform_scaleY_effect_hover_mobile&quot;:{&quot;unit&quot;:&quot;px&quot;,&quot;size&quot;:&quot;&quot;,&quot;sizes&quot;:[]}}\" data-widget_type=\"button.default\">\n\t\t\t\t\t\t\t\t\t\t<a class=\"elementor-button elementor-size-sm\" role=\"button\">\n\t\t\t\t\t\t<span class=\"elementor-button-content-wrapper\">\n\t\t\t\t\t\t\t\t\t<span class=\"elementor-button-text\">Presse \/ TV \/ etc.<\/span>\n\t\t\t\t\t<\/span>\n\t\t\t\t\t<\/a>\n\t\t\t\t\t\t\t\t<\/div>\n\t\t\t\t\t<\/div>\n\t\t<\/div>\n\t\t\t\t<div class=\"elementor-column elementor-col-33 elementor-top-column elementor-element elementor-element-fffa184\" data-id=\"fffa184\" data-element_type=\"column\" data-e-type=\"column\">\n\t\t\t<div class=\"elementor-widget-wrap elementor-element-populated\">\n\t\t\t\t\t\t<div class=\"elementor-element elementor-element-7804ce4 elementor-align-center e-transform elementor-widget elementor-widget-button\" data-id=\"7804ce4\" data-element_type=\"widget\" data-e-type=\"widget\" data-settings=\"{&quot;_transform_scale_effect_hover&quot;:{&quot;unit&quot;:&quot;px&quot;,&quot;size&quot;:1.100000000000000088817841970012523233890533447265625,&quot;sizes&quot;:[]},&quot;_transform_scale_effect_hover_tablet&quot;:{&quot;unit&quot;:&quot;px&quot;,&quot;size&quot;:&quot;&quot;,&quot;sizes&quot;:[]},&quot;_transform_scale_effect_hover_mobile&quot;:{&quot;unit&quot;:&quot;px&quot;,&quot;size&quot;:&quot;&quot;,&quot;sizes&quot;:[]}}\" data-widget_type=\"button.default\">\n\t\t\t\t\t\t\t\t\t\t<a class=\"elementor-button elementor-button-link elementor-size-sm\" href=\"https:\/\/dr-montanari.de\/praxis\/vortraege\/\">\n\t\t\t\t\t\t<span class=\"elementor-button-content-wrapper\">\n\t\t\t\t\t\t\t\t\t<span class=\"elementor-button-text\">Vortr\u00e4ge &amp; Workshops<\/span>\n\t\t\t\t\t<\/span>\n\t\t\t\t\t<\/a>\n\t\t\t\t\t\t\t\t<\/div>\n\t\t\t\t\t<\/div>\n\t\t<\/div>\n\t\t\t\t\t<\/div>\n\t\t<\/section>\n\t\t\t\t<section class=\"elementor-section elementor-top-section elementor-element elementor-element-b3c31f2 elementor-section-full_width elementor-section-height-default elementor-section-height-default\" data-id=\"b3c31f2\" data-element_type=\"section\" data-e-type=\"section\">\n\t\t\t\t\t\t<div class=\"elementor-container elementor-column-gap-default\">\n\t\t\t\t\t<div class=\"elementor-column elementor-col-100 elementor-top-column elementor-element elementor-element-c8b4380\" data-id=\"c8b4380\" data-element_type=\"column\" data-e-type=\"column\">\n\t\t\t<div class=\"elementor-widget-wrap elementor-element-populated\">\n\t\t\t\t\t\t<div class=\"elementor-element elementor-element-1ceec03 premium-post-ticker__layout-2 pa-infinite-ticker-yes elementor-widget elementor-widget-premium-post-ticker\" data-id=\"1ceec03\" data-element_type=\"widget\" data-e-type=\"widget\" data-widget_type=\"premium-post-ticker.default\">\n\t\t\t\t\t\t\t\t<div class=\"premium-post-ticker__outer-wrapper premium-post-ticker__hidden \" data-ticker-settings=\"{&quot;layout&quot;:&quot;layout-2&quot;,&quot;typing&quot;:false,&quot;fade&quot;:false,&quot;arrows&quot;:false,&quot;infinite&quot;:true,&quot;autoPlay&quot;:true,&quot;vertical&quot;:false,&quot;speed&quot;:12500,&quot;slidesToShow&quot;:null,&quot;pauseOnHover&quot;:true,&quot;animation&quot;:&quot;&quot;,&quot;shouldBeRtl&quot;:false,&quot;autoplaySpeed&quot;:null}\">\n\t\t\t\t\n\t\t\t\t\t\n\t\t\t\t\t<div class=\"premium-post-ticker__content\">\n\t\t\t\t\t\t\n\t\t\t\t\t\t<div dir=\"ltr\" class=\"premium-post-ticker__posts-wrapper\">\n\t\t\t\t\t\t\t\t\t\t<div class=\"premium-post-ticker__post-wrapper elementor-repeater-item-9dcd18c animated \">\n\t\t\t\t<div class=\"premium-post-ticker__post-title\">\n\t\t\t\t\t<a href=\"https:\/\/dr-montanari.de\/aktuelles\/rtl-punkt-12\/\">\n\t\t\t\t\t\tRTL\t\t\t\t\t<\/a>\n\t\t\t\t<\/div>\n\t\t\t\t\t\t\t\t\t\t\t\t\t<div class=\"premium-post-ticker__separator\"><\/div>\n\t\t\t\t\t\t\t<\/div>\n\t\t\t\t\t\t<div class=\"premium-post-ticker__post-wrapper elementor-repeater-item-659b952 animated \">\n\t\t\t\t<div class=\"premium-post-ticker__post-title\">\n\t\t\t\t\t<a href=\"https:\/\/dr-montanari.de\/aktuelles\/wdr-markt\/\">\n\t\t\t\t\t\tWDR\t\t\t\t\t<\/a>\n\t\t\t\t<\/div>\n\t\t\t\t\t\t\t\t\t\t\t\t\t<div class=\"premium-post-ticker__separator\"><\/div>\n\t\t\t\t\t\t\t<\/div>\n\t\t\t\t\t\t<div class=\"premium-post-ticker__post-wrapper elementor-repeater-item-01e3045 animated \">\n\t\t\t\t<div class=\"premium-post-ticker__post-title\">\n\t\t\t\t\t<a href=\"https:\/\/dr-montanari.de\/aktuelles\/stern-die-diagnose-fillerreaktion-nach-impfung-infektion\/\">\n\t\t\t\t\t\tSTERN\t\t\t\t\t<\/a>\n\t\t\t\t<\/div>\n\t\t\t\t\t\t\t\t\t\t\t\t\t<div class=\"premium-post-ticker__separator\"><\/div>\n\t\t\t\t\t\t\t<\/div>\n\t\t\t\t\t\t<div class=\"premium-post-ticker__post-wrapper elementor-repeater-item-7e5f400 animated \">\n\t\t\t\t<div class=\"premium-post-ticker__post-title\">\n\t\t\t\t\t<a href=\"https:\/\/dr-montanari.de\/aktuelles\/weltweiter-rekordumsatz-2023-schoenheits-ops-immer-beliebter\/\">\n\t\t\t\t\t\tFOCUS\t\t\t\t\t<\/a>\n\t\t\t\t<\/div>\n\t\t\t\t\t\t\t\t\t\t\t\t\t<div class=\"premium-post-ticker__separator\"><\/div>\n\t\t\t\t\t\t\t<\/div>\n\t\t\t\t\t\t<div class=\"premium-post-ticker__post-wrapper elementor-repeater-item-06f668f animated \">\n\t\t\t\t<div class=\"premium-post-ticker__post-title\">\n\t\t\t\t\t<a href=\"https:\/\/dr-montanari.de\/aktuelles\/ndr-bin-ich-schoen-dr-michaela-montanari-in-dreiteiliger-ndr-dokureihe\/\">\n\t\t\t\t\t\tNDR\t\t\t\t\t<\/a>\n\t\t\t\t<\/div>\n\t\t\t\t\t\t\t\t\t\t\t\t\t<div class=\"premium-post-ticker__separator\"><\/div>\n\t\t\t\t\t\t\t<\/div>\n\t\t\t\t\t\t<div class=\"premium-post-ticker__post-wrapper elementor-repeater-item-096b54e animated \">\n\t\t\t\t<div class=\"premium-post-ticker__post-title\">\n\t\t\t\t\t<a href=\"https:\/\/dr-montanari.de\/presse\/kult-blondine-sophia-wollersheim\/\">\n\t\t\t\t\t\tBILD\t\t\t\t\t<\/a>\n\t\t\t\t<\/div>\n\t\t\t\t\t\t\t\t\t\t\t\t\t<div class=\"premium-post-ticker__separator\"><\/div>\n\t\t\t\t\t\t\t<\/div>\n\t\t\t\t\t\t<div class=\"premium-post-ticker__post-wrapper elementor-repeater-item-c0e40c9 animated \">\n\t\t\t\t<div class=\"premium-post-ticker__post-title\">\n\t\t\t\t\t<a href=\"https:\/\/dr-montanari.de\/aktuelles\/bild-der-frau-tabuthema-intim-op\/\">\n\t\t\t\t\t\tBILD DER FRAU\t\t\t\t\t<\/a>\n\t\t\t\t<\/div>\n\t\t\t\t\t\t\t\t\t\t\t\t\t<div class=\"premium-post-ticker__separator\"><\/div>\n\t\t\t\t\t\t\t<\/div>\n\t\t\t\t\t\t<div class=\"premium-post-ticker__post-wrapper elementor-repeater-item-f1cf895 animated \">\n\t\t\t\t<div class=\"premium-post-ticker__post-title\">\n\t\t\t\t\t<a href=\"https:\/\/dr-montanari.de\/aktuelles\/bild-der-frau-tabuthema-intim-op\/\">\n\t\t\t\t\t\tVOGUE\t\t\t\t\t<\/a>\n\t\t\t\t<\/div>\n\t\t\t\t\t\t\t\t\t\t\t\t\t<div class=\"premium-post-ticker__separator\"><\/div>\n\t\t\t\t\t\t\t<\/div>\n\t\t\t\t\t\t<div class=\"premium-post-ticker__post-wrapper elementor-repeater-item-d0a9f72 animated \">\n\t\t\t\t<div class=\"premium-post-ticker__post-title\">\n\t\t\t\t\t<a href=\"https:\/\/dr-montanari.de\/praxis\/presse-3\/\">\n\t\t\t\t\t\tAlle Pressebeitr\u00e4ge\t\t\t\t\t<\/a>\n\t\t\t\t<\/div>\n\t\t\t\t\t\t\t\t\t\t\t\t\t<div class=\"premium-post-ticker__separator\"><\/div>\n\t\t\t\t\t\t\t<\/div>\n\t\t\t\t\t\t\t\t\t<\/div>\n\n\t\t\t\t\t\t\t\t\t\t\t<\/div>\n\n\t\t\t\t\t\t\t<\/div>\n\t\t\t\t\t\t<\/div>\n\t\t\t\t\t<\/div>\n\t\t<\/div>\n\t\t\t\t\t<\/div>\n\t\t<\/section>\n\t\t\t\t<section class=\"elementor-section elementor-top-section elementor-element elementor-element-470c9e6 elementor-section-boxed elementor-section-height-default elementor-section-height-default\" data-id=\"470c9e6\" data-element_type=\"section\" data-e-type=\"section\">\n\t\t\t\t\t\t<div class=\"elementor-container elementor-column-gap-default\">\n\t\t\t\t\t<div class=\"elementor-column elementor-col-100 elementor-top-column elementor-element elementor-element-9b82304\" data-id=\"9b82304\" data-element_type=\"column\" data-e-type=\"column\">\n\t\t\t<div class=\"elementor-widget-wrap elementor-element-populated\">\n\t\t\t\t\t\t<div class=\"elementor-element elementor-element-e38aca7 elementor-widget elementor-widget-text-editor\" data-id=\"e38aca7\" data-element_type=\"widget\" data-e-type=\"widget\" data-widget_type=\"text-editor.default\">\n\t\t\t\t\t\t\t\t\t<h3 style=\"text-align: center;\">Allgemeiner Hinweis<\/h3><p><strong>Bitte beachten Sie:<\/strong> Fernsehsender, Radiosender oder Zeitschriften stellen Ihre Beitr\u00e4ge nur zeitlich begrenzt in ihren Mediatheken zur Verf\u00fcgung. Da sie auch lizenzrechtlichen Vorschriften bzw. dem Urheberrecht unterliegen, so d\u00fcrfen wir diese auch nicht wahllos ver\u00f6ffentlichen. Daher sind heute leider nicht mehr alle Presseartikel verf\u00fcgbar.<\/p>\t\t\t\t\t\t\t\t<\/div>\n\t\t\t\t\t<\/div>\n\t\t<\/div>\n\t\t\t\t\t<\/div>\n\t\t<\/section>\n\t\t\t\t<section class=\"elementor-section elementor-top-section elementor-element elementor-element-5654ee5 elementor-section-boxed elementor-section-height-default elementor-section-height-default\" data-id=\"5654ee5\" data-element_type=\"section\" data-e-type=\"section\">\n\t\t\t\t\t\t<div class=\"elementor-container elementor-column-gap-default\">\n\t\t\t\t\t<div class=\"elementor-column elementor-col-100 elementor-top-column elementor-element elementor-element-c9678b6\" data-id=\"c9678b6\" data-element_type=\"column\" data-e-type=\"column\">\n\t\t\t<div class=\"elementor-widget-wrap elementor-element-populated\">\n\t\t\t\t\t\t<div class=\"elementor-element elementor-element-2ed2f3d elementor-tabs-view-vertical elementor-widget elementor-widget-tabs\" data-id=\"2ed2f3d\" data-element_type=\"widget\" data-e-type=\"widget\" data-widget_type=\"tabs.default\">\n\t\t\t\t\t\t\t<div class=\"elementor-tabs\">\n\t\t\t<div class=\"elementor-tabs-wrapper\" role=\"tablist\" >\n\t\t\t\t\t\t\t\t\t<div id=\"elementor-tab-title-4901\" class=\"elementor-tab-title elementor-tab-desktop-title\" aria-selected=\"true\" data-tab=\"1\" role=\"tab\" tabindex=\"0\" aria-controls=\"elementor-tab-content-4901\" aria-expanded=\"false\">2026<\/div>\n\t\t\t\t\t\t\t\t\t<div id=\"elementor-tab-title-4902\" class=\"elementor-tab-title elementor-tab-desktop-title\" aria-selected=\"false\" data-tab=\"2\" role=\"tab\" tabindex=\"-1\" aria-controls=\"elementor-tab-content-4902\" aria-expanded=\"false\">2025<\/div>\n\t\t\t\t\t\t\t\t\t<div id=\"elementor-tab-title-4903\" class=\"elementor-tab-title elementor-tab-desktop-title\" aria-selected=\"false\" data-tab=\"3\" role=\"tab\" tabindex=\"-1\" aria-controls=\"elementor-tab-content-4903\" aria-expanded=\"false\">2024<\/div>\n\t\t\t\t\t\t\t\t\t<div id=\"elementor-tab-title-4904\" class=\"elementor-tab-title elementor-tab-desktop-title\" aria-selected=\"false\" data-tab=\"4\" role=\"tab\" tabindex=\"-1\" aria-controls=\"elementor-tab-content-4904\" aria-expanded=\"false\">2023<\/div>\n\t\t\t\t\t\t\t\t\t<div id=\"elementor-tab-title-4905\" class=\"elementor-tab-title elementor-tab-desktop-title\" aria-selected=\"false\" data-tab=\"5\" role=\"tab\" tabindex=\"-1\" aria-controls=\"elementor-tab-content-4905\" aria-expanded=\"false\">2022<\/div>\n\t\t\t\t\t\t\t\t\t<div id=\"elementor-tab-title-4906\" class=\"elementor-tab-title elementor-tab-desktop-title\" aria-selected=\"false\" data-tab=\"6\" role=\"tab\" tabindex=\"-1\" aria-controls=\"elementor-tab-content-4906\" aria-expanded=\"false\">2021<\/div>\n\t\t\t\t\t\t\t\t\t<div id=\"elementor-tab-title-4907\" class=\"elementor-tab-title elementor-tab-desktop-title\" aria-selected=\"false\" data-tab=\"7\" role=\"tab\" tabindex=\"-1\" aria-controls=\"elementor-tab-content-4907\" aria-expanded=\"false\">2020<\/div>\n\t\t\t\t\t\t\t\t\t<div id=\"elementor-tab-title-4908\" class=\"elementor-tab-title elementor-tab-desktop-title\" aria-selected=\"false\" data-tab=\"8\" role=\"tab\" tabindex=\"-1\" aria-controls=\"elementor-tab-content-4908\" aria-expanded=\"false\">2019<\/div>\n\t\t\t\t\t\t\t\t\t<div id=\"elementor-tab-title-4909\" class=\"elementor-tab-title elementor-tab-desktop-title\" aria-selected=\"false\" data-tab=\"9\" role=\"tab\" tabindex=\"-1\" aria-controls=\"elementor-tab-content-4909\" aria-expanded=\"false\">2018<\/div>\n\t\t\t\t\t\t\t\t\t<div id=\"elementor-tab-title-49010\" class=\"elementor-tab-title elementor-tab-desktop-title\" aria-selected=\"false\" data-tab=\"10\" role=\"tab\" tabindex=\"-1\" aria-controls=\"elementor-tab-content-49010\" aria-expanded=\"false\">2017<\/div>\n\t\t\t\t\t\t\t\t\t<div id=\"elementor-tab-title-49011\" class=\"elementor-tab-title elementor-tab-desktop-title\" aria-selected=\"false\" data-tab=\"11\" role=\"tab\" tabindex=\"-1\" aria-controls=\"elementor-tab-content-49011\" aria-expanded=\"false\">2016<\/div>\n\t\t\t\t\t\t\t\t\t<div id=\"elementor-tab-title-49012\" class=\"elementor-tab-title elementor-tab-desktop-title\" aria-selected=\"false\" data-tab=\"12\" role=\"tab\" tabindex=\"-1\" aria-controls=\"elementor-tab-content-49012\" aria-expanded=\"false\">2015<\/div>\n\t\t\t\t\t\t\t\t\t<div id=\"elementor-tab-title-49013\" class=\"elementor-tab-title elementor-tab-desktop-title\" aria-selected=\"false\" data-tab=\"13\" role=\"tab\" tabindex=\"-1\" aria-controls=\"elementor-tab-content-49013\" aria-expanded=\"false\">2014<\/div>\n\t\t\t\t\t\t\t\t\t<div id=\"elementor-tab-title-49014\" class=\"elementor-tab-title elementor-tab-desktop-title\" aria-selected=\"false\" data-tab=\"14\" role=\"tab\" tabindex=\"-1\" aria-controls=\"elementor-tab-content-49014\" aria-expanded=\"false\">2013<\/div>\n\t\t\t\t\t\t\t\t\t<div id=\"elementor-tab-title-49015\" class=\"elementor-tab-title elementor-tab-desktop-title\" aria-selected=\"false\" data-tab=\"15\" role=\"tab\" tabindex=\"-1\" aria-controls=\"elementor-tab-content-49015\" aria-expanded=\"false\">2012<\/div>\n\t\t\t\t\t\t\t\t\t<div id=\"elementor-tab-title-49016\" class=\"elementor-tab-title elementor-tab-desktop-title\" aria-selected=\"false\" data-tab=\"16\" role=\"tab\" tabindex=\"-1\" aria-controls=\"elementor-tab-content-49016\" aria-expanded=\"false\">2011<\/div>\n\t\t\t\t\t\t\t\t\t<div id=\"elementor-tab-title-49017\" class=\"elementor-tab-title elementor-tab-desktop-title\" aria-selected=\"false\" data-tab=\"17\" role=\"tab\" tabindex=\"-1\" aria-controls=\"elementor-tab-content-49017\" aria-expanded=\"false\">2010<\/div>\n\t\t\t\t\t\t\t<\/div>\n\t\t\t<div class=\"elementor-tabs-content-wrapper\" role=\"tablist\" aria-orientation=\"vertical\">\n\t\t\t\t\t\t\t\t\t<div class=\"elementor-tab-title elementor-tab-mobile-title\" aria-selected=\"true\" data-tab=\"1\" role=\"tab\" tabindex=\"0\" aria-controls=\"elementor-tab-content-4901\" aria-expanded=\"false\">2026<\/div>\n\t\t\t\t\t<div id=\"elementor-tab-content-4901\" class=\"elementor-tab-content elementor-clearfix\" data-tab=\"1\" role=\"tabpanel\" aria-labelledby=\"elementor-tab-title-4901\" tabindex=\"0\" hidden=\"false\">\t\t<div data-elementor-type=\"page\" data-elementor-id=\"14866\" class=\"elementor elementor-14866\" data-elementor-post-type=\"elementor_library\">\n\t\t\t\t\t\t<section class=\"elementor-section elementor-top-section elementor-element elementor-element-c86e82c elementor-section-boxed elementor-section-height-default elementor-section-height-default\" data-id=\"c86e82c\" data-element_type=\"section\" data-e-type=\"section\">\n\t\t\t\t\t\t<div class=\"elementor-container elementor-column-gap-default\">\n\t\t\t\t\t<div class=\"elementor-column elementor-col-100 elementor-top-column elementor-element elementor-element-ad1ac30\" data-id=\"ad1ac30\" data-element_type=\"column\" data-e-type=\"column\">\n\t\t\t<div class=\"elementor-widget-wrap elementor-element-populated\">\n\t\t\t\t\t\t<div class=\"elementor-element elementor-element-37aa9ca elementor-widget elementor-widget-heading\" data-id=\"37aa9ca\" data-element_type=\"widget\" data-e-type=\"widget\" data-widget_type=\"heading.default\">\n\t\t\t\t\t<h2 class=\"elementor-heading-title elementor-size-default\">Presse 2026<\/h2>\t\t\t\t<\/div>\n\t\t\t\t<div class=\"elementor-element elementor-element-1fff26d elementor-widget elementor-widget-heading\" data-id=\"1fff26d\" data-element_type=\"widget\" data-e-type=\"widget\" data-widget_type=\"heading.default\">\n\t\t\t\t\t<h3 class=\"elementor-heading-title elementor-size-default\">DG\u00c4PC Podcast: Ungeschminkt! Folge 1: Woran erkenne ich, dass mein Wunscharzt qualifiziert ist?<\/h3>\t\t\t\t<\/div>\n\t\t\t\t<section class=\"elementor-section elementor-inner-section elementor-element elementor-element-9934e11 elementor-section-boxed elementor-section-height-default elementor-section-height-default\" data-id=\"9934e11\" data-element_type=\"section\" data-e-type=\"section\">\n\t\t\t\t\t\t<div class=\"elementor-container elementor-column-gap-default\">\n\t\t\t\t\t<div class=\"elementor-column elementor-col-50 elementor-inner-column elementor-element elementor-element-f369250\" data-id=\"f369250\" data-element_type=\"column\" data-e-type=\"column\">\n\t\t\t<div class=\"elementor-widget-wrap elementor-element-populated\">\n\t\t\t\t\t\t<div class=\"elementor-element elementor-element-c78e4d6 elementor-widget elementor-widget-image\" data-id=\"c78e4d6\" data-element_type=\"widget\" data-e-type=\"widget\" data-widget_type=\"image.default\">\n\t\t\t\t\t\t\t\t\t\t\t\t\t\t\t\t<a href=\"https:\/\/www.dgaepc.de\/podcast\/\" target=\"_blank\" rel=\"noopener\">\n\t\t\t\t\t\t\t<img fetchpriority=\"high\" decoding=\"async\" width=\"300\" height=\"300\" src=\"https:\/\/dr-montanari.de\/wp-content\/uploads\/ungeschminckt-dgaepc-300x300.avif\" class=\"attachment-medium size-medium wp-image-14885\" alt=\"ungeschminckt-dgaepc\" srcset=\"https:\/\/dr-montanari.de\/wp-content\/uploads\/ungeschminckt-dgaepc-300x300.avif 300w, https:\/\/dr-montanari.de\/wp-content\/uploads\/ungeschminckt-dgaepc-150x150.avif 150w, https:\/\/dr-montanari.de\/wp-content\/uploads\/ungeschminckt-dgaepc-12x12.png 12w, https:\/\/dr-montanari.de\/wp-content\/uploads\/ungeschminckt-dgaepc.avif 750w\" sizes=\"(max-width: 300px) 100vw, 300px\" \/>\t\t\t\t\t\t\t\t<\/a>\n\t\t\t\t\t\t\t\t\t\t\t\t\t\t\t<\/div>\n\t\t\t\t\t<\/div>\n\t\t<\/div>\n\t\t\t\t<div class=\"elementor-column elementor-col-50 elementor-inner-column elementor-element elementor-element-7411be2\" data-id=\"7411be2\" data-element_type=\"column\" data-e-type=\"column\">\n\t\t\t<div class=\"elementor-widget-wrap elementor-element-populated\">\n\t\t\t\t\t\t<div class=\"elementor-element elementor-element-310dc36 elementor-widget elementor-widget-text-editor\" data-id=\"310dc36\" data-element_type=\"widget\" data-e-type=\"widget\" data-widget_type=\"text-editor.default\">\n\t\t\t\t\t\t\t\t\t<p>In der ersten Folge von <strong>\u201eUngeschminkt\u201c<\/strong> sprechen Dr. Michaela Montanari (Pr\u00e4sidentin der DG\u00c4PC), Dr. Helge Jens (ehemaliger Pr\u00e4sident)<br \/>und Dr. Philipp Bergmann offen \u00fcber ein zentrales Thema der \u00e4sthetischen Chirurgie: Qualifikation.<\/p><p>Was unterscheidet fundierte Facharztausbildung von reinen Werbeversprechen? Welche \u201eRed Flags\u201c sollten Patienten ernst nehmen? Warum ersetzt ein professioneller Social-Media-Auftritt keine medizinische Expertise? Welche Rolle spielen Ethik, Verantwortung und ehrliche Beratung?<\/p><p>Diese Auftaktfolge gibt Orientierung in einem Markt, der zunehmend von Trends und Inszenierung gepr\u00e4gt ist \u2013 und zeigt, woran echte Qualit\u00e4t erkennbar ist.<\/p><p><strong>Alle Informationen und Links zu den Plattformen hier:<\/strong> <span style=\"text-decoration: underline;\"><a href=\"https:\/\/www.dgaepc.de\/podcast\/\" data-wplink-edit=\"true\" target=\"_blank\" rel=\"noopener\">https:\/\/www.dgaepc.de\/podcast\/<\/a><\/span><\/p>\t\t\t\t\t\t\t\t<\/div>\n\t\t\t\t\t<\/div>\n\t\t<\/div>\n\t\t\t\t\t<\/div>\n\t\t<\/section>\n\t\t\t\t<div class=\"elementor-element elementor-element-93e9f09 elementor-widget-divider--view-line elementor-widget elementor-widget-divider\" data-id=\"93e9f09\" data-element_type=\"widget\" data-e-type=\"widget\" data-widget_type=\"divider.default\">\n\t\t\t\t\t\t\t<div class=\"elementor-divider\">\n\t\t\t<span class=\"elementor-divider-separator\">\n\t\t\t\t\t\t<\/span>\n\t\t<\/div>\n\t\t\t\t\t\t<\/div>\n\t\t\t\t<div class=\"elementor-element elementor-element-97ac7fc elementor-widget elementor-widget-heading\" data-id=\"97ac7fc\" data-element_type=\"widget\" data-e-type=\"widget\" data-widget_type=\"heading.default\">\n\t\t\t\t\t<h3 class=\"elementor-heading-title elementor-size-default\">MEDICAL by Beautyforum: DG\u00c4PC Jahrestagung \u2013 erste Pr\u00e4sidentin gew\u00e4hlt\n(Ausgabe 1 \/ 9. Februar 2026)<\/h3>\t\t\t\t<\/div>\n\t\t\t\t<section class=\"elementor-section elementor-inner-section elementor-element elementor-element-bcd77ef elementor-section-boxed elementor-section-height-default elementor-section-height-default\" data-id=\"bcd77ef\" data-element_type=\"section\" data-e-type=\"section\">\n\t\t\t\t\t\t<div class=\"elementor-container elementor-column-gap-default\">\n\t\t\t\t\t<div class=\"elementor-column elementor-col-50 elementor-inner-column elementor-element elementor-element-8d7bf33\" data-id=\"8d7bf33\" data-element_type=\"column\" data-e-type=\"column\">\n\t\t\t<div class=\"elementor-widget-wrap elementor-element-populated\">\n\t\t\t\t\t\t<div class=\"elementor-element elementor-element-21c5252 elementor-widget elementor-widget-image\" data-id=\"21c5252\" data-element_type=\"widget\" data-e-type=\"widget\" data-widget_type=\"image.default\">\n\t\t\t\t\t\t\t\t\t\t\t\t\t\t\t\t<a href=\"https:\/\/dr-montanari.de\/wp-content\/uploads\/MEDICAL_2601_8_News.pdf\" target=\"_blank\">\n\t\t\t\t\t\t\t<img decoding=\"async\" width=\"231\" height=\"300\" src=\"https:\/\/dr-montanari.de\/wp-content\/uploads\/medical-2026-231x300.avif\" class=\"attachment-medium size-medium wp-image-14893\" alt=\"medical-2026\" srcset=\"https:\/\/dr-montanari.de\/wp-content\/uploads\/medical-2026-231x300.avif 231w, https:\/\/dr-montanari.de\/wp-content\/uploads\/medical-2026-789x1024.avif 789w, https:\/\/dr-montanari.de\/wp-content\/uploads\/medical-2026-768x997.avif 768w, https:\/\/dr-montanari.de\/wp-content\/uploads\/medical-2026-9x12.png 9w, https:\/\/dr-montanari.de\/wp-content\/uploads\/medical-2026.avif 915w\" sizes=\"(max-width: 231px) 100vw, 231px\" \/>\t\t\t\t\t\t\t\t<\/a>\n\t\t\t\t\t\t\t\t\t\t\t\t\t\t\t<\/div>\n\t\t\t\t\t<\/div>\n\t\t<\/div>\n\t\t\t\t<div class=\"elementor-column elementor-col-50 elementor-inner-column elementor-element elementor-element-53ae118\" data-id=\"53ae118\" data-element_type=\"column\" data-e-type=\"column\">\n\t\t\t<div class=\"elementor-widget-wrap elementor-element-populated\">\n\t\t\t\t\t\t<div class=\"elementor-element elementor-element-1e6441e elementor-widget elementor-widget-text-editor\" data-id=\"1e6441e\" data-element_type=\"widget\" data-e-type=\"widget\" data-widget_type=\"text-editor.default\">\n\t\t\t\t\t\t\t\t\t<p>Bericht \u00fcber den neu gew\u00e4hlten Vorstand der<a href=\"http:\/\/www.dgaepc.de\" target=\"_blank\" rel=\"noopener\"> DG\u00c4PC<\/a> mit DR. Michaela Montanari als erste Pr\u00e4sidentin der Fachgesellschaft f\u00fcr \u00c4sthetisch-Plastische Chirurgie.<\/p>\t\t\t\t\t\t\t\t<\/div>\n\t\t\t\t<div class=\"elementor-element elementor-element-2cecfbc elementor-align-center e-transform elementor-widget elementor-widget-button\" data-id=\"2cecfbc\" data-element_type=\"widget\" data-e-type=\"widget\" data-settings=\"{&quot;_transform_scale_effect_hover&quot;:{&quot;unit&quot;:&quot;px&quot;,&quot;size&quot;:1.100000000000000088817841970012523233890533447265625,&quot;sizes&quot;:[]},&quot;_transform_scale_effect_hover_tablet&quot;:{&quot;unit&quot;:&quot;px&quot;,&quot;size&quot;:&quot;&quot;,&quot;sizes&quot;:[]},&quot;_transform_scale_effect_hover_mobile&quot;:{&quot;unit&quot;:&quot;px&quot;,&quot;size&quot;:&quot;&quot;,&quot;sizes&quot;:[]}}\" data-widget_type=\"button.default\">\n\t\t\t\t\t\t\t\t\t\t<a class=\"elementor-button elementor-button-link elementor-size-sm\" href=\"https:\/\/dr-montanari.de\/wp-content\/uploads\/MEDICAL_2601_8_News.pdf\" target=\"_blank\">\n\t\t\t\t\t\t<span class=\"elementor-button-content-wrapper\">\n\t\t\t\t\t\t<span class=\"elementor-button-icon\">\n\t\t\t\t<i aria-hidden=\"true\" class=\"far fa-file-pdf\"><\/i>\t\t\t<\/span>\n\t\t\t\t\t\t\t\t\t<span class=\"elementor-button-text\">Artikel Medical lesen<\/span>\n\t\t\t\t\t<\/span>\n\t\t\t\t\t<\/a>\n\t\t\t\t\t\t\t\t<\/div>\n\t\t\t\t\t<\/div>\n\t\t<\/div>\n\t\t\t\t\t<\/div>\n\t\t<\/section>\n\t\t\t\t<div class=\"elementor-element elementor-element-0d4a590 elementor-widget-divider--view-line elementor-widget elementor-widget-divider\" data-id=\"0d4a590\" data-element_type=\"widget\" data-e-type=\"widget\" data-widget_type=\"divider.default\">\n\t\t\t\t\t\t\t<div class=\"elementor-divider\">\n\t\t\t<span class=\"elementor-divider-separator\">\n\t\t\t\t\t\t<\/span>\n\t\t<\/div>\n\t\t\t\t\t\t<\/div>\n\t\t\t\t<div class=\"elementor-element elementor-element-9ce4046 elementor-widget elementor-widget-heading\" data-id=\"9ce4046\" data-element_type=\"widget\" data-e-type=\"widget\" data-widget_type=\"heading.default\">\n\t\t\t\t\t<h3 class=\"elementor-heading-title elementor-size-default\">M\u00fcnchner Merkur (+ 32 weitere Online Tageszeitungen): Zwischen Buttercreme und Geschenkestress (11.02.2026)<\/h3>\t\t\t\t<\/div>\n\t\t\t\t<div class=\"elementor-element elementor-element-00b4501 elementor-widget elementor-widget-text-editor\" data-id=\"00b4501\" data-element_type=\"widget\" data-e-type=\"widget\" data-widget_type=\"text-editor.default\">\n\t\t\t\t\t\t\t\t\t<p>Im Artikel \u201eValentinstag: Zwischen Buttercreme und Geschenkestress\u201c macht Dr. Michaela Montanari als Pr\u00e4sidentin der <a href=\"http:\/\/www.dgaepc.de\" target=\"_blank\" rel=\"noopener\">DG\u00c4PC<\/a> auf die zunehmende Werbung f\u00fcr Rabattaktionen und Preisnachl\u00e4ssen f\u00fcr \u00e4sthetische Behandlungen rund um den Valentinstag aufmerksam und r\u00fcckt den verantwortungsvollen Umgang mit medizinischer Werbung in den Fokus des Beitrags.<\/p><p style=\"text-align: center;\">Hier geht\u00b4s zum Artikel:\u00a0 <a href=\"http:\/\/www.merkur.de\/verbraucher\/valentinstag-zwischen-buttercreme-und-geschenkestress-zr-94164500.html\" target=\"_blank\" rel=\"noopener\"><br \/>http:\/\/www.merkur.de\/verbraucher\/valentinstag-zwischen-buttercreme-und-geschenkestress-zr-94164500.html<\/a><\/p>\t\t\t\t\t\t\t\t<\/div>\n\t\t\t\t<div class=\"elementor-element elementor-element-8653d3b elementor-widget-divider--view-line elementor-widget elementor-widget-divider\" data-id=\"8653d3b\" data-element_type=\"widget\" data-e-type=\"widget\" data-widget_type=\"divider.default\">\n\t\t\t\t\t\t\t<div class=\"elementor-divider\">\n\t\t\t<span class=\"elementor-divider-separator\">\n\t\t\t\t\t\t<\/span>\n\t\t<\/div>\n\t\t\t\t\t\t<\/div>\n\t\t\t\t<div class=\"elementor-element elementor-element-082432e elementor-widget elementor-widget-heading\" data-id=\"082432e\" data-element_type=\"widget\" data-e-type=\"widget\" data-widget_type=\"heading.default\">\n\t\t\t\t\t<h3 class=\"elementor-heading-title elementor-size-default\">Die Beckumer Zeitung: \u201eRisiken werden erheblich untersch\u00e4tzt\u201c\n(V\u00d6 11.02.2026)<\/h3>\t\t\t\t<\/div>\n\t\t\t\t<div class=\"elementor-element elementor-element-782d081 elementor-widget elementor-widget-text-editor\" data-id=\"782d081\" data-element_type=\"widget\" data-e-type=\"widget\" data-widget_type=\"text-editor.default\">\n\t\t\t\t\t\t\t\t\t<p>Ein Artikel zu Risiken bei Operationen im Ausland. Dr. Michaela Montanari kl\u00e4rt darin auf, wie wichtig eine fundierte, ausf\u00fchrliche Beratung im Vorfeld eines Eingriffs ist und betont die Wichtigkeit, bei der Qualifikation des Arztes genau hinzusehen und diese zu hinterfragen.<\/p>\t\t\t\t\t\t\t\t<\/div>\n\t\t\t\t<div class=\"elementor-element elementor-element-20debcd elementor-widget-divider--view-line elementor-widget elementor-widget-divider\" data-id=\"20debcd\" data-element_type=\"widget\" data-e-type=\"widget\" data-widget_type=\"divider.default\">\n\t\t\t\t\t\t\t<div class=\"elementor-divider\">\n\t\t\t<span class=\"elementor-divider-separator\">\n\t\t\t\t\t\t<\/span>\n\t\t<\/div>\n\t\t\t\t\t\t<\/div>\n\t\t\t\t<div class=\"elementor-element elementor-element-48f3654 elementor-widget elementor-widget-heading\" data-id=\"48f3654\" data-element_type=\"widget\" data-e-type=\"widget\" data-widget_type=\"heading.default\">\n\t\t\t\t\t<h3 class=\"elementor-heading-title elementor-size-default\">Die Welt am Sonntag: \u201e\u00c4sthetisch-Plastische Chirurgie \u2013\nnat\u00fcrliche Nachhaltigkeit\u201c (V\u00d6 01.02.2026)<\/h3>\t\t\t\t<\/div>\n\t\t\t\t<section class=\"elementor-section elementor-inner-section elementor-element elementor-element-cd8fe9a elementor-section-boxed elementor-section-height-default elementor-section-height-default\" data-id=\"cd8fe9a\" data-element_type=\"section\" data-e-type=\"section\">\n\t\t\t\t\t\t<div class=\"elementor-container elementor-column-gap-default\">\n\t\t\t\t\t<div class=\"elementor-column elementor-col-50 elementor-inner-column elementor-element elementor-element-ba0f66e\" data-id=\"ba0f66e\" data-element_type=\"column\" data-e-type=\"column\">\n\t\t\t<div class=\"elementor-widget-wrap elementor-element-populated\">\n\t\t\t\t\t\t<div class=\"elementor-element elementor-element-afecc97 elementor-widget elementor-widget-image\" data-id=\"afecc97\" data-element_type=\"widget\" data-e-type=\"widget\" data-widget_type=\"image.default\">\n\t\t\t\t\t\t\t\t\t\t\t\t\t\t\t\t<a href=\"https:\/\/dr-montanari.de\/wp-content\/uploads\/Seiten-aus-Welt-Alles-fuer-die-Gesundheit_E-Paper.pdf\" target=\"_blank\">\n\t\t\t\t\t\t\t<img decoding=\"async\" width=\"205\" height=\"300\" src=\"https:\/\/dr-montanari.de\/wp-content\/uploads\/aritkel-welt-205x300.avif\" class=\"attachment-medium size-medium wp-image-14891\" alt=\"aritkel-welt\" srcset=\"https:\/\/dr-montanari.de\/wp-content\/uploads\/aritkel-welt-205x300.avif 205w, https:\/\/dr-montanari.de\/wp-content\/uploads\/aritkel-welt-699x1024.avif 699w, https:\/\/dr-montanari.de\/wp-content\/uploads\/aritkel-welt-768x1124.avif 768w, https:\/\/dr-montanari.de\/wp-content\/uploads\/aritkel-welt-8x12.png 8w, https:\/\/dr-montanari.de\/wp-content\/uploads\/aritkel-welt.avif 976w\" sizes=\"(max-width: 205px) 100vw, 205px\" \/>\t\t\t\t\t\t\t\t<\/a>\n\t\t\t\t\t\t\t\t\t\t\t\t\t\t\t<\/div>\n\t\t\t\t\t<\/div>\n\t\t<\/div>\n\t\t\t\t<div class=\"elementor-column elementor-col-50 elementor-inner-column elementor-element elementor-element-df06ad6\" data-id=\"df06ad6\" data-element_type=\"column\" data-e-type=\"column\">\n\t\t\t<div class=\"elementor-widget-wrap elementor-element-populated\">\n\t\t\t\t\t\t<div class=\"elementor-element elementor-element-f9f77dd elementor-widget elementor-widget-text-editor\" data-id=\"f9f77dd\" data-element_type=\"widget\" data-e-type=\"widget\" data-widget_type=\"text-editor.default\">\n\t\t\t\t\t\t\t\t\t<p>Im Beitrag \u201e\u00c4sthetisch-Plastische Chirurgie \u2013 nat\u00fcrliche Nachhaltigkeit\u201c erl\u00e4utert Dr. Michaela Montanari, Pr\u00e4sidentin der Deutschen Gesellschaft f\u00fcr \u00c4sthetisch-Plastische Chirurgie, den Wandel hin zu mehr Nat\u00fcrlichkeit, Qualit\u00e4t und langfristigen Behandlungskonzepten.<\/p><p>Sie macht auf den Einfluss sozialer Medien auf Sch\u00f6nheitsideale aufmerksam, thematisiert die wachsende Unsicherheit vieler Patienten bei der Wahl qualifizierter Behandler und betont die Bedeutung transparenter Standards.<\/p><p>Als Pr\u00e4sidentin der <a href=\"http:\/\/www.dgaepc.de\" target=\"_blank\" rel=\"noopener\">DG\u00c4PC<\/a> setzt sie sich zudem f\u00fcr einen verbindlichen Facharztvorbehalt in der \u00e4sthetischen Medizin ein.<\/p>\t\t\t\t\t\t\t\t<\/div>\n\t\t\t\t\t<\/div>\n\t\t<\/div>\n\t\t\t\t\t<\/div>\n\t\t<\/section>\n\t\t\t\t\t<\/div>\n\t\t<\/div>\n\t\t\t\t\t<\/div>\n\t\t<\/section>\n\t\t\t\t<section class=\"elementor-section elementor-top-section elementor-element elementor-element-669b511 elementor-section-boxed elementor-section-height-default elementor-section-height-default\" data-id=\"669b511\" data-element_type=\"section\" data-e-type=\"section\">\n\t\t\t\t\t\t<div class=\"elementor-container elementor-column-gap-default\">\n\t\t\t\t\t<div class=\"elementor-column elementor-col-100 elementor-top-column elementor-element elementor-element-73c9a95\" data-id=\"73c9a95\" data-element_type=\"column\" data-e-type=\"column\">\n\t\t\t<div class=\"elementor-widget-wrap elementor-element-populated\">\n\t\t\t\t\t\t<div class=\"elementor-element elementor-element-781490a elementor-widget-divider--view-line elementor-widget elementor-widget-divider\" data-id=\"781490a\" data-element_type=\"widget\" data-e-type=\"widget\" data-widget_type=\"divider.default\">\n\t\t\t\t\t\t\t<div class=\"elementor-divider\">\n\t\t\t<span class=\"elementor-divider-separator\">\n\t\t\t\t\t\t<\/span>\n\t\t<\/div>\n\t\t\t\t\t\t<\/div>\n\t\t\t\t<div class=\"elementor-element elementor-element-19a4a1b elementor-widget elementor-widget-heading\" data-id=\"19a4a1b\" data-element_type=\"widget\" data-e-type=\"widget\" data-widget_type=\"heading.default\">\n\t\t\t\t\t<h3 class=\"elementor-heading-title elementor-size-default\">S\u00fcdwest-Presse Online: \u201eBillig operiert, aufwendig nachbehandelt\u201c \n(V\u00d6, 16.01.2026 | +14 weitere Ver\u00f6ffentlichungen in Tageszeitungen)<\/h3>\t\t\t\t<\/div>\n\t\t\t\t<div class=\"elementor-element elementor-element-eabdbf0 elementor-widget elementor-widget-text-editor\" data-id=\"eabdbf0\" data-element_type=\"widget\" data-e-type=\"widget\" data-widget_type=\"text-editor.default\">\n\t\t\t\t\t\t\t\t\t<p>Im Artikel \u201eBillig operiert, aufwendig nachbehandelt\u201c beleuchtet die <em>S\u00fcdwest Presse<\/em> die gesundheitlichen Risiken von Sch\u00f6nheitsoperationen im Ausland. <strong>Dr. Michaela Montanari<\/strong>, Pr\u00e4sidentin der Deutschen Gesellschaft f\u00fcr \u00c4sthetisch-Plastische Chirurgie, macht deutlich, wie entscheidend qualifizierte Facharztausbildung, sorgf\u00e4ltige Beratung und verl\u00e4ssliche Nachsorge f\u00fcr die Patientensicherheit sind. Sie betont, dass der Preis niemals das ausschlaggebende Kriterium f\u00fcr einen \u00e4sthetisch-plastischen Eingriff sein sollte.<\/p><p>\u00a0<\/p><p style=\"text-align: center;\"><strong>Hier geht\u00b4s zum Artikel<\/strong><\/p><p style=\"text-align: center;\"><a href=\"https:\/\/www.swp.de\/politik\/billig-operiert-aufwendig-nachbehandelt-schmerzen-nach-der-brust-op-die-teuren-risiken-fuer-medizin-touristen-78557019.html\" target=\"_blank\" rel=\"noopener\">https:\/\/www.swp.de\/politik\/billig-operiert-aufwendig-nachbehandelt-schmerzen-nach-der-brust-op-die-teuren-risiken-fuer-medizin-touristen-78557019.html<\/a><\/p>\t\t\t\t\t\t\t\t<\/div>\n\t\t\t\t\t<\/div>\n\t\t<\/div>\n\t\t\t\t\t<\/div>\n\t\t<\/section>\n\t\t\t\t<section class=\"elementor-section elementor-top-section elementor-element elementor-element-51d6ca9 elementor-section-boxed elementor-section-height-default elementor-section-height-default\" data-id=\"51d6ca9\" data-element_type=\"section\" data-e-type=\"section\">\n\t\t\t\t\t\t<div class=\"elementor-container elementor-column-gap-default\">\n\t\t\t\t\t<div class=\"elementor-column elementor-col-100 elementor-top-column elementor-element elementor-element-77aa9df\" data-id=\"77aa9df\" data-element_type=\"column\" data-e-type=\"column\">\n\t\t\t<div class=\"elementor-widget-wrap elementor-element-populated\">\n\t\t\t\t\t\t<div class=\"elementor-element elementor-element-ea3b505 elementor-widget-divider--view-line elementor-widget elementor-widget-divider\" data-id=\"ea3b505\" data-element_type=\"widget\" data-e-type=\"widget\" data-widget_type=\"divider.default\">\n\t\t\t\t\t\t\t<div class=\"elementor-divider\">\n\t\t\t<span class=\"elementor-divider-separator\">\n\t\t\t\t\t\t<\/span>\n\t\t<\/div>\n\t\t\t\t\t\t<\/div>\n\t\t\t\t<div class=\"elementor-element elementor-element-f637cf0 elementor-widget elementor-widget-heading\" data-id=\"f637cf0\" data-element_type=\"widget\" data-e-type=\"widget\" data-widget_type=\"heading.default\">\n\t\t\t\t\t<h3 class=\"elementor-heading-title elementor-size-default\">Deutsches \u00c4rzteblatt: Dr. Michaela Montanari Pr\u00e4sidentin der DG\u00c4PC\n(V\u00d6 09.01.2026)\n<\/h3>\t\t\t\t<\/div>\n\t\t\t\t<div class=\"elementor-element elementor-element-1af95dd elementor-widget elementor-widget-text-editor\" data-id=\"1af95dd\" data-element_type=\"widget\" data-e-type=\"widget\" data-widget_type=\"text-editor.default\">\n\t\t\t\t\t\t\t\t\t<p>Artikel zur Personalie Dr. Michaela Montanari als erste Pr\u00e4sidentin der DG\u00c4PC<\/p>\t\t\t\t\t\t\t\t<\/div>\n\t\t\t\t\t<\/div>\n\t\t<\/div>\n\t\t\t\t\t<\/div>\n\t\t<\/section>\n\t\t\t\t<\/div>\n\t\t<\/div>\n\t\t\t\t\t\t\t\t\t<div class=\"elementor-tab-title elementor-tab-mobile-title\" aria-selected=\"false\" data-tab=\"2\" role=\"tab\" tabindex=\"-1\" aria-controls=\"elementor-tab-content-4902\" aria-expanded=\"false\">2025<\/div>\n\t\t\t\t\t<div id=\"elementor-tab-content-4902\" class=\"elementor-tab-content elementor-clearfix\" data-tab=\"2\" role=\"tabpanel\" aria-labelledby=\"elementor-tab-title-4902\" tabindex=\"0\" hidden=\"hidden\"><h3 class=\"vortrag\">Presse und TV-Beitr\u00e4ge 2025<\/h3><h4 class=\"titel-vortrag\">Radio Bremen: \u201eDer Tag\u201c \u2013 Dr. Montanari im Talk mit Chrissi Loock<br \/>(Sendung vom 01.12. 12.00 \u2013 16.00 Uhr)<\/h4><p>In der Sendung \u201eDer Tag\u201c von Bremen 2 sprach Dr. Michaela Montanari \u00fcber Trends der <a href=\"https:\/\/www.dgaepc.de\/aktuelles\/dgaepc-statistik\/dgaepc-statistik-2025\/\" target=\"_blank\" rel=\"noopener\">DG\u00c4PC Statistik<\/a>, und warum gerade junge Patienten und Patientinnen vor Fehlentscheidung durch bessere Aufkl\u00e4rung gesch\u00fctzt werden sollten.<\/p><p style=\"text-align: center;\">Link zu allgemeinen Infos der Sendung:<\/p><p style=\"text-align: center;\"><a href=\"https:\/\/www.bremenzwei.de\/sendungen\/tag-100.html\" target=\"_blank\" rel=\"noopener\">https:\/\/www.bremenzwei.de\/sendungen\/tag-100.html<\/a><\/p><p style=\"text-align: center;\">\u00a0<\/p><hr \/><h4 class=\"titel-vortrag\">Podcast \u201eFeel good \u2013 live better\u201c von Premium Medical Circle<br \/>(V\u00d6: 26.11.2025)<\/h4><div><img decoding=\"async\" class=\"aligncenter\" style=\"width: 50%;\" src=\"https:\/\/dr-montanari.de\/wp-content\/uploads\/PodcastFeelGood_LiveBetter.jpg\" alt=\"Podcast Feel Good\" \/><\/div><div>\u00a0<\/div><div>\u00a0<\/div><div>Stephanie Neureuter, CEO von Premium Medical Circle und Herausgeberin von Premium Quarterly, spricht im Podcast \u201eFeel good \u2013 live better\u201c mit Medizinerinnen und Medizinern, Ern\u00e4hrungs- und Mental-Health-Experten sowie weiteren spannenden Pers\u00f6nlichkeiten.<br \/><br \/><\/div><div>\u00a0<\/div><div>In dieser Ausgabe widmet sie sich dem Thema <a href=\"https:\/\/dr-montanari.de\/leistungsspektrum\/intimchirurgie\/\">Intimchirurgie<\/a> und hat mit Dr. Michaela Montanari, einer mehrfach ausgezeichneten Expertin auf diesem Gebiet, umfassend \u00fcber alle Seiten dieses sensiblem Behandlungsbereichs gesprochen.<\/div><p>Hier geht es zur Folge mit Dr. Michaela Montanari:<\/p><p style=\"text-align: center;\"><a href=\"https:\/\/premiummedicalcircle.com\/de\/artikel\/ein-sensibles-thema-intimchirurgie\" target=\"_blank\" rel=\"noopener\">Ein sensibles Thema: Intimchirurgie | Premium Medical Circle<\/a><\/p><p style=\"text-align: center;\">\u00a0<\/p><hr \/><h4 class=\"titel-vortrag\">Aesthetic Insight \u2013 der Podcast f\u00fcr \u00c4sthetische Medizin &#8211; Dr. Montanari im Talk zu Intimchirurgie<br \/>(V\u00d6: 16.10.2025)<\/h4><p><img decoding=\"async\" class=\"aligncenter\" style=\"width: 50%;\" src=\"https:\/\/dr-montanari.de\/wp-content\/uploads\/AestheticInsight.jpg\" alt=\"Podcast AestheticInsight\" \/><\/p><p><span style=\"font-size: 1rem;\">Der Videopodcast Aesthetic Inside Jede Folge beleuchtet ein konkretes Behandlungsthema. In dieser Folge spricht der Host Patrycja mit Dr. Michaela Montanari \u00fcber Intimchirurgie.\u00a0<\/span><\/p><p><span style=\"font-size: 1rem;\">Dabei wird von beiden Seiten offen und ehrlich gefragt und geantwortet, so dass Interessierte sich ein umfassendes Bild \u00fcber die M\u00f6glichkeiten einer \u00e4sthetischen, aber auch funktionellen Behandlung im Intimbereich machen k\u00f6nnen.<\/span><\/p><p style=\"text-align: center;\"><a href=\"https:\/\/www.youtube.com\/watch?v=v5FnkPIWoBw\" target=\"_blank\" rel=\"noopener\">Hier geht es zum Videopodcast<\/a><\/p><p style=\"text-align: center;\">\u00a0<\/p><hr \/><h4 class=\"titel-vortrag\">RTL Extra \u2013 Das Magazin: Dr. Michaela Montanari zu Straffungsoperation nach Abnehmspritzen<\/h4><p>(Sendung vom 28.10.2025)<\/p><p><img decoding=\"async\" class=\"aligncenter\" style=\"width: 50%;\" src=\"https:\/\/dr-montanari.de\/wp-content\/uploads\/RTLExtra_Screeshot-scaled.jpg\" alt=\"RTLExtra_Screeshot\" \/><\/p><p>RTL Extra begleitete in der Sendung vom 28.10.2025 drei Patientinnen auf ihrem pers\u00f6nlichen Weg mit den Abnehmspritzen Ozempic, Mounjaro und Wegovy. Auch die Kerhseite des schnellen und gro\u00dfen Gewichtsverlusts wurde dabei beleuchtet: Dr. Michaela Montanari mit stark erschlafftem Gewebeendung eine Patientin begleiten, die nach ihrer Abnahme mit stark erschlafftem Gewebe am Bauch seelisch, wie auch k\u00f6rperlich leidet.<\/p><hr \/><h4 class=\"titel-vortrag\">Dr. Michaela Montanari in der Vogue zu \u201eDie neue Nat\u00fcrlichkeit\u201c<\/h4><p><img decoding=\"async\" class=\"aligncenter\" style=\"width: 50%;\" src=\"https:\/\/dr-montanari.de\/wp-content\/uploads\/vogue-titel.jpg\" alt=\"Dr. Montanari Experteninterview Vogue\" \/><\/p><p>Dr. Michaela im Experteninterview zum Trend \u201eder neuen Nat\u00fcrlichkeit\u201c in der \u00e4sthetischen Medizin. In der Novemberausgaben der Vogue 11\/2025 geht es um den vermehrten Wusch nach nat\u00fcrlichem Aussehen nach einer \u00e4sthetischen Behandlung oder einer Operation.<\/p><p><img decoding=\"async\" class=\"aligncenter\" style=\"width: 50%;\" src=\"https:\/\/dr-montanari.de\/wp-content\/uploads\/vogue-2.jpg\" alt=\"Dr. Montanari Experteninterview Vogue\" \/><\/p><div class=\"presse\"><hr \/><\/div><h4 class=\"titel-vortrag\">RTL extra mit Dr. Michaela Montanari zum Folgen starker Gewichtsabnahme nach Abnehmspritzen<\/h4><p>In diesem sehr ausf\u00fchrlichen Bericht von RTL extra am 28.10.2025 zu Abnehmspritzen wird neben dem Gewichtsverlust werden auch Nebenwirkungen und Konsequenzen thematisiert: Beispielsweise die sehr schnelle Gewichtsabnahme, die bei vielen zu \u00fcbersch\u00fcssiger Haut und h\u00e4ngenden K\u00f6rperpartien (\u201eOzempic\u2011Face\u201c oder \u201eOzempic Body\u201c) f\u00fchrt. Dies kann plastisch-chirurgische Eingriffe nach sich. Dr. Michaela Montanari erkl\u00e4rt in der Sendung, wann eine Operation sinnvoll ist.<\/p><p style=\"text-align: center;\"><a href=\"https:\/\/plus.rtl.de\/video-tv\/shows\/extra-179009\/2025-10-1042233\/episode-39-sendung-vom-28102025-997502?utm_source=rtl&amp;utm_content=Ganze%20Folgen\" target=\"_blank\" rel=\"noopener\">Zum Bericht bei RTL<\/a><\/p><div class=\"presse\"><hr \/><\/div><h4 class=\"titel-vortrag\">\u201eDr. Michaela Montanari bei ARD-Recherche \u201eBillig bis t\u00f6dlich \u2013 F\u00e4lschern auf der Spur\u201c<\/h4><div class=\"presse-img\"><img decoding=\"async\" class=\"alignnone\" src=\"https:\/\/dr-montanari.de\/wp-content\/uploads\/IMG_7982-scaled.jpg\" alt=\"Dr. Montanari Dreh Billig bis T\u00f6dlich\" \/><\/div><p><span style=\"font-size: 1rem;\">In der ARD-Recherche \u201eBillig bis t\u00f6dlich \u2013 F\u00e4lschern auf der Spur\u201c geht es neben F\u00e4lschungen von Markenkleidung u.a. um einen immer st\u00e4rker wachsenden Markt: Medikamentenf\u00e4lschungen.<\/span><\/p><p>Dr. med. Michaela Montanari hat das Thema aus \u00e4rztlicher Sicht unterst\u00fctzt und zeigt, wie man am sichersten bestellen kann, um keinen F\u00e4lschungen zum Opfer zu fallen. (ab Minute 18:30)<\/p><p>Denn \u00fcber dubiose Online-Seiten k\u00f6nnen gef\u00e4lschte Medikamente, wie z.B. Botulinumpr\u00e4parate, zu deutlich g\u00fcnstigeren Preisen ganz einfach bestellt werden. Sie sind deutlich g\u00fcnstiger, k\u00f6nnen aber schwere Nebenwirkungen haben und sind gef\u00e4hrlich. Dieser Beitrag zeigt, wie das Gesch\u00e4ft mit den F\u00e4lschungen aufgebaut ist und worauf man achten kann, nicht darauf reinzufallen.<\/p><p style=\"text-align: center;\"><a href=\"https:\/\/www.ardmediathek.de\/video\/billig-bis-toedlich-faelschern-auf-der-spur\/billig-bis-toedlich-faelschern-auf-der-spur\/ndr\/Y3JpZDovL25kci5kZS9wcm9wbGFuXzE5NjM3NjA1OF9nYW56ZVNlbmR1bmc\" target=\"_blank\" rel=\"noopener\">Zum Beitrag der ARD-Recherche<\/a><\/p><div class=\"presse\"><hr \/><\/div><h4 class=\"titel-vortrag\">\u201eBin ich sch\u00f6n?\u201c- Staffel 2: Dr. Michaela Montanari in dreiteiliger NDR-Dokureihe<\/h4><p>Auch in Staffel 2 der NDR Dokureihe \u201eBin ich sch\u00f6n\u201c durfte Dr. Michaela Montanari wieder als Expertin Ihre Einsch\u00e4tzungen zu den einf\u00fchlsam und sensibel erz\u00e4hlten Patientengeschichten abgeben. In der neuen Staffel geht es in den drei Folgen \u00fcber Sch\u00f6nheitseingriffe, K\u00f6rperbilder und Selbstoptimierung. Begleitet werden vier Frauen (u.a. Fitnessinfluencerin Sophia Thiel) \u00fcber mehrere Monate auf dem Weg zu ihrer pers\u00f6nlichen Sch\u00f6nheit &#8211; mit emotionalen Hochs und Tiefs.<\/p><p>Dr. Michaela Montanari und Psychologin Dr. Julia Tanck begleiten als Expertinnen die Doku-Serie und geben Fakten und Einordnungen rund um Nutzen und Gefahren von Sch\u00f6nheitseingriffen und die Balance zwischen Leidensdruck und Sch\u00f6nheitswahn.<\/p><p style=\"text-align: center;\"><a href=\"https:\/\/www.ardmediathek.de\/serie\/bin-ich-schoen\/staffel-2\/Y3JpZDovL25kci5kZS80OTc1\/2\" target=\"_blank\" rel=\"noopener\">Zur NDR-Dokureihe in der ARD-Mediathek<\/a><\/p><div class=\"presse\"><hr \/><\/div><h4 class=\"titel-vortrag\">\u201eHochzeitsplaner\u201c Ausgabe Januar\/Februar\/M\u00e4rz 2025 und Ausgabe April\/Mai\/Juni 2025<\/h4><p>Im Hochzeitsplaner dreht sich alles um den sch\u00f6nsten Tag im Leben. Was man davor machen kann, um seinem Brautlook perfekt zu machen, stell der \u00dcbersichts-Artikel dar, in dem auch Dr. Michaela Montanari zu Wort kommt. Es geht nicht nur um die beliebtesten Behandlungen f\u00fcr den gro\u00dfen Tag, sondern auch darum, worauf man generell bei der Arztwahl achten sollte und wie man einen qualifizierten Facharzt f\u00fcr Plastische und \u00c4sthetische Chirurgie findet.<\/p><p style=\"text-align: center;\"><a href=\"https:\/\/dr-montanari.de\/wp-content\/uploads\/hochzeitsplaner-1-beautybooster.pdf\" target=\"_blank\" rel=\"noopener\">Ausgabe Januar \/ Februar \/ M\u00e4rz 2025<\/a><\/p><p style=\"text-align: center;\"><a href=\"https:\/\/dr-montanari.de\/wp-content\/uploads\/hochzeitsplaner-2-beauty-botox-co.pdf\" target=\"_blank\" rel=\"noopener\">Ausgabe April \/ Mai \/ Juni 2025<\/a><\/p><\/div>\n\t\t\t\t\t\t\t\t\t<div class=\"elementor-tab-title elementor-tab-mobile-title\" aria-selected=\"false\" data-tab=\"3\" role=\"tab\" tabindex=\"-1\" aria-controls=\"elementor-tab-content-4903\" aria-expanded=\"false\">2024<\/div>\n\t\t\t\t\t<div id=\"elementor-tab-content-4903\" class=\"elementor-tab-content elementor-clearfix\" data-tab=\"3\" role=\"tabpanel\" aria-labelledby=\"elementor-tab-title-4903\" tabindex=\"0\" hidden=\"hidden\"><h3 class=\"vortrag\">Presse und TV-Beitr\u00e4ge 2024<\/h3><h4 class=\"titel-vortrag\">Deutschland z\u00e4hlt zur weltweiten Spitze bei Brust-OPs<\/h4><p>Welt Supplement \u201eAlles f\u00fcr die Gesundheit\u201c, Dezember 2024<\/p><p>Dr. Michaela Montanari im Interview zur Beliebtheit und den M\u00f6glichkeiten von brustchirurgischen Operationen (S.18 im e-Paper).<\/p><p><a href=\"https:\/\/contentway.eu\/de\/publications\/167-gesundheit\" target=\"_blank\" rel=\"noopener\">Zum e-Paper<\/a><\/p><div class=\"presse\"><hr \/><\/div><h4 class=\"titel-vortrag\">Halsstraffung mit DoubleTite &#8211; Modernste Technik f\u00fcr straffe Haut und einen nat\u00fcrlichen Glow<\/h4><p>Dr. Michaela Montanari im Interview mit der Plattform myBody als Expertin f\u00fcr RF-Mesoneedling mit dem Ger\u00e4t DoubleTite.<\/p><p><a href=\"https:\/\/www.mybody.de\/expertengespraech-dr-michaela-montanari-halsstraffung-mit-doubletite.html\" target=\"_blank\" rel=\"noopener\">Zum Gespr\u00e4ch bei mybody<\/a><\/p><div class=\"presse\"><hr \/><\/div><h4 class=\"titel-vortrag\">DG\u00c4PC Statistik 2024: After-Baby-Ma\u00dfnahmen und erste Falten und im Fokusthema: \u201eFantasietitel und Patientenfallen\u201c\u00b7 DG\u00c4PC Statistik 2024: After-Baby-Ma\u00dfnahmen und erste Falten und im Fokusthema: \u201eFantasietitel und Patientenfallen\u201c<\/h4><p>Dr. Michaela Montanari \u00e4u\u00dfert sich in der DG\u00c4PC Statistik 2024 zu After-Baby-Ma\u00dfnahmen und ersten Falten sowie im Fokusthema \u201eFantasietitel und Patientenfallen\u201c<\/p><p><a href=\"https:\/\/www.dgaepc.de\/aktuelles\/dgaepc-statistik\/dgaepc-statistik-2024\/\" target=\"_blank\" rel=\"noopener\">Zur DG\u00c4PC-Statistik<\/a><\/p><div class=\"presse\"><hr \/><\/div><h4 class=\"titel-vortrag\">Vom Guten nur das Beste &#8211; Leistungsdruck in der Medizin mit Dr. Michaela Montanari.<\/h4><p>Premium Quarterly 2\/2024<\/p><p>Ist Medizin mit Leistungssport vergleichbar? Und wenn ja, wie geht man damit um, immer das Optimum f\u00fcr seine Patienten erreichen zu wollen und vor allem: was ist das Optimum? Diesen Fragen ist Dr. Michaela Montanari in der Ausgabe 2\/2024 der Premium Quarterly gemeinsam mit dem Zahnarzt Dr. Christian Leonhardt und dem Augenarzt Dr. Florian Kretz nachgegangen.<\/p><p><a href=\"https:\/\/premiumquarterly.com\/health\/leistungsdruck-in-der-medizin\/\" target=\"_blank\" rel=\"noopener\">Zur Artikel \u00fcber den Leistungsdruck<\/a><\/p><div class=\"presse\"><hr \/><\/div><h4 class=\"titel-vortrag\">Beauty Mythen \u201eAugenringe kommen von zu wenig Schlaf und schlechtem Lifestyle\u201c<\/h4><p>Beauty Forum 05\/2024<\/p><p>Wie entstehen Augenringe tats\u00e4chlich und welche Behandlung hilft dagegen? Dr. Michaela Montanari r\u00e4umt mit Mythen um Bereich der Augen auf und erl\u00e4utert, welche Behandlungen sinnvoll sind.<\/p><div class=\"presse\"><hr \/><\/div><h4 class=\"titel-vortrag\">05.06.2024: RTL Punkt 12<\/h4><p>Kollagenpr\u00e4parate z\u00e4hlen momentan zu den beliebtesten \u201eSupplements\u201c, wenn es darum geht, eine sch\u00f6nere prallere Haut zu erhalten. Doch, was bringen Pulver, Pillen und Co.? Bringen Sie genauso viel wie eine professionelle medizinische Behandlung mit mikrofokussiertem Ultraschall? Die RTL Punkt 12 Redakteurin Sarah Stahlschmidt hat in einem Langzeitexperiment Kollagenpulver getestet und sich von Dr. Michaela Montanari begleiten lassen.<\/p><p><a href=\"https:\/\/www.rtl.de\/sendungen\/punkt-12\/\" target=\"_blank\" rel=\"noopener\">Hier geht\u00b4s RTL Punkt 12<\/a><\/p><div class=\"presse\"><hr \/><\/div><h4 class=\"titel-vortrag\">stern \u201eDie Diagnose\u201c &#8211; Fillerreaktion nach Impfung\/Infektion<\/h4><p><strong>stern, 26.05.2024<\/strong><\/p><p>Dr. Michaela Montanari in der Kolumne \u201eDie Diagnose\u201c mit zugeh\u00f6rigem Podcast mit einem Patientenfall \u201eFillerreaktion nach Impfung\/Infektion\u201c<\/p><p><a href=\"https:\/\/www.stern.de\/gesundheit\/spielt-die-impfung-eine-rolle--frau-bekommt-rote-knoetchen-an-den-augen-34728138.html\" target=\"_blank\" rel=\"noopener\">Hier geht\u00b4s zum Beitrag von beim STERN<\/a><\/p><div class=\"presse\"><hr \/><\/div><h4 class=\"titel-vortrag\">WDR Markt: \u201eHyaluron to go: Sch\u00f6nheitsspritze beim Einkaufsbummel\u201c<\/h4><div class=\"presse-img\"><img decoding=\"async\" src=\"https:\/\/dr-montanari.de\/wp-content\/uploads\/Screenshot-2024-06-27-105656.webp\" alt=\"Gegen falsche Arzttitel\" \/><\/div><p><strong>WDR Markt, 22.05.<\/strong><\/p><p>Bericht \u00fcber Angebote f\u00fcr Filler- und Botulinumbehandlungen in den Fu\u00dfg\u00e4ngerzonen und Einkaufszentren in den Innenst\u00e4dten mit Dr. Michaela Montanari als Interviewpartner.<\/p><p><a href=\"https:\/\/www.ardmediathek.de\/video\/markt\/markt-vom-22-05-2024\/wdr\/Y3JpZDovL3dkci5kZS9CZWl0cmFnLXNvcGhvcmEtODA2YWQ5NTctMjIwMi00YWI5LThiMmUtNjFlMzE4ODQ4MTg4\" target=\"_blank\" rel=\"noopener\">Hier geht zur Sendung vom 22.05.24 (ab Minute 09:22)<\/a><\/p><div class=\"presse\"><hr \/><\/div><h4 class=\"titel-vortrag\">Fachgesellschaften gegen Fachzeitschrift \u201eHaut\u201c, 02\/2024<\/h4><div class=\"presse-img\"><img decoding=\"async\" src=\"https:\/\/www.dr-montanari.de\/wp-content\/uploads\/Screenshot-2024-06-27-110128.webp\" alt=\"Gegen falsche Arzttitel\" \/><\/div><p>Artikel \u00fcber den f\u00e4lschlichen Gebrauch von Arzttiteln mit Dr. Michaela Montanari.<\/p><p>\u201eAls Fach\u00e4rzte mit fundierter Ausbildung und fachspezifischen Kenntnissen, sehen wir die auf dem Markt gebr\u00e4uchlichen Betitelungen f\u00fcr \u00c4rzte, die gerne im \u00e4sthetisch-plastischen Bereich Fu\u00df fassen w\u00fcrden, aber nicht \u00fcber die notwendige Facharztausbildung verf\u00fcgen, sehr kritisch\u201c, so Dr. Michaela Montanari, Mitglied des Vorstands der DG\u00c4PC.<\/p><p><a href=\"https:\/\/www.dgaepc.de\/vorsicht-bei-beauty-doc-und-co\/\" target=\"_blank\" rel=\"noopener\">Zum Artikel der DG\u00c4PC<\/a><\/p><p><a href=\"https:\/\/www.dgaepc.de\/wp-content\/uploads\/2024\/02\/checkliste-facharzttitel-version-dgaepc.pdf\" target=\"_blank\" rel=\"noopener\">Checkliste der DG\u00c4PC als PDF<\/a><\/p><div class=\"presse\"><hr \/><\/div><h4 class=\"titel-vortrag\">Weltweiter Rekordumsatz 2023 Sch\u00f6nheits-OPs immer beliebter &#8211; welche Risiken bei den Eingriffen drohen<\/h4><p><strong>Focus Online, 03.02.2024<\/strong><\/p><p>Der Focus hat sich auf seiner Onlineplattform verschiedener Themen und Problematiken der Branche angenommen. Dr. Michaela Montanari wird in diesem Zusammenhang zitiert.<\/p><p><a href=\"https:\/\/www.focus.de\/gesundheit\/news\/zahl-der-schoenheits-ops-steigt-stark-an-welche-risiken-bei-den-eingriffen-drohen_id_259636086.html\" target=\"_blank\" rel=\"noopener\">Zum Artikel bei Focus-Online<\/a><\/p><div class=\"presse\"><hr \/><\/div><h4 class=\"titel-vortrag\">\u201eVom Guten nur das Beste\u201c mit Dr. Michaela Montanari<\/h4><p><strong>Premium Quarterly 2\/2024<\/strong><\/p><p>Ist Medizin mit Leistungssport vergleichbar? Und wenn ja, wie geht man damit um, immer das Optimum f\u00fcr seine Patienten erreichen zu wollen und vor allem: was ist das Optimum? Diesen Fragen ist Dr. Michaela Montanari in der aktuellen Ausgabe der Premium Quarterly gemeinsam mit dem Zahnarzt Dr. Christian Leonhardt und dem Augenarzt Dr. Florian Kretz nachgegangen.<\/p><div class=\"presse\"><hr \/><\/div><h4 class=\"titel-vortrag\">Dr. Montanari geh\u00f6rt in der Kategorie &#8222;Sch\u00f6nheit&#8220; zu Bochums besten \u00c4rzten<\/h4><div class=\"presse-img\"><img decoding=\"async\" src=\"https:\/\/www.dr-montanari.de\/wp-content\/uploads\/WAZ-Bochums-beste-Aerzte-1.jpg\" alt=\"Bochums beste \u00c4rzte\" \/><\/div><p>Dr. med. Michaela Montanari wurde in einem Artikel der WAZ (Ausgabe 19.03.2024) in der Kategorie &#8222;Sch\u00f6nheit&#8220; zu Bochums besten \u00c4rzten gez\u00e4hlt.\u00a0Der Artikel beruft sich hierbei auf die Auswertungen von Munich Inquire Media (Gute \u00c4rzte f\u00fcr mich\/stern).<\/p><p><a href=\"https:\/\/www.waz.de\/staedte\/bochum\/article241887510\/Neues-Ranking-Das-sind-Bochums-beste-Kliniken-und-Aerzte.html?_gl=1*1bpbjo*_up*MQ..&amp;gclid=EAIaIQobChMI2q7DnbODhQMVx2tBAh2QmACNEAAYASAAEgK_fPD_BwE\" target=\"_blank\" rel=\"noopener\">Hier geht es zum vollst\u00e4ndigen Artikel<\/a><\/p><div class=\"presse\"><hr \/><\/div><h4 class=\"titel-vortrag\">\u201eBin ich sch\u00f6n?\u201c Dr. Michaela Montanari in dreiteiliger NDR-Dokureihe<\/h4><p><strong>NDR-Doku \u201eBin ich sch\u00f6n?<\/strong><\/p><p>Die dreiteilige NDR-Doku \u201eBin ich sch\u00f6n?\u201c widmet sich einf\u00fchlsam und durch die Augen verschiedenster Beteiligten der Sichtweise auf die Sch\u00f6nheit, subjektiv empfundenen Makeln, aber auch die Risiken, die damit einhergehen. Egal, ob es um Miriam und Paulina geht, die sich in ihrem K\u00f6rper wieder wohlzuf\u00fchlen m\u00f6chten und sich daher einer OP unterziehen wollen, oder Luise und Thommy, die eher auf minimal-invasiven Verj\u00fcngungsmethoden setzen oder auch prominente Social-Media-Influencerinnen, die offen mit ihren Behandlungen, aber auch Fehlentscheidungen innerhalb der Sendung umgehen.<\/p><p>Kommentiert und beleuchtet wird das Thema auch von Expert*innen wie Dr. Michaela Montanari in ihrer Funktion als Vorstandsmitglied der DG\u00c4PC und als Fach\u00e4rztin f\u00fcr Plastische und \u00c4sthetische Chirurgie oder auch der Psychologin Dr. Juliane Tank und vielen weiteren\u2026<\/p><p>Wir sagen: Sehr sehenswert!<\/p><p><a href=\"https:\/\/www.ardmediathek.de\/video\/bin-ich-schoen\/folge-1-bauchgefuehl-s01-e01\/ndr\/Y3JpZDovL25kci5kZS80OTc1XzIwMjQtMDItMjAtMjEtMDA\" target=\"_blank\" rel=\"noopener\">Zur NDR-Dokureihe in der ARD-Mediathek<\/a><\/p><\/div>\n\t\t\t\t\t\t\t\t\t<div class=\"elementor-tab-title elementor-tab-mobile-title\" aria-selected=\"false\" data-tab=\"4\" role=\"tab\" tabindex=\"-1\" aria-controls=\"elementor-tab-content-4904\" aria-expanded=\"false\">2023<\/div>\n\t\t\t\t\t<div id=\"elementor-tab-content-4904\" class=\"elementor-tab-content elementor-clearfix\" data-tab=\"4\" role=\"tabpanel\" aria-labelledby=\"elementor-tab-title-4904\" tabindex=\"0\" hidden=\"hidden\"><h3 class=\"vortrag\">Presse und TV-Beitr\u00e4ge 2023<\/h3><h4 class=\"titel-vortrag\">Discover Germany, Switzerland &amp; Austria<\/h4><p>Dr. med. Michaela Montanari als \u201eAesthetic Profile of the Month\u201c in der Oktoberausgabe Issue 110 der Discover Germany, Switzerland &amp; Austria.<\/p><p><a href=\"https:\/\/www.discovergermany.com\/dr-michaela-montanari-the-appeal-of-natural-beauty\/\" target=\"_blank\" rel=\"noopener\">Hier geht\u00b4s zum Artikel Aesthetic Profile of the Month\u201c<\/a><\/p><div class=\"presse\"><hr \/><\/div><h4 class=\"titel-vortrag\">emotion<\/h4><p>In einem Online-Interview mit der Zeitschrift emotion erkl\u00e4rt Dr. Michaela Montanari als eine der ersten Anwenderinnen f\u00fcr Deutschland, wie ein Ultraschalllifting dabei helfen kann, sich \u00fcber die eigenen Selbstheilungskr\u00e4fte zu verj\u00fcngen und\u00a0 welche Rolle unser (verloren gegangenes) Kollagen dabei spielt.<\/p><p>\u201eHilf Deinem K\u00f6rper, sich selbst zu verj\u00fcngen\u201c finden Sie bei Emotion Online aktuell ein Interview mit Dr. Michaela Montanari zum Thema Straffung und Verj\u00fcngung mit Ultraschall und die welche Rolle unser (verloren gegangenes) Kollagen dabei spielt.<\/p><p>Als eine der ersten Anwenderinnen von Ultherapy\u00ae in Deutschland, blickt Frau Dr. Montanari auf langj\u00e4hrige Erfahrung zur\u00fcck.<\/p><p>Danke an @Hannah_goessmann von @emotionmagazin f\u00fcr dieses tolle Interview!<\/p><div class=\"presse\"><hr \/><\/div><h4 class=\"titel-vortrag\">Beauty Forum<\/h4><p>In der Ausgabe 03\/23 der Fachzeitschrift Beauty Forum kl\u00e4rt Dr. med. Michaela Montanari unter Berufung der aktuellen <a href=\"https:\/\/www.dgaepc.de\/aktuelles\/dgaepc-statistik\/dgaepc-statistik-2022\/\" target=\"_blank\" rel=\"noopener\">DG\u00c4PC Statistik 2022<\/a> \u00fcber die 5 Trends in der \u00c4sthetik auf.<\/p><p><a href=\"https:\/\/dr-montanari.de\/wp-content\/uploads\/064_Trends_Aesthetik_FINAL_MM.pdf\">Artikel vom Beauty Forum lesen<\/a><\/p><div class=\"presse\"><hr \/><\/div><h4 class=\"titel-vortrag\">Maxi<\/h4><p>In der Ausgabe der Zeitschrift Maxi vom 07.02.2023 nimmt Frau Dr. Michaela Montanari die Leser*innen mit auf eine Weltreise in Sachen Beauty Trends.<\/p><p>Was lieben die Amerikaner*innen, was ist in S\u00fcdkorea besonders beleibt und wie sieht es in China und Brasilien aus?<\/p><div class=\"presse\"><hr \/><\/div><h4 class=\"titel-vortrag\">Haut &#8211; Dermatologie, Allergologie, \u00c4sthetik<\/h4><h5>&#8222;Calciumhydroxylapatit als Langezeitfiller&#8220; &#8211; Fachartikel von Dr. med. Michaela Momtanari zur Anwendung von Calciumhydroxylapatit (<a href=\"https:\/\/dr-montanari.de\/leistungsspektrum\/falten\/calciumhydroxylapatit\/\">Radiesse<\/a>)<\/h5><p>Heft 1, Februar 2023<\/p><p><a href=\"https:\/\/dr-montanari.de\/wp-content\/uploads\/HAUT_1-23_Therapie_Montanari.pdf\" target=\"_blank\" rel=\"noopener\">Artikel Calciumhydroxylapatit als Langezeitfiller lesen<\/a><\/p><div class=\"presse\"><hr \/><\/div><h4 class=\"titel-vortrag\">Medical by Beautyforum<\/h4><h5>In &#8222;Mythen und Fakten&#8220; r\u00e4umt Dr. Michaela Montanari mit Mythen rund um Botulinumtoxin auf.<\/h5><h6>Heft 1\/2023<\/h6><p><a href=\"https:\/\/dr-montanari.de\/wp-content\/uploads\/10_Beauty_Mythen.pdf\">Artikel im Beauty-Forum lesen<\/a><\/p><\/div>\n\t\t\t\t\t\t\t\t\t<div class=\"elementor-tab-title elementor-tab-mobile-title\" aria-selected=\"false\" data-tab=\"5\" role=\"tab\" tabindex=\"-1\" aria-controls=\"elementor-tab-content-4905\" aria-expanded=\"false\">2022<\/div>\n\t\t\t\t\t<div id=\"elementor-tab-content-4905\" class=\"elementor-tab-content elementor-clearfix\" data-tab=\"5\" role=\"tabpanel\" aria-labelledby=\"elementor-tab-title-4905\" tabindex=\"0\" hidden=\"hidden\"><h3 class=\"vortrag\">Presse und TV-Beitr\u00e4ge 2022<\/h3><h4 class=\"titel-vortrag\">\u00c4rztezeitung.de<\/h4><p>&#8222;\u00c4sthetisch-plastische Chirurgen warnen vor unseri\u00f6sem Einfluss von Influencern&#8220;<\/p><p>14.12.2022<\/p><p><strong>Kritischer Beitrag auf Basis der DG\u00c4PC Statistik 2022 mit Zitat von Dr. med. Michaela Montanari (als Mitglied des Vorstands)<\/strong><\/p><p>\u00bb <a title=\"\u00c4rztezeitung.de\" href=\"https:\/\/dr-montanari.de\/wp-content\/uploads\/aerztezeitung.de_.pdf\" target=\"_blank\" rel=\"noopener\">Artikel \u00c4rztezeitung.de lesen<\/a><\/p><div class=\"presse\"><hr \/><\/div><h4 class=\"titel-vortrag\">Stiepeler Bote<\/h4><p>Stiepeler Bote &#8211; \u201eCreme by Montanari\u201c rundet Angebot harmonisch ab<\/p><p>12.2022<\/p><p><strong>Bericht \u00fcber Neuigkeiten in der Praxis Dr. Montanari. Eine Dermatologin verst\u00e4rkt ab Januar 2023 das Team und die Hyaluroncreme M by Montanari rundet das Angebot der Praxis ab.<\/strong><\/p><p>\u00bb <a title=\"Stiepeler Bote - Creme by Montanari rundet Angebot harmonisch ab\" href=\"https:\/\/dr-montanari.de\/uploads\/presse\/pdf\/SB318-Montanari.pdf\" target=\"_blank\" rel=\"noopener\">Artikel Creme by Montanari lesen<\/a><\/p><div class=\"presse\"><hr \/><\/div><h4 class=\"titel-vortrag\">Premium Quarterly<\/h4><p>Premium Quarterly \u2013 Und\u2026 Was macht die Kunst?<\/p><p>Q4 2022<\/p><p><strong>Sind \u00c4rzt:innen K\u00fcnstler oder doch eher Handwerker? In Ausgabe Q4\/2022 von Premium Quarterly sprechen Dr. Michaela Montanari, Dr. Detlev R.H. Breyer, Dr. Mark T. Sebastian und Prof. Dr. Sebastian Siebenlist \u00fcber die Kunst, ihr Handwerk und die eigenen Anspr\u00fcche auf ihr Tun.<\/strong><\/p><p>\u00bb <a class=\"anker\" title=\"Premium Quarterly \u2013 Und\u2026 Was macht die Kunst?\" href=\"https:\/\/dr-montanari.de\/uploads\/presse\/pdf\/Premium-Quarterly-PQ4.pdf\" target=\"_blank\" rel=\"noopener\">Artikel Was macht die Kunst? lesen<\/a><\/p><div class=\"presse\"><hr \/><\/div><h4 class=\"titel-vortrag\">WDR Servicezeit \u201efit und gesund\u201c \u2013 Radiesse\u00ae und Ultherapy\u00ae<\/h4><p>09.05.2022, 18.15 Uhr ab Minute 8:00<\/p><p><img decoding=\"async\" src=\"https:\/\/dr-montanari.de\/wp-content\/uploads\/Bildschirmfoto-2022-05-10-um-09.31.30.png\" alt=\"WDR Servicezeit \u201efit und gesund\u201c \u2013 Radiesse\u00ae und Ultherapy\u00ae\" \/><\/p><div class=\"presse\"><hr \/><\/div><h4 class=\"titel-vortrag\">Sonderausgabe der S\u00fcddeutschen Zeitung<\/h4><p>\u201eForum \u00c4sthetik &amp; Sch\u00f6nheit&#8220;<\/p><p>18.11.2022<\/p><p><strong>\u201eAlles f\u00fcrs perfekte Aussehen\u201c \u2013 Interview mit Dr. med. Michaela Montanari<\/strong><br \/>Dr. med. Michaela Montanari erkl\u00e4rt, warum \u00e4sthetisch-plastische Behandlungen in die H\u00e4nde von Fach\u00e4rzten geh\u00f6ren und warum sie machen Patientenwunsch nicht erf\u00fcllt.<\/p><p>\u00bb <a class=\"anker\" title=\"Sonderausgabe der S\u00fcddeutschen Zeitung\" href=\"https:\/\/dr-montanari.de\/wp-content\/uploads\/Forum-Scho\u0308nheit-und-A\u0308sthetik-18.11.2022.jpg\" target=\"_blank\" rel=\"noopener\">Artikel lesen<\/a><\/p><div class=\"presse\"><hr \/><\/div><h4 class=\"titel-vortrag\">Bild der Frau<\/h4><p>Was andere Frauen machen lassen.<\/p><p>Bild der Frau, Ausgabe 42<\/p><p>\u00bb <a class=\"anker\" title=\"Bild der Frau 42 Dr. Montanari\" href=\"https:\/\/dr-montanari.de\/wp-content\/uploads\/bdf-42.pdf\" target=\"_blank\" rel=\"noopener\">Artikel Bild der Frau lesen<\/a><\/p><div class=\"presse\"><hr \/><\/div><h4 class=\"titel-vortrag\">VFL Magazin &#8211; Mein Statement f\u00fcr \u00c4sthetik und Bodenst\u00e4ndigkeit<\/h4><p>Mit Flei\u00df, Engagement, Empathie und Zielstrebigkeit, also den Attributen, die man Bu\u0308rgern des Ruhrgebiets gerne zuschreibt, hat Dr. Michaela Montanari in den vergangenen Jahren ihren Bochumer Praxis-Standort ausgebaut und zu einem angesagten Zentrum in der \u00c4sthetischen Medizin entwickelt.<\/p><p>VFL Magazin, Ausgabe 15<\/p><p>\u00bb <a title=\"VFL Magazin - Mein Statement f\u00fcr \u00c4sthetik und Bodenst\u00e4ndigkeit\" href=\"https:\/\/dr-montanari.de\/wp-content\/uploads\/Dr_montanari-vfl_15.pdf\" target=\"_blank\" rel=\"noopener\">Artikel Statement f\u00fcr \u00c4sthetik und Bodenst\u00e4ndigkeit lesen<\/a><\/p><div class=\"presse\"><hr \/><\/div><h4 class=\"titel-vortrag\">me, my selfie and I<\/h4><p>Interessanter Artikel zu dem Thema der makellosen Selbstdarstellung in Social Media.<\/p><p>emotion, Ausgabe 04\/22<\/p><p>\u00bb <a title=\"me, my selfie and I\" href=\"https:\/\/dr-montanari.de\/wp-content\/uploads\/emotion-Ausgabe-04-22.pdf\" target=\"_blank\" rel=\"noopener\">Artikel me, my selfie and I lesen<\/a><\/p><\/div>\n\t\t\t\t\t\t\t\t\t<div class=\"elementor-tab-title elementor-tab-mobile-title\" aria-selected=\"false\" data-tab=\"6\" role=\"tab\" tabindex=\"-1\" aria-controls=\"elementor-tab-content-4906\" aria-expanded=\"false\">2021<\/div>\n\t\t\t\t\t<div id=\"elementor-tab-content-4906\" class=\"elementor-tab-content elementor-clearfix\" data-tab=\"6\" role=\"tabpanel\" aria-labelledby=\"elementor-tab-title-4906\" tabindex=\"0\" hidden=\"hidden\"><h3 class=\"vortrag\">Presse und TV-Beitr\u00e4ge 2021<\/h3><h4 class=\"titel-vortrag\">Dr. Michaela Montanari erste Frau im DG\u00c4PC-Vorstand<\/h4><p>Medizinerin aus Stiepel ist die neue Schatzmeisterin im \u00e4ltesten Fachverband.<\/p><p>Stiepeler Bote (Dezember 2021)<\/p><p>\u00bb <a title=\"Dr. Michaela Montanari erste Frau im DG\u00c4PC-Vorstand\" href=\"https:\/\/dr-montanari.de\/uploads\/presse\/SB306_Montanari.pdf\" target=\"_blank\" rel=\"noopener\">Artikel Dr. Michaela Montanari erste Frau im DG\u00c4PC-Vorstand lesen<\/a><\/p><\/div>\n\t\t\t\t\t\t\t\t\t<div class=\"elementor-tab-title elementor-tab-mobile-title\" aria-selected=\"false\" data-tab=\"7\" role=\"tab\" tabindex=\"-1\" aria-controls=\"elementor-tab-content-4907\" aria-expanded=\"false\">2020<\/div>\n\t\t\t\t\t<div id=\"elementor-tab-content-4907\" class=\"elementor-tab-content elementor-clearfix\" data-tab=\"7\" role=\"tabpanel\" aria-labelledby=\"elementor-tab-title-4907\" tabindex=\"0\" hidden=\"hidden\"><h3 class=\"vortrag\">Presse und TV-Beitr\u00e4ge 2020<\/h3><h4 class=\"titel-vortrag\">Angesagtes Zentrum fu\u0308r \u00c4STHETISCHE MEDIZIN erweitert Sprechstunden-Kapazit\u00e4t signifikant<\/h4><p>Gleicherma\u00dfen gesch\u00e4tzt von Patientinnen und Patienten sowie von Kolleginnen und Kollegen und regelm\u00e4\u00dfig begleitet von einem gro\u00dfen medialen Interesse wird die Arbeit von Dr. med. Michaela Montanari, Bochumer Fach\u00e4rztin f\u00fcr Plastische und \u00c4sthetische Chirurgie.<\/p><p>Der Ehrenfelder (November 2020)<\/p><div class=\"presse\"><hr \/><\/div><h4 class=\"titel-vortrag\">Sch\u00f6nheits-OPs trotz Pandemie<\/h4><p>Bochumer Fach\u00e4rzte best\u00e4tigen steigende Zahlen bei Eingriffen und Behandlungen. Die Menschen haben jetzt Zeit und Geld, um sich etwas Gutes zu tun, hei\u00dft es.<\/p><p>waz.de (21.10.2020)<\/p><div class=\"presse\"><hr \/><\/div><h4 class=\"titel-vortrag\">\u00c4rztin versch\u00f6nert Vaginas \u2013 und r\u00e4umt mit diesem Klischee auf<\/h4><p>Dr. Michaela Montanari bietet unter anderem auch Sch\u00f6nheits-Operationen im Intimbereich an. Doch dabei geht es nicht nur um die Optik.<\/p><p>derwesten.de (22.02.2020)<\/p><div class=\"presse\"><hr \/><\/div><h4 class=\"titel-vortrag\">RTL West Beitrag &#8211; Emsella-Behandlung gegen Inkontinenz<\/h4><p>28.09.2020 ab Minute 17:17<\/p><p><img decoding=\"async\" src=\"https:\/\/dr-montanari.de\/uploads\/rtl-west-beitrag2020.jpg\" alt=\"RTL West Beitrag - Emsella-Behandlung gegen Inkontinenz\" \/><br \/>Beitrag leider nicht mehr auf der Webseite von RTL<\/p><div class=\"presse\"><hr \/><\/div><h4 class=\"titel-vortrag\">Chirurgin bietet intime Operationen an<\/h4><p>Frau Dr. med. Michaela Michaela Montanari f\u00fchrt nicht nur Faltenunterspritzungen und Brustoperationen durch. Viele Frauen kommen mit hohem Leidensdruck zu ihr.<\/p><p>WAZ Bochum (09.01.2020)<\/p><\/div>\n\t\t\t\t\t\t\t\t\t<div class=\"elementor-tab-title elementor-tab-mobile-title\" aria-selected=\"false\" data-tab=\"8\" role=\"tab\" tabindex=\"-1\" aria-controls=\"elementor-tab-content-4908\" aria-expanded=\"false\">2019<\/div>\n\t\t\t\t\t<div id=\"elementor-tab-content-4908\" class=\"elementor-tab-content elementor-clearfix\" data-tab=\"8\" role=\"tabpanel\" aria-labelledby=\"elementor-tab-title-4908\" tabindex=\"0\" hidden=\"hidden\"><h3 class=\"vortrag\">Presse und TV-Beitr\u00e4ge 2019<\/h3><h4 class=\"titel-vortrag\">Cellulite &#8211; Pr\u00e4zise Behandlung fibr\u00f6ser Septen<\/h4><p class=\"presse\"><span class=\"n\">HAUT 2\/2019, S. 28-29 <\/span><\/p><p class=\"readmore\">\u00bb <a title=\"Cellulite - Pr\u00e4zise Behandlung fibr\u00f6ser Septen\" href=\"https:\/\/dr-montanari.de\/uploads\/presse\/pdf\/HAUT_2-19_Therapie_Montanari_Korrekturfahne.pdf\" target=\"_blank\" rel=\"noopener\">Artikel Cellulite &#8211; Pr\u00e4zise Behandlung fibr\u00f6ser Septenlesen<\/a><\/p><div class=\"presse\"><hr \/><\/div><h4 class=\"titel-vortrag\">Sophia Vegas: Beauty-Wahn! N\u00e4chster Eingriff nach der Schwangerschaft<\/h4><p>intouch (04.2019)<\/p><div class=\"presse\"><hr \/><\/div><h4 class=\"titel-vortrag\">Sophia Vegas zwischen Botox, Baby und Beautywahn &#8211; red<\/h4><p><img decoding=\"async\" src=\"https:\/\/dr-montanari.de\/wp-content\/uploads\/IMG_0176.jpg\" alt=\"SOPHIA VEGAS ZWISCHEN BOTOX, BABY UND BEAUTYWAHN - red\" \/><\/p><div class=\"presse\"><hr \/><\/div><h4 class=\"titel-vortrag\">V-BLONDINE SOPHIA VEGAS (31) Steckt sie jetzt ihren Freund mit OP-Wahn an?<\/h4><p>BILD Online (04.2019)<br \/>\u00bb <a href=\"https:\/\/www.bild.de\/regional\/duesseldorf\/duesseldorf-leute\/sophia-vegas-steckt-sie-jetzt-ihren-freund-mit-op-wahn-an-61290486.bild.html\" target=\"_blank\" rel=\"noopener\">Artikel Steckt sie jetzt ihren Freund mit OP-Wahn an? lesen<\/a><\/p><div class=\"presse\"><hr \/><\/div><h4 class=\"titel-vortrag\">Punkt 12 Beitrag vom 16.09.2019<br \/>Teil 2\/2<\/h4><p><a href=\"https:\/\/plus.rtl.de\/\" target=\"_blank\" rel=\"noopener\"><img decoding=\"async\" src=\"https:\/\/dr-montanari.de\/upload\/thumbs\/punkt12-montanari-2019-09-25.jpg\" alt=\"Punkt 12 Beitrag vom 25.09.2019\" \/><\/a><\/p><div class=\"presse\"><hr \/><\/div><h4 class=\"titel-vortrag\">Microneedling &#8211; Ausf\u00fchrliche Vorstellung von Frau Dr. med. Michaela Montanari<\/h4><div class=\"lyte-wrapper fourthree\" style=\"width:640px;max-width:100%;margin:5px auto;\"><div class=\"lyMe\" id=\"WYL_RgEd6ZCXA1w\"><div id=\"lyte_RgEd6ZCXA1w\" data-src=\"https:\/\/dr-montanari.de\/wp-content\/plugins\/wp-youtube-lyte\/lyteCache.php?origThumbUrl=%2F%2Fi.ytimg.com%2Fvi%2FRgEd6ZCXA1w%2Fhqdefault.jpg\" class=\"pL\"><div class=\"tC\"><div class=\"tT\"><\/div><\/div><div class=\"play\"><\/div><div class=\"ctrl\"><div class=\"Lctrl\"><\/div><div class=\"Rctrl\"><\/div><\/div><\/div><noscript><a href=\"https:\/\/youtu.be\/RgEd6ZCXA1w\" rel=\"nofollow noopener\" target=\"_blank\"><img loading=\"lazy\" decoding=\"async\" src=\"https:\/\/dr-montanari.de\/wp-content\/plugins\/wp-youtube-lyte\/lyteCache.php?origThumbUrl=https%3A%2F%2Fi.ytimg.com%2Fvi%2FRgEd6ZCXA1w%2F0.jpg\" alt=\"YouTube video thumbnail\" width=\"640\" height=\"460\" \/><br \/>Watch this video on YouTube<\/a><\/noscript><\/div><\/div><div class=\"lL\" style=\"max-width:100%;width:640px;margin:5px auto;\"><\/div><\/p><div class=\"presse\"><hr \/><\/div><h4 class=\"titel-vortrag\">Sophia legt ihren Freund flach &#8211; BILD D\u00fcsseldorf<\/h4><p>BILD D\u00fcsseldorf (04.2019)<\/p><p>\u00bb <a class=\"anker\" title=\"Sophia legt ihren Freund flach - BILD D\u00fcsseldorf\" href=\"https:\/\/dr-montanari.de\/uploads\/presse\/img\/sophia-legt-ihren-freund-flach-2019-04-17.jpg\" target=\"_blank\" rel=\"noopener\">Artikel Sophia legt ihren Freund flach lesen<\/a><\/p><div class=\"presse\"><hr \/><\/div><h4 class=\"titel-vortrag\">Sophia Vegas schw\u00f6rt auf Bochum als Sch\u00f6nheits-Zentrum | WAZ.de<\/h4><p>WAZ (04\/2019)<\/p><p>\u00bb <a class=\"anker\" title=\"Sophia Vegas schw\u00f6rt auf Bochum als Sch\u00f6nheits-Zentrum | WAZ.de\" href=\"https:\/\/www.waz.de\/staedte\/bochum\/article216964337\/sophia-vegas-schwoert-auf-bochum-als-schoenheits-zentrum.html\" target=\"_blank\" rel=\"noopener\">Artikel auf WAZ.de lesen<\/a> \u00bb <a class=\"anker\" title=\"Sophia Vegas schw\u00f6rt auf Bochum als Sch\u00f6nheits-Zentrum | PDF\" href=\"https:\/\/dr-montanari.de\/uploads\/presse\/pdf\/Sophia-Vegas-schwoert-auf-Bochum-als-Schoenheits-Zentrum.pdf\" target=\"_blank\" rel=\"noopener\">PDF Sophia Vegas schw\u00f6rt auf Bochum als Sch\u00f6nheits-Zentrum \u00f6ffnen<\/a><\/p><div class=\"presse\"><hr \/><\/div><h4 class=\"titel-vortrag\">Dr. med. Michaela Montanari &#8211; 7. Jahrestagung GAERID 22. &#8211; 23.03.2019<\/h4><div class=\"lyte-wrapper fourthree\" style=\"width:640px;max-width:100%;margin:5px auto;\"><div class=\"lyMe\" id=\"WYL_p3xFdEl6DcM\"><div id=\"lyte_p3xFdEl6DcM\" data-src=\"https:\/\/dr-montanari.de\/wp-content\/plugins\/wp-youtube-lyte\/lyteCache.php?origThumbUrl=%2F%2Fi.ytimg.com%2Fvi%2Fp3xFdEl6DcM%2Fhqdefault.jpg\" class=\"pL\"><div class=\"tC\"><div class=\"tT\"><\/div><\/div><div class=\"play\"><\/div><div class=\"ctrl\"><div class=\"Lctrl\"><\/div><div class=\"Rctrl\"><\/div><\/div><\/div><noscript><a href=\"https:\/\/youtu.be\/p3xFdEl6DcM\" rel=\"nofollow noopener\" target=\"_blank\"><img loading=\"lazy\" decoding=\"async\" src=\"https:\/\/dr-montanari.de\/wp-content\/plugins\/wp-youtube-lyte\/lyteCache.php?origThumbUrl=https%3A%2F%2Fi.ytimg.com%2Fvi%2Fp3xFdEl6DcM%2F0.jpg\" alt=\"YouTube video thumbnail\" width=\"640\" height=\"460\" \/><br \/>Watch this video on YouTube<\/a><\/noscript><\/div><\/div><div class=\"lL\" style=\"max-width:100%;width:640px;margin:5px auto;\"><\/div><\/p><div class=\"presse\"><hr \/><\/div><h4 class=\"titel-vortrag\">Dr. med. Michaela Montanari &#8211; Tagungspr\u00e4sidentin der 7. Jahrestagung der GAERID<\/h4><div class=\"lyte-wrapper fourthree\" style=\"width:640px;max-width:100%;margin:5px auto;\"><div class=\"lyMe\" id=\"WYL_CXXUshD_jpU\"><div id=\"lyte_CXXUshD_jpU\" data-src=\"https:\/\/dr-montanari.de\/wp-content\/plugins\/wp-youtube-lyte\/lyteCache.php?origThumbUrl=%2F%2Fi.ytimg.com%2Fvi%2FCXXUshD_jpU%2Fhqdefault.jpg\" class=\"pL\"><div class=\"tC\"><div class=\"tT\"><\/div><\/div><div class=\"play\"><\/div><div class=\"ctrl\"><div class=\"Lctrl\"><\/div><div class=\"Rctrl\"><\/div><\/div><\/div><noscript><a href=\"https:\/\/youtu.be\/CXXUshD_jpU\" rel=\"nofollow noopener\" target=\"_blank\"><img loading=\"lazy\" decoding=\"async\" src=\"https:\/\/dr-montanari.de\/wp-content\/plugins\/wp-youtube-lyte\/lyteCache.php?origThumbUrl=https%3A%2F%2Fi.ytimg.com%2Fvi%2FCXXUshD_jpU%2F0.jpg\" alt=\"YouTube video thumbnail\" width=\"640\" height=\"460\" \/><br \/>Watch this video on YouTube<\/a><\/noscript><\/div><\/div><div class=\"lL\" style=\"max-width:100%;width:640px;margin:5px auto;\"><\/div><\/p><div class=\"presse\"><hr \/><\/div><h4 class=\"titel-vortrag\">Beckenbodenstraffung mit Emsella<\/h4><p>My Body (01\/2019)<\/p><p>\u00bb <a class=\"anker\" title=\"Beckenbodenstraffung mit Emsella\" href=\"https:\/\/www.mybody.de\/expertengespraech-dr-montanari-emsella-inkontinenz.html\" target=\"_blank\" rel=\"noopener\">Artikel Beckenbodenstraffung mit Emsella lesen<\/a><\/p><\/div>\n\t\t\t\t\t\t\t\t\t<div class=\"elementor-tab-title elementor-tab-mobile-title\" aria-selected=\"false\" data-tab=\"9\" role=\"tab\" tabindex=\"-1\" aria-controls=\"elementor-tab-content-4909\" aria-expanded=\"false\">2018<\/div>\n\t\t\t\t\t<div id=\"elementor-tab-content-4909\" class=\"elementor-tab-content elementor-clearfix\" data-tab=\"9\" role=\"tabpanel\" aria-labelledby=\"elementor-tab-title-4909\" tabindex=\"0\" hidden=\"hidden\"><h3 class=\"vortrag\">Presse und TV-Beitr\u00e4ge 2018<\/h3><h4 class=\"titel-vortrag\">Schnittstellen und Trends in der \u00e4sthetischen Medizin<\/h4><p class=\"presse\"><span class=\"n\">\u00e4sthetische dermatologie &amp; kosmetologie 3\/2018, S. 18-19 <\/span><\/p><p class=\"readmore\">\u00bb <a title=\"Schnittstellen und Trends in der \u00e4sthetischen Medizin\" href=\"https:\/\/dr-montanari.de\/uploads\/presse\/pdf\/dermatologie-kosmetologie-3-2018-montanari.pdf\" target=\"_blank\" rel=\"noopener\">Artikel Schnittstellen und Trends in der \u00e4sthetischen Medizi lesen<\/a><\/p><div class=\"presse\"><hr \/><\/div><h4 class=\"titel-vortrag\">BTL EMSELLA: Effektive Behandlung des Harnverlustes<\/h4><p class=\"presse\"><span class=\"n\">Estheticon, 13.06.2018 <\/span><\/p><p class=\"readmore\">\u00bb <a title=\"BTL EMSELLA: Effektive Behandlung des Harnverlustes\" href=\"https:\/\/www.estheticon.de\/neuigkeiten\/btl-emsella-effektive-behandlung-des-harnverlustes\" target=\"_blank\" rel=\"noopener\">Artikel auf Estheticon lesen<\/a><\/p><div class=\"presse\"><hr \/><\/div><h4 class=\"titel-vortrag\">Innovative Behandlungsoption: Innovative prim\u00e4re Strukturelle Ursache der Cellulite behandeln<\/h4><p><span class=\"n\"> M\u00c4C, Magazin f\u00fcr Allgemeine und \u00c4sthetische Chiurgie (4\/2018)<\/span><\/p><p class=\"readmore\">\u00bb <a class=\"anker\" title=\"Innovative Behandlungsoption: Innovative prim\u00e4re Strukturelle Ursache der Cellulite behandeln\" href=\"https:\/\/dr-montanari.de\/uploads\/presse\/pdf\/maec-42018.pdf\" target=\"_blank\" rel=\"noopener\">Artikel Strukturelle Ursache der Cellulite lesen<\/a><\/p><div class=\"presse\"><hr \/><\/div><h4 class=\"titel-vortrag\">Ultherapy \u2013 das nicht invasive Liftingverfahren in der \u00e4rztlichen Praxis<\/h4><p><span class=\"n\"> \u00c4sthetik News, Ausgabe 14 (3\/2018)<\/span><\/p><p class=\"readmore\">\u00bb <a title=\"Ultherapy \u2013 das nicht invasive Liftingverfahren in der \u00e4rztlichen Praxis\" href=\"https:\/\/dr-montanari.de\/uploads\/presse\/gif\/Aesthetik-News-Ausgabe14.jpg\" target=\"_blank\" rel=\"noopener\">Artikel nicht invasive Liftingverfahren lesen<\/a><\/p><div class=\"presse\"><hr \/><\/div><h4 class=\"titel-vortrag\">Tabuthema Intim-OP<\/h4><p><span class=\"n\"> Bild der Frau Ausgabe 47\/2018<\/span><\/p><p class=\"readmore\">\u00bb <a title=\"Tabuthema Intim-OP\" href=\"https:\/\/dr-montanari.de\/uploads\/presse\/Tabuthema-Intim-OP.jpg\">Artikel Tabuthema Intim-OP lesen<\/a><\/p><div class=\"presse\"><hr \/><\/div><h4 class=\"titel-vortrag\">Vortrag von Frau Dr. Michaela Montanari: Intimchirurgie Medizinische Notwendigkeit oder weiblicher Anspruch\/ \u00c4sthetik?<\/h4><p><span class=\"n\">12. November 2018<\/span><\/p><div class=\"presse\"><hr \/><\/div><h4 class=\"titel-vortrag\">Focus Gesundheit Deutsche Top \u00c4rzte, \u00c4rzteliste Intimchirurgie<\/h4><p>Ausgabe Juli\/August 2018<\/p><p>\u00bb <a title=\"Focus Gesundheit Deutsche Top \u00c4rzte, \u00c4rzteliste Intimchirurgie\" href=\"https:\/\/dr-montanari.de\/uploads\/presse\/pdf\/auszeichnung-focus-dr.montanari.pdf\">Artikel Focus Gesundheit Deutsche Top \u00c4rzte, \u00c4rzteliste Intimchirurgie lesen<\/a><\/p><div class=\"presse\"><hr \/><\/div><h4 class=\"titel-vortrag\">Fachpublikationen f\u00fchren Dr. Michaela Montanari in Top-\u00c4rzteranglisten<\/h4><p>Der Ehrenfelder, Mai 2018<\/p><p>\u00bb <a title=\"Fachpublikationen f\u00fchren Dr. Michaela Montanari in Top-\u00c4rzteranglisten\" href=\"https:\/\/dr-montanari.de\/uploads\/presse\/pdf\/ehrenfelder-2018-05-100-montanari.pdf\">Artikel Fachpublikationen f\u00fchren Dr. Michaela Montanari in Top-\u00c4rzteranglisten lesen<\/a><\/p><div class=\"presse\"><hr \/><\/div><h4 class=\"titel-vortrag\">Focus Gesundheit Deutsche Top \u00c4rzte, \u00c4rzteliste Intimchirurgie<\/h4><p>Ausgabe Juli\/August 2018<\/p><p>\u00bb <a title=\"Focus Gesundheit Deutsche Top \u00c4rzte, \u00c4rzteliste Intimchirurgie\" href=\"https:\/\/dr-montanari.de\/uploads\/presse\/pdf\/auszeichnung-focus-dr.montanari.pdf\">Artikel ocus Gesundheit Deutsche Top \u00c4rzte, \u00c4rzteliste Intimchirurgie lesen<\/a><\/p><div class=\"presse\"><hr \/><\/div><h4 class=\"titel-vortrag\">Das pers\u00f6nliche Wohlbefinden in besten H\u00e4nden<\/h4><p>Stiepeler Bote, Mai 2018<\/p><p>\u00bb <a title=\"Das pers\u00f6nliche Wohlbefinden in besten H\u00e4nden\" href=\"https:\/\/dr-montanari.de\/uploads\/presse\/pdf\/stiepeler-bote-2018-05-s_263_montanari.pdf\">Artikel Das pers\u00f6nliche Wohlbefinden in besten H\u00e4nden lesen<\/a><\/p><div class=\"presse\"><hr \/><\/div><h4 class=\"titel-vortrag\">Top-Medizinerin f\u00fcr Intimchiurgie<\/h4><p>Focus Gesundheit M\u00e4rz 2018 \u201eDie gesunde Frau\u201c<\/p><div class=\"presse\"><hr \/><\/div><h4 class=\"titel-vortrag\">Empfehlung f\u00fcr Brustoperationen<\/h4><p><span class=\"n\">Gala Beautify, Januar 2018 \u2013 Das Better-Aging Magazin<\/span><\/p><div class=\"presse\"><hr \/><\/div><h4 class=\"titel-vortrag\">Exclusive Adresse f\u00fcr Gewebestraffung im Intimbereich<\/h4><p>Stiepeler Bote, Januar 2018<\/p><p>\u00bb <a title=\"Exclusive Adresse f\u00fcr Gewebestraffung im Intimbereich\" href=\"https:\/\/dr-montanari.de\/uploads\/presse\/pdf\/Gewebestraffung-Montanari-Stiepler-Bote.pdf\">Artikel Exclusive Adresse f\u00fcr Gewebestraffung im Intimbereich lesen<\/a><\/p><div class=\"presse\"><hr \/><\/div><h4 class=\"titel-vortrag\">Gewebestraffung im Intimbereich mittels Radiofrequenzbehandlung<\/h4><p>Der Ehrenfelder, Januar 2018<\/p><p>\u00bb <a title=\"Gewebestraffung im Intimbereich mittels Radiofrequenzbehandlung\" href=\"https:\/\/dr-montanari.de\/uploads\/presse\/pdf\/Gewebestraffung-Montanari-Der-Ehrenfelder.pdf\">Artikel Der Ehrenfelder lesen<\/a><\/p><\/div>\n\t\t\t\t\t\t\t\t\t<div class=\"elementor-tab-title elementor-tab-mobile-title\" aria-selected=\"false\" data-tab=\"10\" role=\"tab\" tabindex=\"-1\" aria-controls=\"elementor-tab-content-49010\" aria-expanded=\"false\">2017<\/div>\n\t\t\t\t\t<div id=\"elementor-tab-content-49010\" class=\"elementor-tab-content elementor-clearfix\" data-tab=\"10\" role=\"tabpanel\" aria-labelledby=\"elementor-tab-title-49010\" tabindex=\"0\" hidden=\"hidden\"><h3 class=\"vortrag\">Presse und TV-Beitr\u00e4ge 2017<\/h3><h4 class=\"titel-vortrag\">Prospective 3D Analysis of Facial Soft Tissue Augmentation with Calcium Hydroxylapatite<\/h4><p class=\"presse\">Journal of Cosmetic and Laser Therapy 22.03.2017<\/p><p>\u00bb <a title=\"Prospective 3D Analysis of Facial Soft Tissue Augmentation with Calcium Hydroxylapatite\" href=\"https:\/\/dr-montanari.de\/uploads\/presse\/pdf\/Prospective_3D_analysis_of_facial_soft_tissue_augmentation_with_calcium_hydroxylapatite.pdf\" target=\"_blank\" rel=\"noopener\">Artikel lesen<\/a><\/p><div class=\"presse\"><hr \/><\/div><h4 class=\"titel-vortrag\">Wirksames Verfahren gegen die \u201eOrangenhaut\u201c<\/h4><p><span class=\"n\">Der Ehrenfelder, Dezember 2017<\/span><\/p><p class=\"readmore\">\u00bb <a title=\"Wirksames Verfahren gegen die \u201eOrangenhaut\u201c\" href=\"https:\/\/dr-montanari.de\/uploads\/presse\/pdf\/ehrenfelder2017.pdf\">Artikel Wirksames Verfahren gegen die \u201eOrangenhaut\u201c lesen<\/a><\/p><div class=\"presse\"><hr \/><\/div><h4 class=\"titel-vortrag\">Dr. Michaela Montanari erweitert Angebotsspektrum in ihrer Praxis<\/h4><p>Stiepeler Bote, Dezember 2017<\/p><p>\u00bb <a title=\"Wirksames Verfahren gegen die \u201eOrangenhaut\u201c\" href=\"https:\/\/dr-montanari.de\/uploads\/presse\/pdf\/stiepeler_bote2017.pdf\">Artikel Dr. Michaela Montanari erweitert Angebotsspektrum lesen<\/a><\/p><div class=\"presse\"><hr \/><\/div><h4 class=\"titel-vortrag\">Focus-\u00c4rzte-Rangliste: Top Platzierung f\u00fcr Frau Dr. Montanari<\/h4><p>Der Ehrenfelder , Juli 2017<\/p><p>\u00bb <a title=\"Top Platzierung in der Focus-\u00c4rzte-Rangliste\" href=\"https:\/\/dr-montanari.de\/uploads\/presse\/pdf\/Montanari_E_91.pdf\">Artikel Focus-\u00c4rzte-Rangliste: Top Platzierung f\u00fcr Frau Dr. Montanari lesen<\/a><\/p><div class=\"presse\"><hr \/><\/div><h4 class=\"titel-vortrag\">Chirurgin im Fokus &#8211; BO-Gefl\u00fcster<\/h4><p>WAZ , Juli 2017<\/p><p class=\"readmore\">\u00bb <a title=\"WAZ Artikel Chirurgin im Fokus\" href=\"https:\/\/dr-montanari.de\/uploads\/presse\/pdf\/montanari-bo-gefluester.pdf\">Artikel Chirurgin im Fokus &#8211; BO-Gefl\u00fcster lesen<\/a><\/p><div class=\"presse\"><hr \/><\/div><h4 class=\"titel-vortrag\">Top Platzierung in der Focus-\u00c4rzte-Rangliste<\/h4><p><span class=\"n\">Stiepeler Bote , Juli 2017<\/span><\/p><p>\u00bb <a title=\"Top Platzierung in der Focus-\u00c4rzte-Rangliste\" href=\"https:\/\/dr-montanari.de\/uploads\/presse\/pdf\/Montanari_SB_253.pdf\">Artikel Stiepeler Bote , Juli 2017 lesen<\/a><\/p><div class=\"presse\"><hr \/><\/div><h4 class=\"titel-vortrag\">Merz \u00c4sthetiktreffen 2017 &#8211; 8. Expertentreffen Frankfurt\/Main<br \/><div class=\"lyte-wrapper fourthree\" style=\"width:640px;max-width:100%;margin:5px auto;\"><div class=\"lyMe qsa_\\&amp;showinfo\\=0\" id=\"WYL_yvSOqD_VhgA\"><div id=\"lyte_yvSOqD_VhgA\" data-src=\"https:\/\/dr-montanari.de\/wp-content\/plugins\/wp-youtube-lyte\/lyteCache.php?origThumbUrl=%2F%2Fi.ytimg.com%2Fvi%2FyvSOqD_VhgA%2Fhqdefault.jpg\" class=\"pL\"><div class=\"tC hidden\"><div class=\"tT\"><\/div><\/div><div class=\"play\"><\/div><div class=\"ctrl\"><div class=\"Lctrl\"><\/div><div class=\"Rctrl\"><\/div><\/div><\/div><noscript><a href=\"https:\/\/youtu.be\/yvSOqD_VhgA\" rel=\"nofollow noopener\" target=\"_blank\"><img loading=\"lazy\" decoding=\"async\" src=\"https:\/\/dr-montanari.de\/wp-content\/plugins\/wp-youtube-lyte\/lyteCache.php?origThumbUrl=https%3A%2F%2Fi.ytimg.com%2Fvi%2FyvSOqD_VhgA%2F0.jpg\" alt=\"YouTube video thumbnail\" width=\"640\" height=\"460\" \/><br \/>Watch this video on YouTube<\/a><\/noscript><\/div><\/div><div class=\"lL\" style=\"max-width:100%;width:640px;margin:5px auto;\"><\/div><\/h4><div class=\"presse\"><hr \/><\/div><h4 class=\"titel-vortrag\">Hautstraffung und K\u00f6rperformung (Fettreduktion) mit dem BTL Exilis Elite<\/h4><p>estheticon.de, Juli 2017<\/p><p>\u00bb <a title=\"Hautstraffung und K\u00f6rperformung (Fettreduktion) mit dem BTL Exilis Elite\" href=\"https:\/\/www.estheticon.de\/anbieter\/btl-aesthetics\/exilis\" target=\"_blank\" rel=\"noopener\">Artikel Hautstraffung und K\u00f6rperformung (Fettreduktion) mit dem BTL Exilis Elite lesen<\/a><\/p><div class=\"presse\"><hr \/><\/div><h4 class=\"titel-vortrag\">Focus Ausgabe 2517 &#8218;Operation: Sch\u00f6ne Scham und \u00c4rzteliste&#8216; vom 20. Juni 2017<\/h4><p>Focus Ausgabe 2517, Juni 2017, S. 80 &#8211; 82<\/p><p>\u00bb <a title=\"\u201eFocus\" href=\"https:\/\/dr-montanari.de\/uploads\/presse\/pdf\/FOCUS_2017-25_S. 80-82.pdf\">Artikel Focus Ausgabe 2517, Jun lesen<\/a><\/p><div class=\"presse\"><hr \/><\/div><h4 class=\"titel-vortrag\">Focus Gesundheit Deutsche Top \u00c4rzte , \u00c4rzteliste Intimchirurgie<\/h4><p>Ausgabe Juli\/August 2017<\/p><p>\u00bb <a title=\"\u201eFace\" href=\"https:\/\/dr-montanari.de\/uploads\/presse\/pdf\/FOCUS-GESUNDHEIT_2017-4_Arzteliste2017_Dr.Montanari.pdf\">Artikel Ausgabe Juli\/August 2017 lesen<\/a><\/p><div class=\"presse\"><hr \/><\/div><h4 class=\"titel-vortrag\">Face &amp; Body Artikel &#8222;Brustchirurgie: Aber nat\u00fcrlich!\u201c<\/h4><p>Face &amp; Body 2017<\/p><p>\u00bb <a title=\"Face &amp; Body Artikel &#039;Brustchirurgie: Aber nat\u00fcrlich!&#039;\" href=\"https:\/\/dr-montanari.de\/uploads\/presse\/pdf\/Gala_Beilage_2016_LF_8.pdf\">Artikel Brustchirurgie: Aber nat\u00fcrlich! lesen<\/a><\/p><\/div>\n\t\t\t\t\t\t\t\t\t<div class=\"elementor-tab-title elementor-tab-mobile-title\" aria-selected=\"false\" data-tab=\"11\" role=\"tab\" tabindex=\"-1\" aria-controls=\"elementor-tab-content-49011\" aria-expanded=\"false\">2016<\/div>\n\t\t\t\t\t<div id=\"elementor-tab-content-49011\" class=\"elementor-tab-content elementor-clearfix\" data-tab=\"11\" role=\"tabpanel\" aria-labelledby=\"elementor-tab-title-49011\" tabindex=\"0\" hidden=\"hidden\"><h3 class=\"vortrag\">Presse und TV-Beitr\u00e4ge 2016<\/h3><h4 class=\"titel-vortrag\">Artikel 05\/2016 &#8222;Das n\u00e4chste Level der Kollagenstimulation\u201c<\/h4><p class=\"presse\"><span class=\"n\">Face 5\/2016<\/span><\/p><p>\u00bb <a title=\"\u201eArtikel\" href=\"https:\/\/dr-montanari.de\/uploads\/presse\/pdf\/FA0216_00-00_Montanari.pdf\" target=\"_blank\" rel=\"noopener\">Artikel Das n\u00e4chste Level der Kollagenstimulation lesen<\/a><\/p><div class=\"presse\"><hr \/><\/div><h4 class=\"titel-vortrag\">Overnight Intensive Patch for Scar Management<br \/>Montanari M. ,Danneberg DJ. , Hartmann S. , Lambert-Baumann J.<\/h4><p class=\"presse\"><span class=\"n\">18th Annual World Congress Inernational Master Course on Aging Skin (IMCAS), 28-31.01.2016, Paris, France<\/span><\/p><p class=\"readmore\">\u00bb <a title=\"Artikel &#039;Overnight Intensive Patch for Scar Management - Montanari M. ,Danneberg DJ. , Hartmann S. , Lambert-Baumann J.&#039; lesen\" href=\"https:\/\/dr-montanari.de\/uploads\/presse\/pdf\/IMCAS-2016_CTX_OIP.pdf\" target=\"_blank\" rel=\"noopener\">Artikel Overnight Intensive Patch for Scar Management lesen<\/a><\/p><div class=\"presse\"><hr \/><\/div><h4 class=\"titel-vortrag\">\u00c4sthetische Faszination in h\u00f6chster Perfektion<\/h4><p><span class=\"n\">\u00c4sthetische Faszination in h\u00f6chster Perfektion Quellenhinweis \u201e\u00a9 face 1\/2016, OEMUS MEDIA AG\u201c <\/span><\/p><p class=\"readmore\">\u00bb <a title=\"Artikel &#039;\u00c4sthetische Faszination in h\u00f6chster Perfektion &#039; lesen\" href=\"https:\/\/dr-montanari.de\/uploads\/presse\/pdf\/FA0116_60-61_MerzAesthetiktag.pdf\">Artikel \u00c4sthetische Faszination in h\u00f6chster Perfektion lesen<\/a><\/p><div class=\"presse\"><hr \/><\/div><h4 class=\"titel-vortrag\">Artikel von 05\/2016 &#8222;Alles chic im Schritt?\u201c<\/h4><p><span class=\"n\">Denken&amp;F\u00fchlen 05\/2016<\/span><\/p><p class=\"readmore\">\u00bb <a title=\"\u201eArtikel\" href=\"https:\/\/dr-montanari.de\/uploads\/presse\/pdf\/Artikel13_05_16.pdf\">Artikel Alles chic im Schritt? lesen<\/a><\/p><div class=\"presse\"><hr \/><\/div><h4 class=\"titel-vortrag\">MERZ Expertentreffen 2016 Trailer<\/h4><div class=\"lyte-wrapper fourthree\" style=\"width:640px;max-width:100%;margin:5px auto;\"><div class=\"lyMe\" id=\"WYL_vqR_YJH1U-U\"><div id=\"lyte_vqR_YJH1U-U\" data-src=\"https:\/\/dr-montanari.de\/wp-content\/plugins\/wp-youtube-lyte\/lyteCache.php?origThumbUrl=%2F%2Fi.ytimg.com%2Fvi%2FvqR_YJH1U-U%2Fhqdefault.jpg\" class=\"pL\"><div class=\"tC\"><div class=\"tT\"><\/div><\/div><div class=\"play\"><\/div><div class=\"ctrl\"><div class=\"Lctrl\"><\/div><div class=\"Rctrl\"><\/div><\/div><\/div><noscript><a href=\"https:\/\/youtu.be\/vqR_YJH1U-U\" rel=\"nofollow noopener\" target=\"_blank\"><img loading=\"lazy\" decoding=\"async\" src=\"https:\/\/dr-montanari.de\/wp-content\/plugins\/wp-youtube-lyte\/lyteCache.php?origThumbUrl=https%3A%2F%2Fi.ytimg.com%2Fvi%2FvqR_YJH1U-U%2F0.jpg\" alt=\"YouTube video thumbnail\" width=\"640\" height=\"460\" \/><br \/>Watch this video on YouTube<\/a><\/noscript><\/div><\/div><div class=\"lL\" style=\"max-width:100%;width:640px;margin:5px auto;\"><\/div><\/p><div class=\"presse\"><hr \/><\/div><h4 class=\"titel-vortrag\">Artikel von 05\/2016 &#8222;Das Leben wird immer sch\u00f6ner\u201c<\/h4><p><span class=\"n\">GALA 05\/2016<\/span><\/p><p class=\"readmore\">\u00bb <a title=\"\u201eArtikel\" href=\"https:\/\/dr-montanari.de\/uploads\/presse\/pdf\/ULTH_Gala_18_ET 20160428.pdf\">Artikel Das Leben wird immer sch\u00f6ner lesen<\/a><\/p><div class=\"presse\"><hr \/><\/div><h4 class=\"titel-vortrag\">Brigitte Woman Artikel vom 07\/2016 &#8222;So wird der Sommer sch\u00f6ner\u201c<\/h4><p><span class=\"n\">Brigitte Woman 05\/2016<\/span><\/p><p class=\"readmore\">\u00bb <a title=\"\u201eArtikel\" href=\"https:\/\/dr-montanari.de\/uploads\/presse\/pdf\/ULTH_BrigitteWoman07-2016_1204.pdf\">Artikel So wird der Sommer sch\u00f6ner lesen<\/a><\/p><div class=\"presse\"><hr \/><\/div><h4 class=\"titel-vortrag\">Ultherapy befreit von \u00fcberm\u00e4\u00dfigem Schwitzen<\/h4><p><span class=\"n\">Stiepeler Bote, April 2016 <\/span><\/p><p class=\"readmore\">\u00bb <a title=\"Artikel &#039;Ultherapy befreit von \u00fcberm\u00e4\u00dfigem Schwitzen&#039; lesen\" href=\"https:\/\/dr-montanari.de\/uploads\/presse\/pdf\/Ultherapy_Stiepel.pdf\">Artikel Ultherapy befreit von \u00fcberm\u00e4\u00dfigem Schwitzen lesen<\/a><\/p><div class=\"presse\"><hr \/><\/div><h4 class=\"titel-vortrag\">Ultherapy Videotour Dr. Michaele Montanari<\/h4><div class=\"lyte-wrapper fourthree\" style=\"width:640px;max-width:100%;margin:5px auto;\"><div class=\"lyMe qsa_\\&amp;showinfo\\=0\" id=\"WYL_ESNHc94Gr1I\"><div id=\"lyte_ESNHc94Gr1I\" data-src=\"https:\/\/dr-montanari.de\/wp-content\/plugins\/wp-youtube-lyte\/lyteCache.php?origThumbUrl=%2F%2Fi.ytimg.com%2Fvi%2FESNHc94Gr1I%2Fhqdefault.jpg\" class=\"pL\"><div class=\"tC hidden\"><div class=\"tT\"><\/div><\/div><div class=\"play\"><\/div><div class=\"ctrl\"><div class=\"Lctrl\"><\/div><div class=\"Rctrl\"><\/div><\/div><\/div><noscript><a href=\"https:\/\/youtu.be\/ESNHc94Gr1I\" rel=\"nofollow noopener\" target=\"_blank\"><img loading=\"lazy\" decoding=\"async\" src=\"https:\/\/dr-montanari.de\/wp-content\/plugins\/wp-youtube-lyte\/lyteCache.php?origThumbUrl=https%3A%2F%2Fi.ytimg.com%2Fvi%2FESNHc94Gr1I%2F0.jpg\" alt=\"YouTube video thumbnail\" width=\"640\" height=\"460\" \/><br \/>Watch this video on YouTube<\/a><\/noscript><\/div><\/div><div class=\"lL\" style=\"max-width:100%;width:640px;margin:5px auto;\"><\/div><\/p><div class=\"presse\"><hr \/><\/div><h4>Artikel vom 16.1.2016 unter der Rubrik BO-Gefl\u00fcster\u201c<\/h4><p><span class=\"n\">WAZ 01.2016<\/span><\/p><\/div>\n\t\t\t\t\t\t\t\t\t<div class=\"elementor-tab-title elementor-tab-mobile-title\" aria-selected=\"false\" data-tab=\"12\" role=\"tab\" tabindex=\"-1\" aria-controls=\"elementor-tab-content-49012\" aria-expanded=\"false\">2015<\/div>\n\t\t\t\t\t<div id=\"elementor-tab-content-49012\" class=\"elementor-tab-content elementor-clearfix\" data-tab=\"12\" role=\"tabpanel\" aria-labelledby=\"elementor-tab-title-49012\" tabindex=\"0\" hidden=\"hidden\"><h3 class=\"vortrag\">Presse und TV-Beitr\u00e4ge 2015<\/h3><h4 class=\"titel-vortrag\">\u201eKULT-BLONDINE SOPHIA WOLLERSHEIM &#8211; Erneuter Besuch\u201c<\/h4><p>Stiepeler Bote 12.2015<br \/>\u00bb <a title=\"Artikel &#039;KULT-BLONDINE SOPHIA WOLLERSHEIM - Erneuter Besuch&#039; lesen\" href=\"https:\/\/dr-montanari.de\/uploads\/presse\/S_234_S_42.pdf\">Artikel Stiepeler Bote lesen<\/a><\/p><div class=\"presse\"><hr \/><\/div><h4 class=\"titel-vortrag\">\u201eKULT-BLONDINE SOPHIA WOLLERSHEIM &#8211; Sch\u00f6nheits-Dreierschlag f\u00fcrs Dschungelcamp?\u201c<\/h4><p>Bild.de 25.11.2015<br \/>\u00bb <a title=\"Artikel &#039;KULT-BLONDINE SOPHIA WOLLERSHEIM - Sch\u00f6nheits-Dreierschlag f\u00fcrs Dschungelcamp?&#039; lesen\" href=\"https:\/\/dr-montanari.de\/presse\/kult-blondine-sophia-wollersheim\/\">Artikel Kult-Blondine Sophia Wollersheim lesen<\/a><\/p><div class=\"presse\"><hr \/><\/div><h4 class=\"titel-vortrag\">\u201eInnovative Verj\u00fcngungskur f\u00fcr die Wollersheims\u201c<\/h4><p>Der Ehrenfelder 09.2015<\/p><div class=\"presse\"><hr \/><\/div><h4 class=\"titel-vortrag\">\u201eInnovative Verj\u00fcngungskur ohne Operation\u201c<\/h4><p><span class=\"n\">Stiepeler Bote 04.09.2015<\/span><\/p><div class=\"presse\"><hr \/><\/div><h4 class=\"titel-vortrag\">Ganz verj\u00fcngt! Wollersheim \u2013 1. Foto nach Gesichts-OP<\/h4><p><span class=\"n\">Bild.de, 16.08.2015<\/span><\/p><div class=\"presse\"><hr \/><\/div><h4 class=\"titel-vortrag\">MERZ Expertentreffen 2015 Trailer<\/h4><div class=\"lyte-wrapper fourthree\" style=\"width:640px;max-width:100%;margin:5px auto;\"><div class=\"lyMe\" id=\"WYL_LTHPMDlX8QU\"><div id=\"lyte_LTHPMDlX8QU\" data-src=\"https:\/\/dr-montanari.de\/wp-content\/plugins\/wp-youtube-lyte\/lyteCache.php?origThumbUrl=%2F%2Fi.ytimg.com%2Fvi%2FLTHPMDlX8QU%2Fhqdefault.jpg\" class=\"pL\"><div class=\"tC\"><div class=\"tT\"><\/div><\/div><div class=\"play\"><\/div><div class=\"ctrl\"><div class=\"Lctrl\"><\/div><div class=\"Rctrl\"><\/div><\/div><\/div><noscript><a href=\"https:\/\/youtu.be\/LTHPMDlX8QU\" rel=\"nofollow noopener\" target=\"_blank\"><img loading=\"lazy\" decoding=\"async\" src=\"https:\/\/dr-montanari.de\/wp-content\/plugins\/wp-youtube-lyte\/lyteCache.php?origThumbUrl=https%3A%2F%2Fi.ytimg.com%2Fvi%2FLTHPMDlX8QU%2F0.jpg\" alt=\"YouTube video thumbnail\" width=\"640\" height=\"460\" \/><br \/>Watch this video on YouTube<\/a><\/noscript><\/div><\/div><div class=\"lL\" style=\"max-width:100%;width:640px;margin:5px auto;\"><\/div><\/p><div class=\"presse\"><hr \/><\/div><h4 class=\"titel-vortrag\">Wollersheims Falten jetzt alle verpufft?<\/h4><p><span class=\"n\">Bild.de, 15.08.2015<\/span><\/p><div class=\"presse\"><hr \/><\/div><h4 class=\"titel-vortrag\">Wollersheim Dreifach-Verj\u00fcngung<br \/><span class=\"n\">BILD.de 11\/2015<\/span><\/h4><p>Bericht auf BILD.de (25.11.2015) \u00fcber Dr. Michaela Montanari&#8217;s 3-fach OP bei Sophia Wollersheim<\/p><p><img decoding=\"async\" src=\"https:\/\/dr-montanari.de\/uploads\/video\/screenshots\/sophia-wollersheim-bild.de.jpg\" width=\"670\" \/><\/p><div class=\"presse\"><hr \/><\/div><h4 class=\"titel-vortrag\">Plastische Chirurgie im Genititalbereich &#8211; Kleine Eingriffe in der Intimzone<\/h4><p><span class=\"n\">Volksstimme.de, 23.03.2015<\/span><\/p><\/div>\n\t\t\t\t\t\t\t\t\t<div class=\"elementor-tab-title elementor-tab-mobile-title\" aria-selected=\"false\" data-tab=\"13\" role=\"tab\" tabindex=\"-1\" aria-controls=\"elementor-tab-content-49013\" aria-expanded=\"false\">2014<\/div>\n\t\t\t\t\t<div id=\"elementor-tab-content-49013\" class=\"elementor-tab-content elementor-clearfix\" data-tab=\"13\" role=\"tabpanel\" aria-labelledby=\"elementor-tab-title-49013\" tabindex=\"0\" hidden=\"hidden\"><h3 class=\"vortrag\">Presse und TV-Beitr\u00e4ge 2014<\/h3><h4 class=\"titel-vortrag\">Full-Face-Behandlung: Der K\u00f6nigsweg f\u00fcr eine nat\u00fcrliche Gesichtsrejuvenation<\/h4><p>face 4\/2014<\/p><p>\u00bb <a title=\"Artikel &#039;Full-Face-Behandlung: Der K\u00f6nigsweg f\u00fcr eine nat\u00fcrliche Gesichtsrejuvenation&#039; lesen\" href=\"https:\/\/dr-montanari.de\/uploads\/presse\/full-face-behandlung-der-koenigsweg-fuer-eine-natuerliche-gesichtsrejuvenation-face-04-2014_kl.jpg\">Artikel Full-Face-Behandlung lesen<\/a><\/p><div class=\"presse\"><hr \/><\/div><h4 class=\"titel-vortrag\">Experteninterview mit Dr. Montanari zum Thema Intimchirurgie<\/h4><p>infoMEDIZIN, 30.09.2014<\/p><div class=\"presse\"><hr \/><\/div><h4 class=\"titel-vortrag\">Labioplastik &#8211; Warum sich Frauen f\u00fcr eine \u00e4sthetische Intimoperation entscheiden<\/h4><p>mybody.de, August 2014<\/p><div class=\"presse\"><hr \/><\/div><h4 class=\"titel-vortrag\">Hyalurons\u00e4ure-Supplementation durch Hyal\u00ae ACP bei Altershaut und solaren Elastosen am Dekollet\u00e9<\/h4><p>Plastische Chirurgie, Juli 2014<\/p><p>\u00bb <a title=\"Artikel &#039;Hyalurons\u00e4ure-Supplementation durch Hyal\u00ae ACP bei Altershaut und solaren Elastosen am Dekollet\u00e9&#039; lesen\" href=\"https:\/\/dr-montanari.de\/uploads\/presse\/hyaluronsaeure-supplementation-durch-hyal-acp-bei-altershaut-und-solaren-elastosen-am-dekollete-plastische-chirurgie-juli-2014_kl.jpg\">Artikel Hyalurons\u00e4ure lesen<\/a><\/p><div class=\"presse\"><hr \/><\/div><h4 class=\"titel-vortrag\">Experteninterview mit Dr. Montanari zum Thema Intimchirurgie<\/h4><p>infoMEDIZIN, 30.09.2014<\/p><div class=\"presse\"><hr \/><\/div><h4 class=\"titel-vortrag\">Lippenvergr\u00f6\u00dferung mit Hyalurons\u00e4ure<\/h4><p>estheticon.de, Mai 2014<\/p><p>\u00bb <a title=\"Artikel &#039;Lippenvergr\u00f6\u00dferung mit Hyalurons\u00e4ure&#039; lesen\" href=\"https:\/\/dr-montanari.de\/presse\/estheticon-lippenvergroesserung-mit-hyaluronsaeure-2014-05\/\">Artikel Lippenvergr\u00f6\u00dferung mit Hyalurons\u00e4ure lesen<\/a><\/p><div class=\"presse\"><hr \/><\/div><h4>Faltenfrei mit Botox<\/h4><p>estheticon.de, April 2014<\/p><p><a title=\"Artikel &#039;Faltenfrei mit Botox&#039; lesen\" href=\"https:\/\/dr-montanari.de\/presse\/estheticon-faltenfrei-mit-botox-nichtchirurgische-faltenbehandlung-2014-04\/\">Artikel Faltenfrei mit Botox lesen<\/a><\/p><div class=\"presse\"><hr \/><\/div><h4 class=\"titel-vortrag\">Welche Brustimplantate bieten ein langfristig sicheres und nachhaltiges Ergebnis?<\/h4><p>mybody.de, Januar 2014<\/p><p>\u00bb <a href=\"https:\/\/dr-montanari.de\/presse\/mybody-expertengespraech-dr-michaela-montanari-qualitaet-von-brustimplantaten-januar-2014\/\">Artikel zu Brustimplantate lesen<\/a><\/p><div class=\"presse\"><hr \/><\/div><h4 class=\"titel-vortrag\">Brustvergr\u00f6\u00dferung \u2013 die Implantatqualit\u00e4t ist entscheidend<\/h4><p>jameda Experten-Ratgeber, 18.01.2014, von Dr. med. Michaela Montanari<\/p><p>\u00bb <a href=\"https:\/\/dr-montanari.de\/presse\/brustvergroesserung-die-implantatqualitaet-ist-entscheidend-jameda-2014-01-18\/\">Artikel Implantatqualit\u00e4t entscheidend lesen<\/a><\/p><div class=\"presse\"><hr \/><\/div><h4 class=\"titel-vortrag\">Dr. Montanari ausgezeichnet<\/h4><p>Stiepeler Bote, Dezember 2014<\/p><p>\u00bb <a href=\"https:\/\/dr-montanari.de\/uploads\/presse\/dr-montanari-ausgezeichnet-stiepeler-bote-2014-12\">Artikel Auszeichnung Dr. Montanari lesen<\/a><\/p><div class=\"presse\"><hr \/><\/div><h4 class=\"titel-vortrag\">Auszeichnung f\u00fcr Michaela Montanari<\/h4><p>WAZ Bochum, 15.11.2014<\/p><p>\u00bb <a class=\"lightbox\" rel=\"lightbox[waz20141115]\" data-lightbox-type=\"gallery\">Artikel Auszeichnung f\u00fcr Michaela Montanari lesen<\/a><\/p><div class=\"presse\"><hr \/><\/div><h4 class=\"titel-vortrag\">Besucher waren begeistert von neuen R\u00e4umen<\/h4><p>RuhrNachrichten Bochum, Markt am Donnerstag, 02.10.2014, Sonderver\u00f6ffentlichung<\/p><p>\u00bb <a title=\"Artikel &#039;Besucher waren begeistert von neuen R\u00e4umen&#039; lesen\" href=\"https:\/\/dr-montanari.de\/uploads\/presse\/pdf\/rn-bochum-2014-10-02-besucher-waren-begeistert-von-neuen-raeumen.pdf\" target=\"_blank\" rel=\"noopener\">Artikel neue R\u00e4ume lesen<\/a><\/p><div class=\"presse\"><hr \/><\/div><h4 class=\"titel-vortrag\">Verst\u00e4rktes Team in gr\u00f6\u00dferen R\u00e4umen<\/h4><p>RuhrNachrichten Bochum, Markt am Donnerstag, 11.09.2014, Sonderver\u00f6ffentlichung<\/p><p>\u00bb <a title=\"Artikel &#039;Verst\u00e4rktes Team in gr\u00f6\u00dferen R\u00e4umen&#039; lesen\" href=\"https:\/\/dr-montanari.de\/uploads\/presse\/pdf\/rn-bochum-2014-09-11-verstaerktes-team-in-neuen-raeumen.pdf\" target=\"_blank\" rel=\"noopener\">Artikel verst\u00e4rktes Team lesen<\/a><\/p><div class=\"presse\"><hr \/><\/div><h4 class=\"titel-vortrag\">Erweiterung der Privatpraxis Dr. Michaela Montanari<\/h4><p>Stiepeler Bote, September 2014<\/p><p>\u00bb <a title=\"Artikel &#039;Erweiterung der Privatpraxis Dr. Michaela Montanari&#039; lesen\" href=\"https:\/\/dr-montanari.de\/uploads\/presse\/erweiterung-der-privatpraxis-dr-michaela-montanari-ehrenfelder-stiepeler-bote-2014-09\">Artikel lesen<\/a><\/p><div class=\"presse\"><hr \/><\/div><h4 class=\"titel-vortrag\">Sch\u00f6n aber wenig erfolgreich<\/h4><p>Stiepeler Bote, September 2014<\/p><p>\u00bb <a title=\"Artikel &#039;Sch\u00f6n aber wenig erfolgreich&#039; lesen\" href=\"https:\/\/dr-montanari.de\/uploads\/presse\/schoen-aber-wenig-erfolgreich-stiepeler-bote-2014-09\">Artikel Sch\u00f6n aber wenig erfolgreich lesen<\/a><\/p><div class=\"presse\"><hr \/><\/div><h4 class=\"titel-vortrag\">Live dabei \u2013 \u201eSch\u00f6n schreiben \u2013 sch\u00f6n paddeln!\u201c<\/h4><p>Stiepeler Bote, August 2014<\/p><p>\u00bb <a title=\"Artikel &#039;Live dabei \u2013 \u201eSch\u00f6n schreiben \u2013 sch\u00f6n paddeln!\u201c&#039; lesen\" href=\"https:\/\/dr-montanari.de\/uploads\/presse\/live-dabei-schoen-schreiben-schoen-paddeln-stiepeler-bote-2014-08_kl.jpg\">Artikel lesen<\/a><\/p><div class=\"presse\"><hr \/><\/div><h4 class=\"titel-vortrag\">Frauen setzen auf Sch\u00f6nheit<\/h4><p>Ruhrnachrichten Sonderver\u00f6ffentlichung &#8222;Sch\u00f6n &amp; gesund &#8211; Plastische und \u00c4sthetische Chirurgie&#8220;, 02.04.2014<\/p><p>\u00bb <a title=\"Artikel &#039;Frauen setzen auf Sch\u00f6nheit&#039; lesen\" href=\"https:\/\/dr-montanari.de\/uploads\/presse\/pdf\/frauen-setzen-auf-schoenheit-ruhrnachrichten-sonderveroeffentlichung-2014-04-02.pdf\" target=\"_blank\" rel=\"noopener\">Artikel Frauen setzen auf Sch\u00f6nheit lesen<\/a><\/p><div class=\"presse\"><hr \/><\/div><h4 class=\"titel-vortrag\">Neu im Landesvorstand<\/h4><p>WAZ Bochum, 14.03.2014<\/p><p>\u00bb <a title=\"Artikel &#039;Neu im Landesvorstand&#039; lesen\" href=\"https:\/\/dr-montanari.de\/uploads\/presse\/waz-2011-12-07_chirurgin-dr-montanari-neu-im-landesvorstand.jpg\">Artikel Neu im Landesvorstand lesen<\/a><\/p><div class=\"presse\"><hr \/><\/div><h4 class=\"titel-vortrag\">VON FRAU ZU FRAU &#8211; Behandlungen im Gesicht, an Brust- und Intimbereich<\/h4><p>TOP RUHR, Fr\u00fchjahr 2014<\/p><p>\u00bb <a href=\"https:\/\/dr-montanari.de\/uploads\/presse\/top-magazin-ruhr-fruehjahr-2014-von-frau-zu-frau-behandlungen-im-gesicht-an-brust-und-intimbereich\">Artikel VON FRAU ZU FRAU &#8211; Behandlungen im Gesicht, an Brust- und Intimbereich lesen<\/a><\/p><\/div>\n\t\t\t\t\t\t\t\t\t<div class=\"elementor-tab-title elementor-tab-mobile-title\" aria-selected=\"false\" data-tab=\"14\" role=\"tab\" tabindex=\"-1\" aria-controls=\"elementor-tab-content-49014\" aria-expanded=\"false\">2013<\/div>\n\t\t\t\t\t<div id=\"elementor-tab-content-49014\" class=\"elementor-tab-content elementor-clearfix\" data-tab=\"14\" role=\"tabpanel\" aria-labelledby=\"elementor-tab-title-49014\" tabindex=\"0\" hidden=\"hidden\"><h3 class=\"vortrag\">Presse und TV-Beitr\u00e4ge 2013<\/h3><h4 class=\"titel-vortrag\">Labioplastik \u2013 Medizinische Notwendigkeit oder weiblicher Anspruch?<\/h4><p>6\/2013 Gyn Praktische Gyn\u00e4kologie, von Dr. med. Michaela Montanari<\/p><div class=\"presse\"><hr \/><\/div><h4 class=\"titel-vortrag\">Labioplastik \u2013 Medizinische Notwendigkeit oder weiblicher Anspruch?<\/h4><p>derm (19) 2013, von Dr. med. Michaela Montanari<\/p><div class=\"presse\"><hr \/><\/div><h4 class=\"titel-vortrag\">Labioplastik &#8211; Notwendigkeit oder weiblicher Anspruch?<\/h4><p>DERMAforum, 06.11.2013<\/p><div class=\"presse\"><hr \/><\/div><h4 class=\"titel-vortrag\">Volume4Volume<\/h4><p>Montanari, M., Handchir Mikrochir Plast Chir 2013; 45: 1\u20139<br \/>XIII. Fr\u00fchjahrsakademie der Vereinigung der Deutschen \u00c4sthetisch-Plastischen Chirurgen<br \/>Zwischen Klassik &amp; Moderne: Methoden in der \u00e4sthetisch-plastischen Chirurgie<\/p><p>\u00bb <a title=\"\" href=\"https:\/\/dr-montanari.de\/uploads\/presse\/pdf\/volume-4-volume-fruehjahrsakademie-der-vereinigung-der-deutschen-aesthetisch-plastischen-chirurgen-mai-2013-in-kassel.pdf\" target=\"_blank\" rel=\"noopener\">Artikel\u00a0Volume4Volume lesen<\/a><\/p><div class=\"presse\"><hr \/><\/div><h4 class=\"titel-vortrag\">Volume4Volume<\/h4><p class=\"presse\"><span class=\"n\">Montanari, M., Journal f\u00fcr \u00c4sthetische Chirurgie 2\/2013, D=I 10.1007\/s12631.012-0213-0<\/span><\/p><div class=\"presse\"><hr \/><\/div><h4 class=\"titel-vortrag\">Brustvergr\u00f6\u00dferung: Die Implantatqualit\u00e4t ist entscheidend\u201c<\/h4><p>M\u00c4C &#8211; Magazin f\u00fcr \u00e4sthetische Chirurgie 4|13, 7. Jahrgang 2013<\/p><div class=\"presse\"><hr \/><\/div><h4 class=\"titel-vortrag\">Kleine P\u00f6lsterchen verschwinden<\/h4><p>WAZ Bochum, 02.10.2013<\/p><p>\u00bb <a title=\"Artikel &#039;Kleine P\u00f6lsterchen verschwinden&#039; lesen\" href=\"https:\/\/dr-montanari.de\/uploads\/presse\/waz_artikel_montanari_kleine-fettpolster-verschwinden-02_10_2013.jpg\">Artikel Kleine P\u00f6lsterchen verschwinden lesen<\/a><\/p><div class=\"presse\"><hr \/><\/div><h4 class=\"titel-vortrag\">Von Frau zu Frau: Behandlungen an Gesicht, Brust, Intimbereich<\/h4><p>Sonderpublikation Beauty Medizin der Gala, 19.09.2013<\/p><p>\u00bb <a title=\"Artikel &#039;Von Frau zu Frau: Behandlungen an Gesicht, Brust, Intimbereich&#039; lesen\" href=\"https:\/\/dr-montanari.de\/uploads\/presse\/gala-beauty-medizin-von-frau-zu-frau-behandlungen-an-gesicht-brust-intimbereich-2013-09-19\">Artikel Von Frau zu Frau: Behandlungen an Gesicht, Brust, Intimbereich lesen<\/a><\/p><div class=\"presse\"><hr \/><\/div><h4 class=\"titel-vortrag\">VON FRAU ZU FRAU: Behandlungen im Gesicht, an Brust- und Intimbereich<\/h4><p>TOP Dortmund, 12.09.2013<\/p><p class=\"readmore\">\u00bb <a title=\"Artikel &#039;VON FRAU ZU FRAU: Behandlungen im Gesicht, an Brust- und Intimbereich&#039; lesen\" href=\"https:\/\/dr-montanari.de\/uploads\/presse\/top-dortmund-von-frau-zu-frau-behandlungen-an-gesicht-brust-und-intimbereich-2013-09-12\">Artikel lesen<\/a><\/p><div class=\"presse\"><hr \/><\/div><h4 class=\"titel-vortrag\">\u00c4sthetik im Fokus<\/h4><p>Gesundheitsf\u00fchrer der Ruhrnachrichten, 18.06.2013<\/p><p>\u00bb <a title=\"Artikel &#039;\u00c4sthetik im Fokus&#039; lesen\" href=\"https:\/\/dr-montanari.de\/uploads\/presse\/aesthetik-im-fokus-gesundheitsfuehrer-ruhrnachrichten-2013-06-18\">Artikel \u00c4sthetik im Fokus lesen<\/a><\/p><div class=\"presse\"><hr \/><\/div><h4 class=\"titel-vortrag\">Privatpraxis Dr. Michaela Montanari<\/h4><p>GESUNDHEIT im \u00dcberblick, Sonderausgabe, Januar 2013<\/p><p class=\"readmore\">\u00bb <a title=\"Artikel &#039;Privatpraxis Dr. Michaela Montanari&#039; lesen\" href=\"https:\/\/dr-montanari.de\/uploads\/presse\/gesundheit-im-ueberblick-januar-2013_01.jpg\">Artikel Privatpraxis Dr. Michaela Montanari lesen<\/a><\/p><div class=\"presse\"><hr \/><\/div><h4 class=\"titel-vortrag\">Interdisziplin\u00e4re Zusammenarbeit mit anderen Fachdisziplinen\u201c und \u201ePlastische und \u00c4sthetische Chirurgie auf h\u00f6chstem Niveau<\/h4><p>in Gesund in Bochum 2013<\/p><p>\u00bb <a title=\"Artikel &#039;Interdisziplin\u00e4re Zusammenarbeit mit anderen Fachdisziplinen&#039; und &#039;Plastische und \u00c4sthetische Chirurgie auf h\u00f6chstem Niveau&#039; lesen\" href=\"https:\/\/dr-montanari.de\/uploads\/presse\/gesund-in-bochum-2013-interdisziplinaere-zusammenarbeit-1.jpg\">Artikel Interdisziplin\u00e4re Zusammenarbeit mit anderen Fachdisziplinen lesen<\/a><\/p><\/div>\n\t\t\t\t\t\t\t\t\t<div class=\"elementor-tab-title elementor-tab-mobile-title\" aria-selected=\"false\" data-tab=\"15\" role=\"tab\" tabindex=\"-1\" aria-controls=\"elementor-tab-content-49015\" aria-expanded=\"false\">2012<\/div>\n\t\t\t\t\t<div id=\"elementor-tab-content-49015\" class=\"elementor-tab-content elementor-clearfix\" data-tab=\"15\" role=\"tabpanel\" aria-labelledby=\"elementor-tab-title-49015\" tabindex=\"0\" hidden=\"hidden\"><h3 class=\"vortrag\">Presse und TV-Beitr\u00e4ge 2012<\/h3><h4 class=\"titel-vortrag\">Der V-Effekt\u2013 von der Faltenkorrektur zum Volumen<\/h4><p>Face International magazine of orofacial esthetics, 2\/2012, Oemus Verlag<\/p><p>\u00bb <a title=\"Artikel &#039;Der V-Effekt\u2013 von der Faltenkorrektur zum Volumen&#039; lesen\" href=\"https:\/\/dr-montanari.de\/presse\/der-v-effekt-von-der-faltenkorrektur-zum-volumen-face-2012-02\/\">Artikel Der V-Effekt\u2013 von der Faltenkorrektur zum Volumen lesen<\/a><\/p><div class=\"presse\"><hr \/><\/div><h4 class=\"titel-vortrag\">Der interessante Fall: Kombinationsbehandlung \u2013 Kleine Alternative zum Facelift<\/h4><p>\u00c4sthetikaForum, Februar 2012<\/p><p>\u00bb <a title=\"Artikel &#039;Der interessante Fall: Kombinationsbehandlung \u2013 Kleine Alternative zum Facelift&#039; lesen\" href=\"https:\/\/dr-montanari.de\/presse\/kombinationsbehandlung-kleine-alternative-zum-facelift-aesthetika-forum-2012-02\/\">Artikel Der interessante Fall: Kombinationsbehandlung lesen<\/a><\/p><div class=\"presse\"><hr \/><\/div><h4 class=\"titel-vortrag\">Das Geheimnis von Attraktivit\u00e4t und Ausstrahlung<\/h4><p>Wurst K\u00f6nig, 01\/2011<\/p><p>\u00bb <a title=\"Artikel &#039;Das Geheimnis von Attraktivit\u00e4t und Ausstrahlung&#039; lesen\" href=\"https:\/\/dr-montanari.de\/presse\/das-geheimnis-von-attraktivitaet-und-ausstrahlung-wurst-koenig-2011-01\/\">Artikel Das Geheimnis von Attraktivit\u00e4t und Ausstrahlung lesen<\/a><\/p><div class=\"presse\"><hr \/><\/div><h4 class=\"titel-vortrag\">Film ab \u2013 Kamerateam bei Dr. Michaela Montanari<\/h4><p>Stiepeler Bote, 12\/2012<\/p><div class=\"presse\"><hr \/><\/div><h4 class=\"titel-vortrag\">Film Praxis Dr. Montanari\u201c<br \/>-Verlag 12\/2012<\/h4><div class=\"lyte-wrapper fourthree\" style=\"width:640px;max-width:100%;margin:5px auto;\"><div class=\"lyMe\" id=\"WYL_FC_-9FIxT0Q\"><div id=\"lyte_FC_-9FIxT0Q\" data-src=\"https:\/\/dr-montanari.de\/wp-content\/plugins\/wp-youtube-lyte\/lyteCache.php?origThumbUrl=%2F%2Fi.ytimg.com%2Fvi%2FFC_-9FIxT0Q%2Fhqdefault.jpg\" class=\"pL\"><div class=\"tC\"><div class=\"tT\"><\/div><\/div><div class=\"play\"><\/div><div class=\"ctrl\"><div class=\"Lctrl\"><\/div><div class=\"Rctrl\"><\/div><\/div><\/div><noscript><a href=\"https:\/\/youtu.be\/FC_-9FIxT0Q\" rel=\"nofollow noopener\" target=\"_blank\"><img loading=\"lazy\" decoding=\"async\" src=\"https:\/\/dr-montanari.de\/wp-content\/plugins\/wp-youtube-lyte\/lyteCache.php?origThumbUrl=https%3A%2F%2Fi.ytimg.com%2Fvi%2FFC_-9FIxT0Q%2F0.jpg\" alt=\"YouTube video thumbnail\" width=\"640\" height=\"460\" \/><br \/>Watch this video on YouTube<\/a><\/noscript><\/div><\/div><div class=\"lL\" style=\"max-width:100%;width:640px;margin:5px auto;\"><\/div><\/p><div class=\"presse\"><hr \/><\/div><h4 class=\"titel-vortrag\">Praxis erh\u00e4lt Qualit\u00e4tssiegel<\/h4><p>WAZ Bochum, 27.10.2012<\/p><p>\u00bb <a title=\"Artikel &#039;Praxis erh\u00e4lt Qualit\u00e4tssiegel&#039; lesen\" href=\"https:\/\/dr-montanari.de\/uploads\/presse\/waz-2012-10-27-praxis-erhaelt-qualitaetssiegel-dr-montanari-ausgezeichnet.gif\">Artikel Praxis erh\u00e4lt Qualit\u00e4tssiegel lesen<\/a><\/p><div class=\"presse\"><hr \/><\/div><h4 class=\"titel-vortrag\">DER V-EFFEKT \u2026und beste kosmetische Ergebnisse<\/h4><p>MY BEAUTY Nr.1 Sommer 2012, Sonderbeilage in myself 10\/12<\/p><p>\u00bb <a title=\"Artikel &#039;DER V-EFFEKT \u2026und beste kosmetische Ergebnisse&#039; lesen\" href=\"https:\/\/dr-montanari.de\/presse\/der-v-effekt-von-der-faltenkorrektur-zum-volumen-face-2012-02\/\">Artikel V-Effekt lesen<\/a><\/p><div class=\"presse\"><hr \/><\/div><h4 class=\"titel-vortrag\">Von Frau zu Frau &#8211; 1 Jahr Praxis Dr. Montanari<\/h4><p>Der Ehrenfelder, 06\/2012<\/p><p>\u00bb <a title=\"Artikel &#039;Von Frau zu Frau - 1 Jahr Praxis Dr. Montanari&#039; lesen\" href=\"https:\/\/dr-montanari.de\/uploads\/presse\/der-ehrenfelder-2012-06-von-frau-zu-frau-ein-jahr-praxis-dr-montanari.jpg\">Artikel Von Frau zu Frau &#8211; 1 Jahr Praxis Dr. Montanari lesen<\/a><\/p><div class=\"presse\"><hr \/><\/div><h4 class=\"titel-vortrag\">Von Frau zu Frau &#8211; 1 Jahr Praxis Dr. Montanari<\/h4><p>Stiepeler Bote, 06\/2012<\/p><div class=\"presse\"><hr \/><\/div><h4 class=\"titel-vortrag\">Plastische Chirurgin Dr. Michaela Montanari referierte in der Augenklinik Ahaus &#8211; Botox auch f\u00fcr Augen\u00e4rzte ein Thema?<\/h4><p>Pressemitteilung: 03\/2012, Ruth W\u00fcrz<\/p><div class=\"presse\"><hr \/><\/div><h4 class=\"titel-vortrag\">Plastische und \u00c4sthetische Chirurgie &#8211; Von Frau zu Frau<\/h4><p>in RHEIN-RUHR-MAGAZIN AUSGABE 3-12<\/p><p>\u00bb <a href=\"https:\/\/dr-montanari.de\/uploads\/presse\/pdf\/rhein-ruhr-magazin-2012-ausgabe-3-12-von-frau-zu-frau-plastische-und-aesthetische-chirurgie.pdf\">Artikel Plastische und \u00c4sthetische Chirurgie &#8211; Von Frau zu Frau lesen<\/a><\/p><div class=\"presse\"><hr \/><\/div><h4 class=\"titel-vortrag\">Auch in NRW Billig-Implantate<\/h4><p>Rheinische Post, Wolfram Goertz, 04.01.2012<\/p><div class=\"presse\"><hr \/><\/div><h4 class=\"titel-vortrag\">Brustskandal weitet sich aus<\/h4><p>WAZ, 03.01.2012, J\u00fcrgen Stahl<\/p><\/div>\n\t\t\t\t\t\t\t\t\t<div class=\"elementor-tab-title elementor-tab-mobile-title\" aria-selected=\"false\" data-tab=\"16\" role=\"tab\" tabindex=\"-1\" aria-controls=\"elementor-tab-content-49016\" aria-expanded=\"false\">2011<\/div>\n\t\t\t\t\t<div id=\"elementor-tab-content-49016\" class=\"elementor-tab-content elementor-clearfix\" data-tab=\"16\" role=\"tabpanel\" aria-labelledby=\"elementor-tab-title-49016\" tabindex=\"0\" hidden=\"hidden\"><h3 class=\"vortrag\">Presse und TV-Beitr\u00e4ge 2011<\/h3><h4 class=\"titel-vortrag\">Faltenbehandlung &#8211; Was geht wo am besten?<\/h4><p>Dermatologie &amp; Plastische Chirurgie 4 I 2011<\/p><p>\u00bb <a title=\"Artikel \u201eFaltenbehandlung - Was geht wo am besten?\u201c lesen\" href=\"https:\/\/dr-montanari.de\/presse\/faltenbehandlung-was-geht-wo-am-besten-dermatologie-und-plastische-chirurgie-4-2011\/\">Artikel<br \/>&#8222;Faltenbehandlung &#8211; wo am besten&#8220; lesen<\/a><\/p><div class=\"presse\"><hr \/><\/div><h4 class=\"titel-vortrag\">Sch\u00f6nheit kommt nicht nur von innen<\/h4><p>Woman In The City 11.2011, Seite 30<\/p><p>\u00bb <a title=\"Artikel \u201eSch\u00f6nheit kommt nicht nur von innen\u201c lesen\" href=\"https:\/\/dr-montanari.de\/presse\/schoenheit-kommt-nicht-nur-von-innen-women-in-the-city-2011-11\/\">Artikel Sch\u00f6nheit kommt nicht nur von innen lesen<\/a><\/p><div class=\"presse\"><hr \/><\/div><h4 class=\"titel-vortrag\">Der V-Effekt &#8211; Volumensubstitution bringt dem Gesicht jugendliches Aussehen zur\u00fcck<\/h4><p>\u00c4sthetikaForum August 2011<\/p><p>\u00bb <a title=\"Artikel \u201eDer V-Effekt - Volumensubstitution bringt dem Gesicht jugendliches Aussehen zur\u00fcck\u201c lesen\" href=\"https:\/\/dr-montanari.de\/presse\/der-v-effekt-volumensubstitution-bringt-gesicht-jugendliches-aussehen-zurueck-aesthetika-forum-08-2011\/\">Artikel V-Effekt lesen<\/a><\/p><div class=\"presse\"><hr \/><\/div><h4 class=\"titel-vortrag\">Chirurgin neu im Landesvorstand<\/h4><p>WAZ, 07.12.2011<\/p><div class=\"presse\"><hr \/><\/div><h4 class=\"titel-vortrag\">Eine Frau im Dienste der Sch\u00f6nheit<\/h4><p>WAZ, 27.10.2011, Wiebke Rasmussen<\/p><div class=\"presse\"><hr \/><\/div><h4 class=\"titel-vortrag\">Der V-Effekt &#8211; Volumensubstitution bringt dem Gesicht jugendliches Aussehen zur\u00fcck<\/h4><p>\u00c4sthetikaForum August 2011<\/p><p>\u00bb <a title=\"Artikel \u201eDer V-Effekt - Volumensubstitution bringt dem Gesicht jugendliches Aussehen zur\u00fcck\u201c lesen\" href=\"https:\/\/dr-montanari.de\/presse\/der-v-effekt-volumensubstitution-bringt-gesicht-jugendliches-aussehen-zurueck-aesthetika-forum-08-2011\/\">Artikel V-Effekt lesen<\/a><\/p><div class=\"presse\"><hr \/><\/div><h4 class=\"titel-vortrag\">Sch\u00f6ne und straffe Haut<\/h4><p>Der Ehrenfelder, 05\/2011<\/p><div class=\"presse\"><hr \/><\/div><h4 class=\"titel-vortrag\">Neue Praxis er\u00f6ffnet<\/h4><p>Stiepeler Bote, 05\/2011<\/p><div class=\"presse\"><hr \/><\/div><h4 class=\"titel-vortrag\">Sch\u00f6nheit kommt nicht nur von innen<\/h4><p>Der Ehrenfelder, 04\/2011<\/p><div class=\"presse\"><hr \/><\/div><h4 class=\"titel-vortrag\">Plastische und \u00c4sthetische Chirurgie auf h\u00f6chstem Niveau<\/h4><p>Zeitung von Juwelier Marc<\/p><div class=\"presse\"><hr \/><\/div><h4 class=\"titel-vortrag\">Sch\u00f6ne und straffe Haut<\/h4><p>Der Ehrenfelder, 05\/2011<\/p><div class=\"presse\"><hr \/><\/div><h4 class=\"titel-vortrag\">Das nat\u00fcrliche Aussehen<\/h4><p>Die Ruhrhalbinsel 02\/2011<\/p><div class=\"presse\"><hr \/><\/div><h4 class=\"titel-vortrag\">Gesund &amp; sch\u00f6n? und \u201eErhalt nat\u00fcrlicher Sch\u00f6nheit\u201c<\/h4><p>Gesund in Bochum 2011<\/p><\/div>\n\t\t\t\t\t\t\t\t\t<div class=\"elementor-tab-title elementor-tab-mobile-title\" aria-selected=\"false\" data-tab=\"17\" role=\"tab\" tabindex=\"-1\" aria-controls=\"elementor-tab-content-49017\" aria-expanded=\"false\">2010<\/div>\n\t\t\t\t\t<div id=\"elementor-tab-content-49017\" class=\"elementor-tab-content elementor-clearfix\" data-tab=\"17\" role=\"tabpanel\" aria-labelledby=\"elementor-tab-title-49017\" tabindex=\"0\" hidden=\"hidden\"><h3 class=\"vortrag\">Presse und TV-Beitr\u00e4ge 2010<\/h3><h4 class=\"titel-vortrag\">Komplikationen durch permanente Filler im Gesicht \u2013 Alternativen<\/h4><p>Plastische Chirurgie 06\/2010, Kaden-Verlag<\/p><p>\u00bb <a title=\"Artikel \u201eKomplikationen durch permanente Filler im Gesicht \u2013 Alternativen\u201c lesen\" href=\"https:\/\/dr-montanari.de\/presse\/komplikationen-durch-permanente-filler-im-gesicht-alternativen-plastische-chirurgie-2010-06\/\">Artikel Komplikationen durch permanente Filler im Gesicht \u2013 Alternativen lesen<\/a><\/p><div class=\"presse\"><hr \/><\/div><h4 class=\"titel-vortrag\">Komplikationen durch permanente Filler im Gesicht<\/h4><p>Face International magazine of orofacial esthetics, 3\/2010, Oemus Verlag<\/p><p>\u00bb <a title=\"Artikel \u201eKomplikationen durch permanente Filler im Gesicht\u201c lesen\" href=\"https:\/\/dr-montanari.de\/presse\/komplikationen-durch-permanente-Filler-im-gesicht-alternativen-face-2010-03\/\">Artikel Komplikationen durch permanente Filler lesen<\/a><\/p><\/div>\n\t\t\t\t\t\t\t<\/div>\n\t\t<\/div>\n\t\t\t\t\t\t<\/div>\n\t\t\t\t\t<\/div>\n\t\t<\/div>\n\t\t\t\t\t<\/div>\n\t\t<\/section>\n\t\t\t\t<\/div>\n\t\t","protected":false},"excerpt":{"rendered":"<p>Presse und TV-Beitr\u00e4ge Aktuelles aus der Praxis Presse \/ TV \/ etc. Vortr\u00e4ge &amp; Workshops RTL WDR STERN FOCUS NDR BILD BILD DER FRAU VOGUE Alle Pressebeitr\u00e4ge Allgemeiner Hinweis Bitte beachten Sie: Fernsehsender, Radiosender oder Zeitschriften stellen Ihre Beitr\u00e4ge nur zeitlich begrenzt in ihren Mediatheken zur Verf\u00fcgung. Da sie auch lizenzrechtlichen Vorschriften bzw. dem Urheberrecht [&hellip;]<\/p>\n","protected":false},"author":1,"featured_media":2375,"parent":108,"menu_order":0,"comment_status":"closed","ping_status":"closed","template":"","meta":{"footnotes":""},"class_list":["post-276","page","type-page","status-publish","has-post-thumbnail","hentry"],"_links":{"self":[{"href":"https:\/\/dr-montanari.de\/en\/wp-json\/wp\/v2\/pages\/276","targetHints":{"allow":["GET"]}}],"collection":[{"href":"https:\/\/dr-montanari.de\/en\/wp-json\/wp\/v2\/pages"}],"about":[{"href":"https:\/\/dr-montanari.de\/en\/wp-json\/wp\/v2\/types\/page"}],"author":[{"embeddable":true,"href":"https:\/\/dr-montanari.de\/en\/wp-json\/wp\/v2\/users\/1"}],"replies":[{"embeddable":true,"href":"https:\/\/dr-montanari.de\/en\/wp-json\/wp\/v2\/comments?post=276"}],"version-history":[{"count":15,"href":"https:\/\/dr-montanari.de\/en\/wp-json\/wp\/v2\/pages\/276\/revisions"}],"predecessor-version":[{"id":14881,"href":"https:\/\/dr-montanari.de\/en\/wp-json\/wp\/v2\/pages\/276\/revisions\/14881"}],"up":[{"embeddable":true,"href":"https:\/\/dr-montanari.de\/en\/wp-json\/wp\/v2\/pages\/108"}],"wp:featuredmedia":[{"embeddable":true,"href":"https:\/\/dr-montanari.de\/en\/wp-json\/wp\/v2\/media\/2375"}],"wp:attachment":[{"href":"https:\/\/dr-montanari.de\/en\/wp-json\/wp\/v2\/media?parent=276"}],"curies":[{"name":"wp","href":"https:\/\/api.w.org\/{rel}","templated":true}]}}